{"id":97448,"date":"2026-06-17T16:45:32","date_gmt":"2026-06-17T20:45:32","guid":{"rendered":"https:\/\/yesmontreal.ca\/event\/know-your-rights-at-work-in-quebec\/"},"modified":"2026-08-25T14:54:23","modified_gmt":"2026-08-25T18:54:23","slug":"connaitre-ses-droits-au-travail-au-quebec","status":"publish","type":"tribe_events","link":"https:\/\/yesmontreal.ca\/fr\/event\/connaitre-ses-droits-au-travail-au-quebec\/","title":{"rendered":"Conna\u00eetre ses droits : comprendre la Charte \u2013 Gagner en confiance et s\u2019orienter au travail avec clart\u00e9"},"content":{"rendered":"<h1><img decoding=\"async\" class=\"alignnone wp-image-99713 size-full\" src=\"https:\/\/yesmontreal.ca\/wp-content\/uploads\/know-your-rights.jpg\" alt=\"\" width=\"1435\" height=\"946\" \/><\/h1>\n<h1>Conna\u00eetre vos droits : comprendre la Charte, renforcer votre confiance et \u00e9voluer au travail avec clart\u00e9<\/h1>\n<p>Vous avez l\u2019impression qu\u2019une situation au travail est injuste, sans savoir quels sont vos droits ni quoi faire?<\/p>\n<p>Si vous avez d\u00e9j\u00e0 remis en question une situation au travail, vous n\u2019\u00eates pas seul\u00b7e. Cette s\u00e9ance, <strong>Conna\u00eetre ses droits au travail au Qu\u00e9bec \u2014 Comprendre la Charte et passer \u00e0 l\u2019action<\/strong>, vous aide \u00e0 comprendre comment vos droits s\u2019appliquent concr\u00e8tement afin de r\u00e9agir avec plus de clart\u00e9 et de confiance.<\/p>\n<p>On entend souvent parler de \u00ab droits \u00bb, mais sans toujours comprendre ce que cela signifie au quotidien. Cet atelier d\u00e9mystifie la <strong>Charte des droits et libert\u00e9s de la personne du Qu\u00e9bec<\/strong> de fa\u00e7on simple et pratique \u2014 pour que vous ne soyez plus dans l\u2019incertitude lorsque quelque chose semble inhabituel ou injuste.<\/p>\n<h2>Pourquoi c\u2019est important<\/h2>\n<p>L\u2019incertitude au travail peut entra\u00eener du stress et de l\u2019h\u00e9sitation. Conna\u00eetre vos droits vous permet d\u2019identifier plus rapidement les situations probl\u00e9matiques et de prendre des d\u00e9cisions \u00e9clair\u00e9es.<\/p>\n<p>Nous aborderons des situations concr\u00e8tes que vous pourriez r\u00e9ellement rencontrer, comme la discrimination ou les traitements injustes li\u00e9s \u00e0 la race, au genre, \u00e0 l\u2019\u00e2ge, au handicap, \u00e0 la religion et plus encore.<\/p>\n<h2>Ce que vous apprendrez<\/h2>\n<ul>\n<li><strong>Comprendre vos droits<\/strong> \u00e0 l\u2019embauche et en milieu de travail<\/li>\n<li><strong>Reconna\u00eetre la discrimination<\/strong>, le harc\u00e8lement et les traitements injustes<\/li>\n<li><strong>Gagner en confiance<\/strong> face \u00e0 des situations difficiles<\/li>\n<li><strong>Savoir vers qui vous tourner<\/strong> pour obtenir du soutien<\/li>\n<\/ul>\n<h3>Concret et facile \u00e0 appliquer<\/h3>\n<p>Cette s\u00e9ance est ax\u00e9e sur des situations r\u00e9elles. Vous repartirez avec des outils pratiques et des connaissances que vous pourrez appliquer imm\u00e9diatement.<\/p>\n<p>\u00c0 la fin, vous aurez une meilleure compr\u00e9hension de vos droits au travail et vous vous sentirez mieux outill\u00e9\u00b7e pour agir en toute confiance.<\/p>\n<h2>D\u00e9tails de l\u2019atelier<\/h2>\n<ul>\n<li><strong>Animatrice :<\/strong> Fei Huang, agente d\u2019information juridique<\/li>\n<li><strong>Format :<\/strong> Atelier en ligne (webinaire en direct)<\/li>\n<li><strong>Langue :<\/strong> Anglais<\/li>\n<li><strong>Inscription :<\/strong> Inscription pr\u00e9alable requise<\/li>\n<\/ul>\n<p>Apr\u00e8s votre inscription, vous recevrez un courriel avec les instructions pour vous connecter. Si vous ne le voyez pas, v\u00e9rifiez votre dossier de courriels ind\u00e9sirables.<\/p>\n<h2>R\u00e9servez votre place d\u00e8s aujourd\u2019hui<\/h2>\n<div class=\"eventRegistration\"><strong><a href=\"https:\/\/www.eventbrite.ca\/e\/know-your-rights-understand-the-charter-navigate-work-clearly-tickets-1998798889284\" target=\"_blank\" rel=\"noopener\">Je m\u2019inscris<\/a><\/strong><\/div>\n<p>L\u2019inscription est obligatoire. Cet atelier est offert en ligne, en direct, et pr\u00e9sent\u00e9 en anglais.<\/p>\n<p>Pour en savoir plus sur nos services pour les chercheurs d\u2019emploi, <strong><a href=\"https:\/\/yesmontreal.ca\/fr\/emploi\/\" target=\"_blank\" rel=\"noopener\">cliquez ici<\/a><\/strong>.<\/p>\n","protected":false},"excerpt":{"rendered":"<p>Apprenez vos droits au travail au Qu\u00e9bec, comprenez la Charte, reconnaissez la discrimination et sachez comment r\u00e9agir avec confiance.<\/p>\n","protected":false},"author":10,"featured_media":0,"template":"","meta":{"_et_pb_use_builder":"","_et_pb_old_content":"","_et_gb_content_width":"","_tribe_events_status":"","_tribe_events_status_reason":"","_tribe_events_is_hybrid":"","_tribe_events_is_virtual":"","_tribe_events_virtual_video_source":"","_tribe_events_virtual_embed_video":"","_tribe_events_virtual_linked_button_text":"","_tribe_events_virtual_linked_button":"","_tribe_events_virtual_show_embed_at":"","_tribe_events_virtual_show_embed_to":[],"_tribe_events_virtual_show_on_event":"","_tribe_events_virtual_show_on_views":"","_tribe_events_virtual_url":"","footnotes":""},"tags":[1179,320,333],"tribe_events_cat":[281,344,283,284],"class_list":["post-97448","tribe_events","type-tribe_events","status-publish","hentry","tag-employment-law","tag-lemploi","tag-session-dinformation","tribe_events_cat-daytime-fr","tribe_events_cat-employment-fr","tribe_events_cat-entrepreneurship-fr","tribe_events_cat-virtual-fr","cat_daytime-fr","cat_employment-fr","cat_entrepreneurship-fr","cat_virtual-fr"],"yoast_head":"<!-- This site is optimized with the Yoast SEO plugin v28.4 - https:\/\/yoast.com\/product\/yoast-seo-wordpress\/ -->\n<title>Conna\u00eetre ses droits au travail au Qu\u00e9bec<\/title>\n<meta name=\"description\" content=\"Apprenez vos droits au travail au Qu\u00e9bec, comprenez la Charte, reconnaissez la discrimination et sachez comment r\u00e9agir avec confiance.\" \/>\n<meta name=\"robots\" content=\"index, follow, max-snippet:-1, max-image-preview:large, max-video-preview:-1\" \/>\n<link rel=\"canonical\" href=\"https:\/\/yesmontreal.ca\/fr\/event\/connaitre-ses-droits-au-travail-au-quebec\/\" \/>\n<meta property=\"og:locale\" content=\"fr_FR\" \/>\n<meta property=\"og:type\" content=\"article\" \/>\n<meta property=\"og:title\" content=\"Conna\u00eetre ses droits au travail au Qu\u00e9bec\" \/>\n<meta property=\"og:description\" content=\"Apprenez vos droits au travail au Qu\u00e9bec, comprenez la Charte, reconnaissez la discrimination et sachez comment r\u00e9agir avec confiance.\" \/>\n<meta property=\"og:url\" content=\"https:\/\/yesmontreal.ca\/fr\/event\/connaitre-ses-droits-au-travail-au-quebec\/\" \/>\n<meta property=\"og:site_name\" content=\"YES Employment and Entrepreneurship\" \/>\n<meta property=\"article:publisher\" content=\"https:\/\/www.facebook.com\/yes.montreal\" \/>\n<meta property=\"article:modified_time\" content=\"2026-08-25T18:54:23+00:00\" \/>\n<meta property=\"og:image\" content=\"https:\/\/yesmontreal.ca\/wp-content\/uploads\/know-your-rights.jpg\" \/>\n\t<meta property=\"og:image:width\" content=\"1435\" \/>\n\t<meta property=\"og:image:height\" content=\"946\" \/>\n\t<meta property=\"og:image:type\" content=\"image\/jpeg\" \/>\n<meta name=\"twitter:card\" content=\"summary_large_image\" \/>\n<meta name=\"twitter:site\" content=\"@YESMontreal\" \/>\n<meta name=\"twitter:label1\" content=\"Dur\u00e9e de lecture estim\u00e9e\" \/>\n\t<meta name=\"twitter:data1\" content=\"2 minutes\" \/>\n<script type=\"application\/ld+json\" class=\"yoast-schema-graph\">{\"@context\":\"https:\\\/\\\/schema.org\",\"@graph\":[{\"@type\":\"WebPage\",\"@id\":\"https:\\\/\\\/yesmontreal.ca\\\/fr\\\/event\\\/connaitre-ses-droits-au-travail-au-quebec\\\/\",\"url\":\"https:\\\/\\\/yesmontreal.ca\\\/fr\\\/event\\\/connaitre-ses-droits-au-travail-au-quebec\\\/\",\"name\":\"Conna\u00eetre ses droits au travail au Qu\u00e9bec\",\"isPartOf\":{\"@id\":\"https:\\\/\\\/yesmontreal.ca\\\/#website\"},\"primaryImageOfPage\":{\"@id\":\"https:\\\/\\\/yesmontreal.ca\\\/fr\\\/event\\\/connaitre-ses-droits-au-travail-au-quebec\\\/#primaryimage\"},\"image\":{\"@id\":\"https:\\\/\\\/yesmontreal.ca\\\/fr\\\/event\\\/connaitre-ses-droits-au-travail-au-quebec\\\/#primaryimage\"},\"thumbnailUrl\":\"https:\\\/\\\/yesmontreal.ca\\\/wp-content\\\/uploads\\\/know-your-rights.jpg\",\"datePublished\":\"2026-06-17T20:45:32+00:00\",\"dateModified\":\"2026-08-25T18:54:23+00:00\",\"description\":\"Apprenez vos droits au travail au Qu\u00e9bec, comprenez la Charte, reconnaissez la discrimination et sachez comment r\u00e9agir avec confiance.\",\"breadcrumb\":{\"@id\":\"https:\\\/\\\/yesmontreal.ca\\\/fr\\\/event\\\/connaitre-ses-droits-au-travail-au-quebec\\\/#breadcrumb\"},\"inLanguage\":\"fr-FR\",\"potentialAction\":[{\"@type\":\"ReadAction\",\"target\":[\"https:\\\/\\\/yesmontreal.ca\\\/fr\\\/event\\\/connaitre-ses-droits-au-travail-au-quebec\\\/\"]}]},{\"@type\":\"ImageObject\",\"inLanguage\":\"fr-FR\",\"@id\":\"https:\\\/\\\/yesmontreal.ca\\\/fr\\\/event\\\/connaitre-ses-droits-au-travail-au-quebec\\\/#primaryimage\",\"url\":\"https:\\\/\\\/yesmontreal.ca\\\/wp-content\\\/uploads\\\/know-your-rights.jpg\",\"contentUrl\":\"https:\\\/\\\/yesmontreal.ca\\\/wp-content\\\/uploads\\\/know-your-rights.jpg\"},{\"@type\":\"BreadcrumbList\",\"@id\":\"https:\\\/\\\/yesmontreal.ca\\\/fr\\\/event\\\/connaitre-ses-droits-au-travail-au-quebec\\\/#breadcrumb\",\"itemListElement\":[{\"@type\":\"ListItem\",\"position\":1,\"name\":\"Home\",\"item\":\"https:\\\/\\\/yesmontreal.ca\\\/fr\\\/\"},{\"@type\":\"ListItem\",\"position\":2,\"name\":\"Events\",\"item\":\"https:\\\/\\\/yesmontreal.ca\\\/events\\\/\"},{\"@type\":\"ListItem\",\"position\":3,\"name\":\"Conna\u00eetre ses droits : comprendre la Charte \u2013 Gagner en confiance et s\u2019orienter au travail avec clart\u00e9\"}]},{\"@type\":\"WebSite\",\"@id\":\"https:\\\/\\\/yesmontreal.ca\\\/#website\",\"url\":\"https:\\\/\\\/yesmontreal.ca\\\/\",\"name\":\"YES Employment and Entrepreneurship\",\"description\":\"Free Employment and Entrepreneurship services in Quebec\",\"publisher\":{\"@id\":\"https:\\\/\\\/yesmontreal.ca\\\/#organization\"},\"potentialAction\":[{\"@type\":\"SearchAction\",\"target\":{\"@type\":\"EntryPoint\",\"urlTemplate\":\"https:\\\/\\\/yesmontreal.ca\\\/?s={search_term_string}\"},\"query-input\":{\"@type\":\"PropertyValueSpecification\",\"valueRequired\":true,\"valueName\":\"search_term_string\"}}],\"inLanguage\":\"fr-FR\"},{\"@type\":\"Organization\",\"@id\":\"https:\\\/\\\/yesmontreal.ca\\\/#organization\",\"name\":\"YES Employment + Entrepreneurship\",\"alternateName\":\"YES Montreal\",\"url\":\"https:\\\/\\\/yesmontreal.ca\\\/\",\"logo\":{\"@type\":\"ImageObject\",\"inLanguage\":\"fr-FR\",\"@id\":\"https:\\\/\\\/yesmontreal.ca\\\/#\\\/schema\\\/logo\\\/image\\\/\",\"url\":\"https:\\\/\\\/yesmontreal.ca\\\/wp-content\\\/uploads\\\/Screen-Shot-2021-03-04-at-2.59.30-PM.png\",\"contentUrl\":\"https:\\\/\\\/yesmontreal.ca\\\/wp-content\\\/uploads\\\/Screen-Shot-2021-03-04-at-2.59.30-PM.png\",\"width\":636,\"height\":308,\"caption\":\"YES Employment + Entrepreneurship\"},\"image\":{\"@id\":\"https:\\\/\\\/yesmontreal.ca\\\/#\\\/schema\\\/logo\\\/image\\\/\"},\"sameAs\":[\"https:\\\/\\\/www.facebook.com\\\/yes.montreal\",\"https:\\\/\\\/x.com\\\/YESMontreal\",\"https:\\\/\\\/www.instagram.com\\\/yesmontreal\\\/\",\"http:\\\/\\\/ca.linkedin.com\\\/in\\\/yesmontreal\",\"https:\\\/\\\/www.youtube.com\\\/user\\\/YESMontreal\"]}]}<\/script>\n<!-- \/ Yoast SEO plugin. -->","yoast_head_json":{"title":"Conna\u00eetre ses droits au travail au Qu\u00e9bec","description":"Apprenez vos droits au travail au Qu\u00e9bec, comprenez la Charte, reconnaissez la discrimination et sachez comment r\u00e9agir avec confiance.","robots":{"index":"index","follow":"follow","max-snippet":"max-snippet:-1","max-image-preview":"max-image-preview:large","max-video-preview":"max-video-preview:-1"},"canonical":"https:\/\/yesmontreal.ca\/fr\/event\/connaitre-ses-droits-au-travail-au-quebec\/","og_locale":"fr_FR","og_type":"article","og_title":"Conna\u00eetre ses droits au travail au Qu\u00e9bec","og_description":"Apprenez vos droits au travail au Qu\u00e9bec, comprenez la Charte, reconnaissez la discrimination et sachez comment r\u00e9agir avec confiance.","og_url":"https:\/\/yesmontreal.ca\/fr\/event\/connaitre-ses-droits-au-travail-au-quebec\/","og_site_name":"YES Employment and Entrepreneurship","article_publisher":"https:\/\/www.facebook.com\/yes.montreal","article_modified_time":"2026-08-25T18:54:23+00:00","og_image":[{"width":1435,"height":946,"url":"https:\/\/yesmontreal.ca\/wp-content\/uploads\/know-your-rights.jpg","type":"image\/jpeg"}],"twitter_card":"summary_large_image","twitter_site":"@YESMontreal","twitter_misc":{"Dur\u00e9e de lecture estim\u00e9e":"2 minutes"},"schema":{"@context":"https:\/\/schema.org","@graph":[{"@type":"WebPage","@id":"https:\/\/yesmontreal.ca\/fr\/event\/connaitre-ses-droits-au-travail-au-quebec\/","url":"https:\/\/yesmontreal.ca\/fr\/event\/connaitre-ses-droits-au-travail-au-quebec\/","name":"Conna\u00eetre ses droits au travail au Qu\u00e9bec","isPartOf":{"@id":"https:\/\/yesmontreal.ca\/#website"},"primaryImageOfPage":{"@id":"https:\/\/yesmontreal.ca\/fr\/event\/connaitre-ses-droits-au-travail-au-quebec\/#primaryimage"},"image":{"@id":"https:\/\/yesmontreal.ca\/fr\/event\/connaitre-ses-droits-au-travail-au-quebec\/#primaryimage"},"thumbnailUrl":"https:\/\/yesmontreal.ca\/wp-content\/uploads\/know-your-rights.jpg","datePublished":"2026-06-17T20:45:32+00:00","dateModified":"2026-08-25T18:54:23+00:00","description":"Apprenez vos droits au travail au Qu\u00e9bec, comprenez la Charte, reconnaissez la discrimination et sachez comment r\u00e9agir avec confiance.","breadcrumb":{"@id":"https:\/\/yesmontreal.ca\/fr\/event\/connaitre-ses-droits-au-travail-au-quebec\/#breadcrumb"},"inLanguage":"fr-FR","potentialAction":[{"@type":"ReadAction","target":["https:\/\/yesmontreal.ca\/fr\/event\/connaitre-ses-droits-au-travail-au-quebec\/"]}]},{"@type":"ImageObject","inLanguage":"fr-FR","@id":"https:\/\/yesmontreal.ca\/fr\/event\/connaitre-ses-droits-au-travail-au-quebec\/#primaryimage","url":"https:\/\/yesmontreal.ca\/wp-content\/uploads\/know-your-rights.jpg","contentUrl":"https:\/\/yesmontreal.ca\/wp-content\/uploads\/know-your-rights.jpg"},{"@type":"BreadcrumbList","@id":"https:\/\/yesmontreal.ca\/fr\/event\/connaitre-ses-droits-au-travail-au-quebec\/#breadcrumb","itemListElement":[{"@type":"ListItem","position":1,"name":"Home","item":"https:\/\/yesmontreal.ca\/fr\/"},{"@type":"ListItem","position":2,"name":"Events","item":"https:\/\/yesmontreal.ca\/events\/"},{"@type":"ListItem","position":3,"name":"Conna\u00eetre ses droits : comprendre la Charte \u2013 Gagner en confiance et s\u2019orienter au travail avec clart\u00e9"}]},{"@type":"WebSite","@id":"https:\/\/yesmontreal.ca\/#website","url":"https:\/\/yesmontreal.ca\/","name":"YES Employment and Entrepreneurship","description":"Free Employment and Entrepreneurship services in Quebec","publisher":{"@id":"https:\/\/yesmontreal.ca\/#organization"},"potentialAction":[{"@type":"SearchAction","target":{"@type":"EntryPoint","urlTemplate":"https:\/\/yesmontreal.ca\/?s={search_term_string}"},"query-input":{"@type":"PropertyValueSpecification","valueRequired":true,"valueName":"search_term_string"}}],"inLanguage":"fr-FR"},{"@type":"Organization","@id":"https:\/\/yesmontreal.ca\/#organization","name":"YES Employment + Entrepreneurship","alternateName":"YES Montreal","url":"https:\/\/yesmontreal.ca\/","logo":{"@type":"ImageObject","inLanguage":"fr-FR","@id":"https:\/\/yesmontreal.ca\/#\/schema\/logo\/image\/","url":"https:\/\/yesmontreal.ca\/wp-content\/uploads\/Screen-Shot-2021-03-04-at-2.59.30-PM.png","contentUrl":"https:\/\/yesmontreal.ca\/wp-content\/uploads\/Screen-Shot-2021-03-04-at-2.59.30-PM.png","width":636,"height":308,"caption":"YES Employment + Entrepreneurship"},"image":{"@id":"https:\/\/yesmontreal.ca\/#\/schema\/logo\/image\/"},"sameAs":["https:\/\/www.facebook.com\/yes.montreal","https:\/\/x.com\/YESMontreal","https:\/\/www.instagram.com\/yesmontreal\/","http:\/\/ca.linkedin.com\/in\/yesmontreal","https:\/\/www.youtube.com\/user\/YESMontreal"]}]}},"_links":{"self":[{"href":"https:\/\/yesmontreal.ca\/fr\/wp-json\/wp\/v2\/tribe_events\/97448","targetHints":{"allow":["GET"]}}],"collection":[{"href":"https:\/\/yesmontreal.ca\/fr\/wp-json\/wp\/v2\/tribe_events"}],"about":[{"href":"https:\/\/yesmontreal.ca\/fr\/wp-json\/wp\/v2\/types\/tribe_events"}],"author":[{"embeddable":true,"href":"https:\/\/yesmontreal.ca\/fr\/wp-json\/wp\/v2\/users\/10"}],"version-history":[{"count":1,"href":"https:\/\/yesmontreal.ca\/fr\/wp-json\/wp\/v2\/tribe_events\/97448\/revisions"}],"predecessor-version":[{"id":99715,"href":"https:\/\/yesmontreal.ca\/fr\/wp-json\/wp\/v2\/tribe_events\/97448\/revisions\/99715"}],"wp:attachment":[{"href":"https:\/\/yesmontreal.ca\/fr\/wp-json\/wp\/v2\/media?parent=97448"}],"wp:term":[{"taxonomy":"post_tag","embeddable":true,"href":"https:\/\/yesmontreal.ca\/fr\/wp-json\/wp\/v2\/tags?post=97448"},{"taxonomy":"tribe_events_cat","embeddable":true,"href":"https:\/\/yesmontreal.ca\/fr\/wp-json\/wp\/v2\/tribe_events_cat?post=97448"}],"curies":[{"name":"wp","href":"https:\/\/api.w.org\/{rel}","templated":true}]}}