{"id":90900,"date":"2025-11-25T16:37:09","date_gmt":"2025-11-25T21:37:09","guid":{"rendered":"https:\/\/yesmontreal.ca\/event\/career-self-assessment-2-2\/"},"modified":"2025-11-25T16:51:39","modified_gmt":"2025-11-25T21:51:39","slug":"evaluation-de-carriere-et-de-soi-2","status":"publish","type":"tribe_events","link":"https:\/\/yesmontreal.ca\/fr\/event\/evaluation-de-carriere-et-de-soi-2\/2026-01-06\/","title":{"rendered":"\u00c9valuation de carri\u00e8re et de soi : Apprenez \u00e0 vous conna\u00eetre pour mieux vous d\u00e9velopper"},"content":{"rendered":"<p><img decoding=\"async\" class=\"size-large wp-image-76804\" src=\"https:\/\/yesmontreal.ca\/wp-content\/uploads\/\/GroupWorkingAtDesk15-1024x683.jpg\" alt=\"group of job seekers learning job search techniques\" width=\"1024\" height=\"683\" \/><\/p>\n<h1><strong>\u00c9valuation de carri\u00e8re et de soi : Apprenez \u00e0 vous conna\u00eetre pour mieux vous d\u00e9velopper<\/strong><\/h1>\n<h2><strong>Commencez par vous conna\u00eetre<\/strong><\/h2>\n<p>L&rsquo;<strong>\u00e9valuation de carri\u00e8re et de soi : apprenez \u00e0 vous conna\u00eetre pour mieux vous d\u00e9velopper<\/strong> est essentielle pour prendre des d\u00e9cisions professionnelles \u00e9clair\u00e9es et align\u00e9es avec vos aspirations, valeurs et forces personnelles. Cette s\u00e9ance vous aidera \u00e0 mieux comprendre votre identit\u00e9 professionnelle, un \u00e9l\u00e9ment cl\u00e9 de la confiance en soi, du bien-\u00eatre et du succ\u00e8s \u00e0 long terme.<\/p>\n<h3><strong>Clarifiez votre direction professionnelle<\/strong><\/h3>\n<p>Gr\u00e2ce \u00e0 des exercices d\u2019auto-\u00e9valuation, vous explorerez vos valeurs, int\u00e9r\u00eats, traits de personnalit\u00e9 et comp\u00e9tences. Ce processus vous permettra de d\u00e9gager une direction claire pour vos prochaines \u00e9tapes professionnelles, que vous d\u00e9butiez votre carri\u00e8re, envisagiez une transition ou souhaitiez progresser dans votre domaine actuel.<\/p>\n<h3><strong>Transformez les connaissances en actions<\/strong><\/h3>\n<p>En plus des exercices d\u2019introspection, vous d\u00e9couvrirez des outils pratiques comme les arbres d\u00e9cisionnels et les entrevues d\u2019information pour appuyer votre r\u00e9flexion. Ces m\u00e9thodes vous aideront \u00e0 transformer vos forces et int\u00e9r\u00eats personnels en strat\u00e9gies concr\u00e8tes.<\/p>\n<h2><strong>Ce que vous allez apprendre :<\/strong><\/h2>\n<ul>\n<li>Comment votre identit\u00e9 influence votre satisfaction au travail<\/li>\n<li>Comment identifier vos valeurs et comp\u00e9tences cl\u00e9s<\/li>\n<li>Comment utiliser des outils d\u2019aide \u00e0 la d\u00e9cision pour faire des choix r\u00e9fl\u00e9chis<\/li>\n<li>Comment tracer une voie de carri\u00e8re coh\u00e9rente avec votre v\u00e9ritable personnalit\u00e9<\/li>\n<\/ul>\n<p>Participez \u00e0 cette s\u00e9ance pour mieux vous conna\u00eetre, prendre le contr\u00f4le de votre avenir professionnel et faire des choix align\u00e9s avec qui vous \u00eates r\u00e9ellement. <strong>Inscrivez-vous d\u00e8s aujourd\u2019hui<\/strong> pour obtenir des outils qui auront un impact durable sur votre cheminement de carri\u00e8re.<\/p>\n<p><em>La s\u00e9ance se terminera par une p\u00e9riode de questions de 30 minutes et la possibilit\u00e9 de prendre un<br \/>\n<\/em><\/p>\n<p>L\u2019inscription pr\u00e9alable est requise.<\/p>\n<div class=\"eventRegistration\"><strong><a href=\"https:\/\/www.eventbrite.ca\/e\/career-self-assessment-know-yourself-to-develop-yourself-tickets-1559754550849\" target=\"_blank\" rel=\"noopener\">Inscrivez-vous d\u00e8s maintenant<\/a><\/strong><\/div>\n<div><\/div>\n<p data-start=\"158\" data-end=\"251\">Cet atelier est offert en ligne sous forme de webinaire en direct et est pr\u00e9sent\u00e9 en anglais.<\/p>\n<p data-start=\"253\" data-end=\"561\">Une fois votre inscription compl\u00e9t\u00e9e, vous recevrez un courriel contenant les instructions de connexion quelques heures avant le d\u00e9but de l\u2019atelier. Veuillez v\u00e9rifier votre dossier de courriers ind\u00e9sirables si vous n\u2019avez pas re\u00e7u le courriel contenant les instructions une heure avant le d\u00e9but de l\u2019atelier.<\/p>\n<p data-start=\"563\" data-end=\"648\">Pour en savoir plus sur nos services pour les chercheur\u00b7euse\u00b7s d\u2019emploi, cliquez <a href=\"https:\/\/yesmontreal.ca\/fr\/emploi\/\" target=\"_blank\" rel=\"noopener\">ici<\/a>.<\/p>\n<p><a href=\"https:\/\/www.canada.ca\/en\/services\/jobs\/training\/initiatives\/skills-success.html\" target=\"_blank\" rel=\"noopener\"><img decoding=\"async\" class=\"alignnone wp-image-88666 size-thumbnail\" src=\"https:\/\/yesmontreal.ca\/wp-content\/uploads\/\/video-en-150x150.jpg\" alt=\"Skills for Success\" width=\"150\" height=\"150\" \/><\/a><\/p>\n","protected":false},"excerpt":{"rendered":"<p>\u00c9valuation de carri\u00e8re et de soi : Apprenez \u00e0 vous conna\u00eetre pour mieux vous d\u00e9velopper et orientez vos d\u00e9cisions professionnelles.<\/p>\n","protected":false},"author":10,"featured_media":0,"template":"","meta":{"_et_pb_use_builder":"","_et_pb_old_content":"","_et_gb_content_width":"","_crdt_document":"","_tribe_events_status":"","_tribe_events_status_reason":"","_tribe_events_is_hybrid":"","_tribe_events_is_virtual":"","_tribe_events_virtual_video_source":"","_tribe_events_virtual_embed_video":"","_tribe_events_virtual_linked_button_text":"","_tribe_events_virtual_linked_button":"","_tribe_events_virtual_show_embed_at":"","_tribe_events_virtual_show_embed_to":[],"_tribe_events_virtual_show_on_event":"","_tribe_events_virtual_show_on_views":"","_tribe_events_virtual_url":"","footnotes":""},"tags":[321,834,478,326,347,342,343,345,333],"tribe_events_cat":[344],"class_list":["post-90900","tribe_events","type-tribe_events","status-publish","hentry","tag-carriere","tag-communication-strategies-fr","tag-competences-en-matiere-de-communication","tag-developpement-de-carriere","tag-entretien-dembauche","tag-job-search-fr","tag-job-seeker-fr","tag-lettre-de-motivation","tag-session-dinformation","tribe_events_cat-employment-fr","cat_employment-fr","tribe-recurring-event","tribe-recurring-event-parent"],"yoast_head":"<!-- This site is optimized with the Yoast SEO plugin v27.4 - https:\/\/yoast.com\/product\/yoast-seo-wordpress\/ -->\n<title>\u00c9valuation de carri\u00e8re et de soi<\/title>\n<meta name=\"description\" content=\"\u00c9valuation de carri\u00e8re et de soi : Apprenez \u00e0 vous conna\u00eetre pour mieux vous d\u00e9velopper et orientez vos d\u00e9cisions professionnelles.\" \/>\n<meta name=\"robots\" content=\"index, follow, max-snippet:-1, max-image-preview:large, max-video-preview:-1\" \/>\n<link rel=\"canonical\" href=\"https:\/\/yesmontreal.ca\/fr\/event\/evaluation-de-carriere-et-de-soi-2\/2026-01-06\/\" \/>\n<meta property=\"og:locale\" content=\"fr_FR\" \/>\n<meta property=\"og:type\" content=\"article\" \/>\n<meta property=\"og:title\" content=\"\u00c9valuation de carri\u00e8re et de soi\" \/>\n<meta property=\"og:description\" content=\"\u00c9valuation de carri\u00e8re et de soi : Apprenez \u00e0 vous conna\u00eetre pour mieux vous d\u00e9velopper et orientez vos d\u00e9cisions professionnelles.\" \/>\n<meta property=\"og:url\" content=\"https:\/\/yesmontreal.ca\/fr\/event\/evaluation-de-carriere-et-de-soi-2\/2026-01-06\/\" \/>\n<meta property=\"og:site_name\" content=\"YES Employment and Entrepreneurship\" \/>\n<meta property=\"article:publisher\" content=\"https:\/\/www.facebook.com\/yes.montreal\" \/>\n<meta property=\"article:modified_time\" content=\"2025-11-25T21:51:39+00:00\" \/>\n<meta property=\"og:image\" content=\"https:\/\/yesmontreal.ca\/wp-content\/uploads\/GroupWorkingAtDesk15-scaled.jpg\" \/>\n\t<meta property=\"og:image:width\" content=\"2000\" \/>\n\t<meta property=\"og:image:height\" content=\"1334\" \/>\n\t<meta property=\"og:image:type\" content=\"image\/jpeg\" \/>\n<meta name=\"twitter:card\" content=\"summary_large_image\" \/>\n<meta name=\"twitter:site\" content=\"@YESMontreal\" \/>\n<meta name=\"twitter:label1\" content=\"Dur\u00e9e de lecture estim\u00e9e\" \/>\n\t<meta name=\"twitter:data1\" content=\"2 minutes\" \/>\n<script type=\"application\/ld+json\" class=\"yoast-schema-graph\">{\"@context\":\"https:\\\/\\\/schema.org\",\"@graph\":[{\"@type\":\"WebPage\",\"@id\":\"https:\\\/\\\/yesmontreal.ca\\\/fr\\\/event\\\/evaluation-de-carriere-et-de-soi-2\\\/2026-01-06\\\/\",\"url\":\"https:\\\/\\\/yesmontreal.ca\\\/fr\\\/event\\\/evaluation-de-carriere-et-de-soi-2\\\/2026-01-06\\\/\",\"name\":\"\u00c9valuation de carri\u00e8re et de soi\",\"isPartOf\":{\"@id\":\"https:\\\/\\\/yesmontreal.ca\\\/#website\"},\"primaryImageOfPage\":{\"@id\":\"https:\\\/\\\/yesmontreal.ca\\\/fr\\\/event\\\/evaluation-de-carriere-et-de-soi-2\\\/2026-01-06\\\/#primaryimage\"},\"image\":{\"@id\":\"https:\\\/\\\/yesmontreal.ca\\\/fr\\\/event\\\/evaluation-de-carriere-et-de-soi-2\\\/2026-01-06\\\/#primaryimage\"},\"thumbnailUrl\":\"https:\\\/\\\/yesmontreal.ca\\\/wp-content\\\/uploads\\\/\\\/GroupWorkingAtDesk15-1024x683.jpg\",\"datePublished\":\"2025-11-25T21:37:09+00:00\",\"dateModified\":\"2025-11-25T21:51:39+00:00\",\"description\":\"\u00c9valuation de carri\u00e8re et de soi : Apprenez \u00e0 vous conna\u00eetre pour mieux vous d\u00e9velopper et orientez vos d\u00e9cisions professionnelles.\",\"breadcrumb\":{\"@id\":\"https:\\\/\\\/yesmontreal.ca\\\/fr\\\/event\\\/evaluation-de-carriere-et-de-soi-2\\\/2026-01-06\\\/#breadcrumb\"},\"inLanguage\":\"fr-FR\",\"potentialAction\":[{\"@type\":\"ReadAction\",\"target\":[\"https:\\\/\\\/yesmontreal.ca\\\/fr\\\/event\\\/evaluation-de-carriere-et-de-soi-2\\\/2026-01-06\\\/\"]}]},{\"@type\":\"ImageObject\",\"inLanguage\":\"fr-FR\",\"@id\":\"https:\\\/\\\/yesmontreal.ca\\\/fr\\\/event\\\/evaluation-de-carriere-et-de-soi-2\\\/2026-01-06\\\/#primaryimage\",\"url\":\"https:\\\/\\\/yesmontreal.ca\\\/wp-content\\\/uploads\\\/\\\/GroupWorkingAtDesk15-1024x683.jpg\",\"contentUrl\":\"https:\\\/\\\/yesmontreal.ca\\\/wp-content\\\/uploads\\\/\\\/GroupWorkingAtDesk15-1024x683.jpg\"},{\"@type\":\"BreadcrumbList\",\"@id\":\"https:\\\/\\\/yesmontreal.ca\\\/fr\\\/event\\\/evaluation-de-carriere-et-de-soi-2\\\/2026-01-06\\\/#breadcrumb\",\"itemListElement\":[{\"@type\":\"ListItem\",\"position\":1,\"name\":\"Home\",\"item\":\"https:\\\/\\\/yesmontreal.ca\\\/fr\\\/\"},{\"@type\":\"ListItem\",\"position\":2,\"name\":\"Events\",\"item\":\"https:\\\/\\\/yesmontreal.ca\\\/events\\\/\"},{\"@type\":\"ListItem\",\"position\":3,\"name\":\"\u00c9valuation de carri\u00e8re et de soi : Apprenez \u00e0 vous conna\u00eetre pour mieux vous d\u00e9velopper\"}]},{\"@type\":\"WebSite\",\"@id\":\"https:\\\/\\\/yesmontreal.ca\\\/#website\",\"url\":\"https:\\\/\\\/yesmontreal.ca\\\/\",\"name\":\"YES Employment and Entrepreneurship\",\"description\":\"Free Employment and Entrepreneurship services in Quebec\",\"publisher\":{\"@id\":\"https:\\\/\\\/yesmontreal.ca\\\/#organization\"},\"potentialAction\":[{\"@type\":\"SearchAction\",\"target\":{\"@type\":\"EntryPoint\",\"urlTemplate\":\"https:\\\/\\\/yesmontreal.ca\\\/?s={search_term_string}\"},\"query-input\":{\"@type\":\"PropertyValueSpecification\",\"valueRequired\":true,\"valueName\":\"search_term_string\"}}],\"inLanguage\":\"fr-FR\"},{\"@type\":\"Organization\",\"@id\":\"https:\\\/\\\/yesmontreal.ca\\\/#organization\",\"name\":\"YES Employment + Entrepreneurship\",\"alternateName\":\"YES Montreal\",\"url\":\"https:\\\/\\\/yesmontreal.ca\\\/\",\"logo\":{\"@type\":\"ImageObject\",\"inLanguage\":\"fr-FR\",\"@id\":\"https:\\\/\\\/yesmontreal.ca\\\/#\\\/schema\\\/logo\\\/image\\\/\",\"url\":\"https:\\\/\\\/yesmontreal.ca\\\/wp-content\\\/uploads\\\/Screen-Shot-2021-03-04-at-2.59.30-PM.png\",\"contentUrl\":\"https:\\\/\\\/yesmontreal.ca\\\/wp-content\\\/uploads\\\/Screen-Shot-2021-03-04-at-2.59.30-PM.png\",\"width\":636,\"height\":308,\"caption\":\"YES Employment + Entrepreneurship\"},\"image\":{\"@id\":\"https:\\\/\\\/yesmontreal.ca\\\/#\\\/schema\\\/logo\\\/image\\\/\"},\"sameAs\":[\"https:\\\/\\\/www.facebook.com\\\/yes.montreal\",\"https:\\\/\\\/x.com\\\/YESMontreal\",\"https:\\\/\\\/www.instagram.com\\\/yesmontreal\\\/\",\"http:\\\/\\\/ca.linkedin.com\\\/in\\\/yesmontreal\",\"https:\\\/\\\/www.youtube.com\\\/user\\\/YESMontreal\"]}]}<\/script>\n<!-- \/ Yoast SEO plugin. -->","yoast_head_json":{"title":"\u00c9valuation de carri\u00e8re et de soi","description":"\u00c9valuation de carri\u00e8re et de soi : Apprenez \u00e0 vous conna\u00eetre pour mieux vous d\u00e9velopper et orientez vos d\u00e9cisions professionnelles.","robots":{"index":"index","follow":"follow","max-snippet":"max-snippet:-1","max-image-preview":"max-image-preview:large","max-video-preview":"max-video-preview:-1"},"canonical":"https:\/\/yesmontreal.ca\/fr\/event\/evaluation-de-carriere-et-de-soi-2\/2026-01-06\/","og_locale":"fr_FR","og_type":"article","og_title":"\u00c9valuation de carri\u00e8re et de soi","og_description":"\u00c9valuation de carri\u00e8re et de soi : Apprenez \u00e0 vous conna\u00eetre pour mieux vous d\u00e9velopper et orientez vos d\u00e9cisions professionnelles.","og_url":"https:\/\/yesmontreal.ca\/fr\/event\/evaluation-de-carriere-et-de-soi-2\/2026-01-06\/","og_site_name":"YES Employment and Entrepreneurship","article_publisher":"https:\/\/www.facebook.com\/yes.montreal","article_modified_time":"2025-11-25T21:51:39+00:00","og_image":[{"width":2000,"height":1334,"url":"https:\/\/yesmontreal.ca\/wp-content\/uploads\/GroupWorkingAtDesk15-scaled.jpg","type":"image\/jpeg"}],"twitter_card":"summary_large_image","twitter_site":"@YESMontreal","twitter_misc":{"Dur\u00e9e de lecture estim\u00e9e":"2 minutes"},"schema":{"@context":"https:\/\/schema.org","@graph":[{"@type":"WebPage","@id":"https:\/\/yesmontreal.ca\/fr\/event\/evaluation-de-carriere-et-de-soi-2\/2026-01-06\/","url":"https:\/\/yesmontreal.ca\/fr\/event\/evaluation-de-carriere-et-de-soi-2\/2026-01-06\/","name":"\u00c9valuation de carri\u00e8re et de soi","isPartOf":{"@id":"https:\/\/yesmontreal.ca\/#website"},"primaryImageOfPage":{"@id":"https:\/\/yesmontreal.ca\/fr\/event\/evaluation-de-carriere-et-de-soi-2\/2026-01-06\/#primaryimage"},"image":{"@id":"https:\/\/yesmontreal.ca\/fr\/event\/evaluation-de-carriere-et-de-soi-2\/2026-01-06\/#primaryimage"},"thumbnailUrl":"https:\/\/yesmontreal.ca\/wp-content\/uploads\/\/GroupWorkingAtDesk15-1024x683.jpg","datePublished":"2025-11-25T21:37:09+00:00","dateModified":"2025-11-25T21:51:39+00:00","description":"\u00c9valuation de carri\u00e8re et de soi : Apprenez \u00e0 vous conna\u00eetre pour mieux vous d\u00e9velopper et orientez vos d\u00e9cisions professionnelles.","breadcrumb":{"@id":"https:\/\/yesmontreal.ca\/fr\/event\/evaluation-de-carriere-et-de-soi-2\/2026-01-06\/#breadcrumb"},"inLanguage":"fr-FR","potentialAction":[{"@type":"ReadAction","target":["https:\/\/yesmontreal.ca\/fr\/event\/evaluation-de-carriere-et-de-soi-2\/2026-01-06\/"]}]},{"@type":"ImageObject","inLanguage":"fr-FR","@id":"https:\/\/yesmontreal.ca\/fr\/event\/evaluation-de-carriere-et-de-soi-2\/2026-01-06\/#primaryimage","url":"https:\/\/yesmontreal.ca\/wp-content\/uploads\/\/GroupWorkingAtDesk15-1024x683.jpg","contentUrl":"https:\/\/yesmontreal.ca\/wp-content\/uploads\/\/GroupWorkingAtDesk15-1024x683.jpg"},{"@type":"BreadcrumbList","@id":"https:\/\/yesmontreal.ca\/fr\/event\/evaluation-de-carriere-et-de-soi-2\/2026-01-06\/#breadcrumb","itemListElement":[{"@type":"ListItem","position":1,"name":"Home","item":"https:\/\/yesmontreal.ca\/fr\/"},{"@type":"ListItem","position":2,"name":"Events","item":"https:\/\/yesmontreal.ca\/events\/"},{"@type":"ListItem","position":3,"name":"\u00c9valuation de carri\u00e8re et de soi : Apprenez \u00e0 vous conna\u00eetre pour mieux vous d\u00e9velopper"}]},{"@type":"WebSite","@id":"https:\/\/yesmontreal.ca\/#website","url":"https:\/\/yesmontreal.ca\/","name":"YES Employment and Entrepreneurship","description":"Free Employment and Entrepreneurship services in Quebec","publisher":{"@id":"https:\/\/yesmontreal.ca\/#organization"},"potentialAction":[{"@type":"SearchAction","target":{"@type":"EntryPoint","urlTemplate":"https:\/\/yesmontreal.ca\/?s={search_term_string}"},"query-input":{"@type":"PropertyValueSpecification","valueRequired":true,"valueName":"search_term_string"}}],"inLanguage":"fr-FR"},{"@type":"Organization","@id":"https:\/\/yesmontreal.ca\/#organization","name":"YES Employment + Entrepreneurship","alternateName":"YES Montreal","url":"https:\/\/yesmontreal.ca\/","logo":{"@type":"ImageObject","inLanguage":"fr-FR","@id":"https:\/\/yesmontreal.ca\/#\/schema\/logo\/image\/","url":"https:\/\/yesmontreal.ca\/wp-content\/uploads\/Screen-Shot-2021-03-04-at-2.59.30-PM.png","contentUrl":"https:\/\/yesmontreal.ca\/wp-content\/uploads\/Screen-Shot-2021-03-04-at-2.59.30-PM.png","width":636,"height":308,"caption":"YES Employment + Entrepreneurship"},"image":{"@id":"https:\/\/yesmontreal.ca\/#\/schema\/logo\/image\/"},"sameAs":["https:\/\/www.facebook.com\/yes.montreal","https:\/\/x.com\/YESMontreal","https:\/\/www.instagram.com\/yesmontreal\/","http:\/\/ca.linkedin.com\/in\/yesmontreal","https:\/\/www.youtube.com\/user\/YESMontreal"]}]}},"_links":{"self":[{"href":"https:\/\/yesmontreal.ca\/fr\/wp-json\/wp\/v2\/tribe_events\/90900","targetHints":{"allow":["GET"]}}],"collection":[{"href":"https:\/\/yesmontreal.ca\/fr\/wp-json\/wp\/v2\/tribe_events"}],"about":[{"href":"https:\/\/yesmontreal.ca\/fr\/wp-json\/wp\/v2\/types\/tribe_events"}],"author":[{"embeddable":true,"href":"https:\/\/yesmontreal.ca\/fr\/wp-json\/wp\/v2\/users\/10"}],"version-history":[{"count":0,"href":"https:\/\/yesmontreal.ca\/fr\/wp-json\/wp\/v2\/tribe_events\/90900\/revisions"}],"wp:attachment":[{"href":"https:\/\/yesmontreal.ca\/fr\/wp-json\/wp\/v2\/media?parent=90900"}],"wp:term":[{"taxonomy":"post_tag","embeddable":true,"href":"https:\/\/yesmontreal.ca\/fr\/wp-json\/wp\/v2\/tags?post=90900"},{"taxonomy":"tribe_events_cat","embeddable":true,"href":"https:\/\/yesmontreal.ca\/fr\/wp-json\/wp\/v2\/tribe_events_cat?post=90900"}],"curies":[{"name":"wp","href":"https:\/\/api.w.org\/{rel}","templated":true}]}}