{"id":89030,"date":"2025-09-10T12:20:51","date_gmt":"2025-09-10T16:20:51","guid":{"rendered":"https:\/\/yesmontreal.ca\/event\/boost-motivation-focus-clarity\/"},"modified":"2025-09-10T15:29:35","modified_gmt":"2025-09-10T19:29:35","slug":"boostez-votre-motivation-concentration-clarte","status":"publish","type":"tribe_events","link":"https:\/\/yesmontreal.ca\/fr\/event\/boostez-votre-motivation-concentration-clarte\/","title":{"rendered":"Nouveau ! De l\u2019\u00e9tincelle \u00e0 la strat\u00e9gie \u2013 Motivation : De l\u2019inspiration \u00e0 l\u2019action"},"content":{"rendered":"<p><img decoding=\"async\" class=\"alignnone wp-image-89026 size-full\" src=\"https:\/\/yesmontreal.ca\/wp-content\/uploads\/pexels-mart-production-7550397-1-scaled.jpg\" alt=\"De l'inspiration \u00e0 l'action\" width=\"2560\" height=\"1707\" \/><\/p>\n<h1><strong>De l\u2019\u00e9tincelle \u00e0 la strat\u00e9gie : S\u00e9rie d\u2019ateliers pour la motivation, la concentration et la mise en action<\/strong><\/h1>\n<p>Vous vous sentez d\u00e9pass\u00e9\u00b7e, dispers\u00e9\u00b7e ou coinc\u00e9\u00b7e dans des cycles d\u2019\u00e9puisement? <em>De l\u2019\u00e9tincelle \u00e0 la strat\u00e9gie<\/em> est une s\u00e9rie de deux ateliers con\u00e7ue pour vous aider \u00e0 passer de l\u2019h\u00e9sitation \u00e0 la clart\u00e9 et \u00e0 l\u2019action concr\u00e8te. Gr\u00e2ce \u00e0 des s\u00e9ances interactives, vous explorerez ce qui stimule (ou \u00e9puise) votre \u00e9nergie, apprendrez des outils pratiques de gestion du temps et des projets, et b\u00e2tirez des syst\u00e8mes adapt\u00e9s \u00e0 votre r\u00e9alit\u00e9. Vous repartirez avec plus de motivation, de confiance et une meilleure vision de vos prochaines \u00e9tapes.<\/p>\n<h1><strong>Boostez votre motivation, votre concentration et votre clart\u00e9 : Atelier pour surmonter l\u2019\u00e9puisement et passer \u00e0 l\u2019action<\/strong><\/h1>\n<p>Vous vous sentez d\u00e9pass\u00e9\u00b7e, dispers\u00e9\u00b7e ou coinc\u00e9\u00b7e dans des cycles de d\u00e9marrage-arr\u00eat ? Vous n\u2019\u00eates pas seul\u00b7e, et vous n\u2019\u00eates pas \u00e0 court d\u2019options ! Cet atelier est con\u00e7u pour vous aider \u00e0 passer de l\u2019\u00e9puisement et de l\u2019h\u00e9sitation \u00e0 la clart\u00e9, la motivation et \u00e0 l\u2019action concr\u00e8te.<\/p>\n<p>Que vous soyez en recherche d\u2019emploi, en reconversion professionnelle, en poursuite d\u2019objectifs cr\u00e9atifs ou en pleine transition de vie, cette s\u00e9ance offre un espace bienveillant pour explorer ce qui alimente (ou \u00e9puise) votre \u00e9nergie \u2014 et comment b\u00e2tir des syst\u00e8mes durables qui fonctionnent r\u00e9ellement pour vous.<\/p>\n<h2><strong>Atelier 1 : GRATUIT | Lundi 17 novembre 12h00\u201313h30 | Motivation : De l\u2019inspiration \u00e0 l\u2019action<\/strong><\/h2>\n<p>Avant de plonger dans les listes de t\u00e2ches et les astuces de productivit\u00e9, il est essentiel de comprendre pourquoi vous faites ce que vous faites. Cette s\u00e9ance vous aide \u00e0 renouer avec votre motivation interne : les valeurs, besoins et intentions personnelles qui alimentent votre feu et vous permettent d\u2019avancer.<\/p>\n<h3><strong>Ce que vous apprendrez :<\/strong><\/h3>\n<ul>\n<li>Ce qu\u2019est vraiment la motivation (et pourquoi ce n\u2019est pas qu\u2019une question de volont\u00e9).<\/li>\n<li>Les mythes et blocages courants qui freinent vos \u00e9lans.<\/li>\n<li>Clarifier vos moteurs personnels : valeurs, passions et objectifs.<\/li>\n<li>Explorer des strat\u00e9gies pour surmonter la stagnation, la r\u00e9sistance ou l\u2019\u00e9puisement.<\/li>\n<li>D\u00e9couvrir des outils et pratiques pour rester ancr\u00e9\u00b7e lorsque votre \u00e9nergie diminue.<\/li>\n<\/ul>\n<p>\u00c0 la fin de cette s\u00e9ance, vous repartirez avec un sens plus clair de votre direction, des strat\u00e9gies concr\u00e8tes pour rester engag\u00e9\u00b7e envers vos objectifs, et quelques changements de perspective pour maintenir votre concentration et votre motivation \u2014 m\u00eame face aux d\u00e9fis.<\/p>\n<div class=\"eventRegistration\"><strong><a href=\"https:\/\/www.eventbrite.ca\/e\/from-spark-to-strategy-motivation-from-inspiration-to-action-tickets-1684700066249\" target=\"_blank\" rel=\"noopener\">Inscrivez-vous ici<\/a><\/strong><\/div>\n<p>Cet atelier est pr\u00e9sent\u00e9 en anglais et est offert en ligne, en direct.<\/p>\n<p>Une fois inscrit\u00b7e, vous recevrez un courriel avec les instructions pour vous connecter quelques heures avant le d\u00e9but de l\u2019atelier. Veuillez v\u00e9rifier votre dossier de courriels ind\u00e9sirables (Spam\/Junk) si vous n\u2019avez pas re\u00e7u votre courriel avec les instructions 1 heure avant le d\u00e9but de l\u2019atelier.<\/p>\n<h2><strong>Pour en savoir plus<\/strong><\/h2>\n<p>Pour plus d\u2019informations sur notre programme d\u2019emploi, cliquez <strong><a href=\"https:\/\/yesmontreal.ca\/fr\/emploi\/\" target=\"_blank\" rel=\"noopener\">ici<\/a><\/strong>.<\/p>\n<p><a href=\"https:\/\/www.canada.ca\/fr\/services\/emplois\/formation\/initiatives\/competences-pour-reussir.html\" target=\"_blank\" rel=\"noopener\"><img decoding=\"async\" class=\"alignnone wp-image-88666 size-thumbnail\" src=\"https:\/\/yesmontreal.ca\/wp-content\/uploads\/\/video-en-150x150.jpg\" alt=\"Comp\u00e9tences pour r\u00e9ussir\" width=\"150\" height=\"150\" \/><\/a><\/p>\n","protected":false},"excerpt":{"rendered":"<p>Participez \u00e0 cet atelier pour surmonter l\u2019\u00e9puisement, retrouver la clart\u00e9 et d\u00e9velopper des strat\u00e9gies concr\u00e8tes pour rester motiv\u00e9\u00b7e et concentr\u00e9\u00b7e.<\/p>\n","protected":false},"author":10,"featured_media":0,"template":"","meta":{"_et_pb_use_builder":"","_et_pb_old_content":"","_et_gb_content_width":"","_tribe_events_status":"","_tribe_events_status_reason":"","_tribe_events_is_hybrid":"","_tribe_events_is_virtual":"","_tribe_events_virtual_video_source":"","_tribe_events_virtual_embed_video":"","_tribe_events_virtual_linked_button_text":"","_tribe_events_virtual_linked_button":"","_tribe_events_virtual_show_embed_at":"","_tribe_events_virtual_show_embed_to":[],"_tribe_events_virtual_show_on_event":"","_tribe_events_virtual_show_on_views":"","_tribe_events_virtual_url":"","footnotes":""},"tags":[834,478,326,343,333],"tribe_events_cat":[281,344,284],"class_list":["post-89030","tribe_events","type-tribe_events","status-publish","hentry","tag-communication-strategies-fr","tag-competences-en-matiere-de-communication","tag-developpement-de-carriere","tag-job-seeker-fr","tag-session-dinformation","tribe_events_cat-daytime-fr","tribe_events_cat-employment-fr","tribe_events_cat-virtual-fr","cat_daytime-fr","cat_employment-fr","cat_virtual-fr"],"yoast_head":"<!-- This site is optimized with the Yoast SEO plugin v28.4 - https:\/\/yoast.com\/product\/yoast-seo-wordpress\/ -->\n<title>Boostez votre motivation, votre concentration et votre clart\u00e9<\/title>\n<meta name=\"description\" content=\"Participez \u00e0 cet atelier pour surmonter l\u2019\u00e9puisement, retrouver la clart\u00e9 et d\u00e9velopper des strat\u00e9gies concr\u00e8tes pour rester motiv\u00e9\u00b7e et concentr\u00e9\u00b7e.\" \/>\n<meta name=\"robots\" content=\"index, follow, max-snippet:-1, max-image-preview:large, max-video-preview:-1\" \/>\n<link rel=\"canonical\" href=\"https:\/\/yesmontreal.ca\/fr\/event\/boostez-votre-motivation-concentration-clarte\/\" \/>\n<meta property=\"og:locale\" content=\"fr_FR\" \/>\n<meta property=\"og:type\" content=\"article\" \/>\n<meta property=\"og:title\" content=\"Boostez votre motivation, votre concentration et votre clart\u00e9\" \/>\n<meta property=\"og:description\" content=\"Participez \u00e0 cet atelier pour surmonter l\u2019\u00e9puisement, retrouver la clart\u00e9 et d\u00e9velopper des strat\u00e9gies concr\u00e8tes pour rester motiv\u00e9\u00b7e et concentr\u00e9\u00b7e.\" \/>\n<meta property=\"og:url\" content=\"https:\/\/yesmontreal.ca\/fr\/event\/boostez-votre-motivation-concentration-clarte\/\" \/>\n<meta property=\"og:site_name\" content=\"YES Employment and Entrepreneurship\" \/>\n<meta property=\"article:publisher\" content=\"https:\/\/www.facebook.com\/yes.montreal\" \/>\n<meta property=\"article:modified_time\" content=\"2025-09-10T19:29:35+00:00\" \/>\n<meta property=\"og:image\" content=\"https:\/\/yesmontreal.ca\/wp-content\/uploads\/pexels-mart-production-7550397-1-scaled.jpg\" \/>\n\t<meta property=\"og:image:width\" content=\"2000\" \/>\n\t<meta property=\"og:image:height\" content=\"1334\" \/>\n\t<meta property=\"og:image:type\" content=\"image\/jpeg\" \/>\n<meta name=\"twitter:card\" content=\"summary_large_image\" \/>\n<meta name=\"twitter:site\" content=\"@YESMontreal\" \/>\n<meta name=\"twitter:label1\" content=\"Dur\u00e9e de lecture estim\u00e9e\" \/>\n\t<meta name=\"twitter:data1\" content=\"3 minutes\" \/>\n<script type=\"application\/ld+json\" class=\"yoast-schema-graph\">{\"@context\":\"https:\\\/\\\/schema.org\",\"@graph\":[{\"@type\":\"WebPage\",\"@id\":\"https:\\\/\\\/yesmontreal.ca\\\/fr\\\/event\\\/boostez-votre-motivation-concentration-clarte\\\/\",\"url\":\"https:\\\/\\\/yesmontreal.ca\\\/fr\\\/event\\\/boostez-votre-motivation-concentration-clarte\\\/\",\"name\":\"Boostez votre motivation, votre concentration et votre clart\u00e9\",\"isPartOf\":{\"@id\":\"https:\\\/\\\/yesmontreal.ca\\\/#website\"},\"primaryImageOfPage\":{\"@id\":\"https:\\\/\\\/yesmontreal.ca\\\/fr\\\/event\\\/boostez-votre-motivation-concentration-clarte\\\/#primaryimage\"},\"image\":{\"@id\":\"https:\\\/\\\/yesmontreal.ca\\\/fr\\\/event\\\/boostez-votre-motivation-concentration-clarte\\\/#primaryimage\"},\"thumbnailUrl\":\"https:\\\/\\\/yesmontreal.ca\\\/wp-content\\\/uploads\\\/pexels-mart-production-7550397-1-scaled.jpg\",\"datePublished\":\"2025-09-10T16:20:51+00:00\",\"dateModified\":\"2025-09-10T19:29:35+00:00\",\"description\":\"Participez \u00e0 cet atelier pour surmonter l\u2019\u00e9puisement, retrouver la clart\u00e9 et d\u00e9velopper des strat\u00e9gies concr\u00e8tes pour rester motiv\u00e9\u00b7e et concentr\u00e9\u00b7e.\",\"breadcrumb\":{\"@id\":\"https:\\\/\\\/yesmontreal.ca\\\/fr\\\/event\\\/boostez-votre-motivation-concentration-clarte\\\/#breadcrumb\"},\"inLanguage\":\"fr-FR\",\"potentialAction\":[{\"@type\":\"ReadAction\",\"target\":[\"https:\\\/\\\/yesmontreal.ca\\\/fr\\\/event\\\/boostez-votre-motivation-concentration-clarte\\\/\"]}]},{\"@type\":\"ImageObject\",\"inLanguage\":\"fr-FR\",\"@id\":\"https:\\\/\\\/yesmontreal.ca\\\/fr\\\/event\\\/boostez-votre-motivation-concentration-clarte\\\/#primaryimage\",\"url\":\"https:\\\/\\\/yesmontreal.ca\\\/wp-content\\\/uploads\\\/pexels-mart-production-7550397-1-scaled.jpg\",\"contentUrl\":\"https:\\\/\\\/yesmontreal.ca\\\/wp-content\\\/uploads\\\/pexels-mart-production-7550397-1-scaled.jpg\"},{\"@type\":\"BreadcrumbList\",\"@id\":\"https:\\\/\\\/yesmontreal.ca\\\/fr\\\/event\\\/boostez-votre-motivation-concentration-clarte\\\/#breadcrumb\",\"itemListElement\":[{\"@type\":\"ListItem\",\"position\":1,\"name\":\"Home\",\"item\":\"https:\\\/\\\/yesmontreal.ca\\\/fr\\\/\"},{\"@type\":\"ListItem\",\"position\":2,\"name\":\"Events\",\"item\":\"https:\\\/\\\/yesmontreal.ca\\\/events\\\/\"},{\"@type\":\"ListItem\",\"position\":3,\"name\":\"Nouveau ! De l\u2019\u00e9tincelle \u00e0 la strat\u00e9gie \u2013 Motivation : De l\u2019inspiration \u00e0 l\u2019action\"}]},{\"@type\":\"WebSite\",\"@id\":\"https:\\\/\\\/yesmontreal.ca\\\/#website\",\"url\":\"https:\\\/\\\/yesmontreal.ca\\\/\",\"name\":\"YES Employment and Entrepreneurship\",\"description\":\"Free Employment and Entrepreneurship services in Quebec\",\"publisher\":{\"@id\":\"https:\\\/\\\/yesmontreal.ca\\\/#organization\"},\"potentialAction\":[{\"@type\":\"SearchAction\",\"target\":{\"@type\":\"EntryPoint\",\"urlTemplate\":\"https:\\\/\\\/yesmontreal.ca\\\/?s={search_term_string}\"},\"query-input\":{\"@type\":\"PropertyValueSpecification\",\"valueRequired\":true,\"valueName\":\"search_term_string\"}}],\"inLanguage\":\"fr-FR\"},{\"@type\":\"Organization\",\"@id\":\"https:\\\/\\\/yesmontreal.ca\\\/#organization\",\"name\":\"YES Employment + Entrepreneurship\",\"alternateName\":\"YES Montreal\",\"url\":\"https:\\\/\\\/yesmontreal.ca\\\/\",\"logo\":{\"@type\":\"ImageObject\",\"inLanguage\":\"fr-FR\",\"@id\":\"https:\\\/\\\/yesmontreal.ca\\\/#\\\/schema\\\/logo\\\/image\\\/\",\"url\":\"https:\\\/\\\/yesmontreal.ca\\\/wp-content\\\/uploads\\\/Screen-Shot-2021-03-04-at-2.59.30-PM.png\",\"contentUrl\":\"https:\\\/\\\/yesmontreal.ca\\\/wp-content\\\/uploads\\\/Screen-Shot-2021-03-04-at-2.59.30-PM.png\",\"width\":636,\"height\":308,\"caption\":\"YES Employment + Entrepreneurship\"},\"image\":{\"@id\":\"https:\\\/\\\/yesmontreal.ca\\\/#\\\/schema\\\/logo\\\/image\\\/\"},\"sameAs\":[\"https:\\\/\\\/www.facebook.com\\\/yes.montreal\",\"https:\\\/\\\/x.com\\\/YESMontreal\",\"https:\\\/\\\/www.instagram.com\\\/yesmontreal\\\/\",\"http:\\\/\\\/ca.linkedin.com\\\/in\\\/yesmontreal\",\"https:\\\/\\\/www.youtube.com\\\/user\\\/YESMontreal\"]}]}<\/script>\n<!-- \/ Yoast SEO plugin. -->","yoast_head_json":{"title":"Boostez votre motivation, votre concentration et votre clart\u00e9","description":"Participez \u00e0 cet atelier pour surmonter l\u2019\u00e9puisement, retrouver la clart\u00e9 et d\u00e9velopper des strat\u00e9gies concr\u00e8tes pour rester motiv\u00e9\u00b7e et concentr\u00e9\u00b7e.","robots":{"index":"index","follow":"follow","max-snippet":"max-snippet:-1","max-image-preview":"max-image-preview:large","max-video-preview":"max-video-preview:-1"},"canonical":"https:\/\/yesmontreal.ca\/fr\/event\/boostez-votre-motivation-concentration-clarte\/","og_locale":"fr_FR","og_type":"article","og_title":"Boostez votre motivation, votre concentration et votre clart\u00e9","og_description":"Participez \u00e0 cet atelier pour surmonter l\u2019\u00e9puisement, retrouver la clart\u00e9 et d\u00e9velopper des strat\u00e9gies concr\u00e8tes pour rester motiv\u00e9\u00b7e et concentr\u00e9\u00b7e.","og_url":"https:\/\/yesmontreal.ca\/fr\/event\/boostez-votre-motivation-concentration-clarte\/","og_site_name":"YES Employment and Entrepreneurship","article_publisher":"https:\/\/www.facebook.com\/yes.montreal","article_modified_time":"2025-09-10T19:29:35+00:00","og_image":[{"width":2000,"height":1334,"url":"https:\/\/yesmontreal.ca\/wp-content\/uploads\/pexels-mart-production-7550397-1-scaled.jpg","type":"image\/jpeg"}],"twitter_card":"summary_large_image","twitter_site":"@YESMontreal","twitter_misc":{"Dur\u00e9e de lecture estim\u00e9e":"3 minutes"},"schema":{"@context":"https:\/\/schema.org","@graph":[{"@type":"WebPage","@id":"https:\/\/yesmontreal.ca\/fr\/event\/boostez-votre-motivation-concentration-clarte\/","url":"https:\/\/yesmontreal.ca\/fr\/event\/boostez-votre-motivation-concentration-clarte\/","name":"Boostez votre motivation, votre concentration et votre clart\u00e9","isPartOf":{"@id":"https:\/\/yesmontreal.ca\/#website"},"primaryImageOfPage":{"@id":"https:\/\/yesmontreal.ca\/fr\/event\/boostez-votre-motivation-concentration-clarte\/#primaryimage"},"image":{"@id":"https:\/\/yesmontreal.ca\/fr\/event\/boostez-votre-motivation-concentration-clarte\/#primaryimage"},"thumbnailUrl":"https:\/\/yesmontreal.ca\/wp-content\/uploads\/pexels-mart-production-7550397-1-scaled.jpg","datePublished":"2025-09-10T16:20:51+00:00","dateModified":"2025-09-10T19:29:35+00:00","description":"Participez \u00e0 cet atelier pour surmonter l\u2019\u00e9puisement, retrouver la clart\u00e9 et d\u00e9velopper des strat\u00e9gies concr\u00e8tes pour rester motiv\u00e9\u00b7e et concentr\u00e9\u00b7e.","breadcrumb":{"@id":"https:\/\/yesmontreal.ca\/fr\/event\/boostez-votre-motivation-concentration-clarte\/#breadcrumb"},"inLanguage":"fr-FR","potentialAction":[{"@type":"ReadAction","target":["https:\/\/yesmontreal.ca\/fr\/event\/boostez-votre-motivation-concentration-clarte\/"]}]},{"@type":"ImageObject","inLanguage":"fr-FR","@id":"https:\/\/yesmontreal.ca\/fr\/event\/boostez-votre-motivation-concentration-clarte\/#primaryimage","url":"https:\/\/yesmontreal.ca\/wp-content\/uploads\/pexels-mart-production-7550397-1-scaled.jpg","contentUrl":"https:\/\/yesmontreal.ca\/wp-content\/uploads\/pexels-mart-production-7550397-1-scaled.jpg"},{"@type":"BreadcrumbList","@id":"https:\/\/yesmontreal.ca\/fr\/event\/boostez-votre-motivation-concentration-clarte\/#breadcrumb","itemListElement":[{"@type":"ListItem","position":1,"name":"Home","item":"https:\/\/yesmontreal.ca\/fr\/"},{"@type":"ListItem","position":2,"name":"Events","item":"https:\/\/yesmontreal.ca\/events\/"},{"@type":"ListItem","position":3,"name":"Nouveau ! De l\u2019\u00e9tincelle \u00e0 la strat\u00e9gie \u2013 Motivation : De l\u2019inspiration \u00e0 l\u2019action"}]},{"@type":"WebSite","@id":"https:\/\/yesmontreal.ca\/#website","url":"https:\/\/yesmontreal.ca\/","name":"YES Employment and Entrepreneurship","description":"Free Employment and Entrepreneurship services in Quebec","publisher":{"@id":"https:\/\/yesmontreal.ca\/#organization"},"potentialAction":[{"@type":"SearchAction","target":{"@type":"EntryPoint","urlTemplate":"https:\/\/yesmontreal.ca\/?s={search_term_string}"},"query-input":{"@type":"PropertyValueSpecification","valueRequired":true,"valueName":"search_term_string"}}],"inLanguage":"fr-FR"},{"@type":"Organization","@id":"https:\/\/yesmontreal.ca\/#organization","name":"YES Employment + Entrepreneurship","alternateName":"YES Montreal","url":"https:\/\/yesmontreal.ca\/","logo":{"@type":"ImageObject","inLanguage":"fr-FR","@id":"https:\/\/yesmontreal.ca\/#\/schema\/logo\/image\/","url":"https:\/\/yesmontreal.ca\/wp-content\/uploads\/Screen-Shot-2021-03-04-at-2.59.30-PM.png","contentUrl":"https:\/\/yesmontreal.ca\/wp-content\/uploads\/Screen-Shot-2021-03-04-at-2.59.30-PM.png","width":636,"height":308,"caption":"YES Employment + Entrepreneurship"},"image":{"@id":"https:\/\/yesmontreal.ca\/#\/schema\/logo\/image\/"},"sameAs":["https:\/\/www.facebook.com\/yes.montreal","https:\/\/x.com\/YESMontreal","https:\/\/www.instagram.com\/yesmontreal\/","http:\/\/ca.linkedin.com\/in\/yesmontreal","https:\/\/www.youtube.com\/user\/YESMontreal"]}]}},"_links":{"self":[{"href":"https:\/\/yesmontreal.ca\/fr\/wp-json\/wp\/v2\/tribe_events\/89030","targetHints":{"allow":["GET"]}}],"collection":[{"href":"https:\/\/yesmontreal.ca\/fr\/wp-json\/wp\/v2\/tribe_events"}],"about":[{"href":"https:\/\/yesmontreal.ca\/fr\/wp-json\/wp\/v2\/types\/tribe_events"}],"author":[{"embeddable":true,"href":"https:\/\/yesmontreal.ca\/fr\/wp-json\/wp\/v2\/users\/10"}],"version-history":[{"count":0,"href":"https:\/\/yesmontreal.ca\/fr\/wp-json\/wp\/v2\/tribe_events\/89030\/revisions"}],"wp:attachment":[{"href":"https:\/\/yesmontreal.ca\/fr\/wp-json\/wp\/v2\/media?parent=89030"}],"wp:term":[{"taxonomy":"post_tag","embeddable":true,"href":"https:\/\/yesmontreal.ca\/fr\/wp-json\/wp\/v2\/tags?post=89030"},{"taxonomy":"tribe_events_cat","embeddable":true,"href":"https:\/\/yesmontreal.ca\/fr\/wp-json\/wp\/v2\/tribe_events_cat?post=89030"}],"curies":[{"name":"wp","href":"https:\/\/api.w.org\/{rel}","templated":true}]}}