{"id":88989,"date":"2025-09-09T15:35:38","date_gmt":"2025-09-09T19:35:38","guid":{"rendered":"https:\/\/yesmontreal.ca\/event\/boost-your-productivity-time-management-for-artists\/"},"modified":"2025-09-09T15:57:43","modified_gmt":"2025-09-09T19:57:43","slug":"boostez-votre-productivite-gestion-du-temps-pour-artistes","status":"publish","type":"tribe_events","link":"https:\/\/yesmontreal.ca\/fr\/event\/boostez-votre-productivite-gestion-du-temps-pour-artistes\/","title":{"rendered":"Learn@Lunch : Gestion du temps pour les artistes travailleurs autonomes"},"content":{"rendered":"<div>\n<h1><img decoding=\"async\" class=\"alignnone size-full wp-image-79241\" src=\"https:\/\/yesmontreal.ca\/wp-content\/uploads\/time-management-for-artists.jpg\" alt=\"an artist playing a musical instrument learning time management skills\" width=\"940\" height=\"470\" \/><\/h1>\n<h1>Boostez votre productivit\u00e9 : Gestion du temps pour artistes<\/h1>\n<p>\u00cates-vous un artiste qui peine \u00e0 g\u00e9rer votre temps entre vos projets cr\u00e9atifs et vos responsabilit\u00e9s professionnelles ? <strong>Boostez votre productivit\u00e9 : Gestion du temps pour artistes<\/strong> est con\u00e7u pour vous aider \u00e0 prioriser, planifier et atteindre vos objectifs de mani\u00e8re efficace. Lors de cette s\u00e9ance interactive Learn@Lunch, vous d\u00e9couvrirez des outils pratiques pour \u00e9quilibrer votre art et les exigences li\u00e9es \u00e0 la gestion d\u2019une activit\u00e9.<\/p>\n<h2>Pourquoi la gestion du temps est essentielle pour les artistes<\/h2>\n<p>Une gestion efficace du temps est cruciale pour construire une carri\u00e8re cr\u00e9ative durable. De nombreux artistes doivent jongler avec plusieurs priorit\u00e9s, comme la cr\u00e9ation, la promotion, le r\u00e9seautage et la gestion financi\u00e8re. Cet atelier vous guidera pour d\u00e9velopper des strat\u00e9gies qui vous permettront de rester productif tout en vous concentrant sur ce qui compte le plus.<\/p>\n<h2>Ce que vous apprendrez<\/h2>\n<h3>Strat\u00e9gies pratiques de gestion du temps<\/h3>\n<p>Apprenez \u00e0 cr\u00e9er des horaires, \u00e0 fixer des objectifs r\u00e9alistes et \u00e0 d\u00e9composer les grandes t\u00e2ches en \u00e9tapes g\u00e9rables. Ces strat\u00e9gies vous aideront \u00e0 progresser r\u00e9guli\u00e8rement dans vos activit\u00e9s cr\u00e9atives et professionnelles.<\/p>\n<h3>R\u00e9duire les distractions<\/h3>\n<p>D\u00e9couvrez des techniques pour minimiser les interruptions et rester concentr\u00e9 sur vos projets prioritaires. Qu&rsquo;il s&rsquo;agisse des r\u00e9seaux sociaux, des courriels ou des t\u00e2ches quotidiennes, vous apprendrez \u00e0 mieux les g\u00e9rer.<\/p>\n<h3>\u00c9quilibrer exigences cr\u00e9atives et professionnelles<\/h3>\n<p>Comprenez comment r\u00e9partir votre temps entre la pratique artistique et les t\u00e2ches essentielles \u00e0 votre activit\u00e9. Vous apprendrez \u00e0 prioriser selon l\u2019impact et l\u2019\u00e9panouissement personnel, afin de progresser dans votre carri\u00e8re sans surcharge.<\/p>\n<h2>Qui anime l\u2019atelier ?<\/h2>\n<h3><img decoding=\"async\" class=\"wp-image-69829 alignleft\" style=\"color: #666666; font-size: 14px;\" src=\"https:\/\/yesmontreal.ca\/wp-content\/uploads\/\/Stacey-Lavender-photo-229x300.jpg\" alt=\"\" width=\"229\" height=\"300\" \/>Stacey Lavender \u2013 Coach d\u2019affaires pour artistes YES<\/h3>\n<p>Stacey Lavender poss\u00e8de plusieurs ann\u00e9es d\u2019exp\u00e9rience en coaching d\u2019artistes pour g\u00e9rer efficacement leur temps tout en naviguant dans les d\u00e9fis de l\u2019entrepreneuriat. Lors de cette s\u00e9ance, Stacey partagera des conseils pratiques et des mod\u00e8les pour vous aider \u00e0 rester organis\u00e9 et productif.<\/p>\n<p>Faites le premier pas pour booster votre productivit\u00e9 et am\u00e9liorer votre gestion du temps. Inscrivez-vous d\u00e8s maintenant \u00e0 <strong>Gestion du temps pour artistes<\/strong> et apprenez \u00e0 tirer le meilleur parti de chaque journ\u00e9e tout en poursuivant vos passions cr\u00e9atives.<\/p>\n<div class=\"eventRegistration\"><strong><a href=\"https:\/\/www.eventbrite.ca\/e\/time-management-tips-for-the-self-employed-artist-tickets-1681109185829\" target=\"_blank\" rel=\"noopener\">Inscrivez-vous maintenant<\/a><\/strong><\/div>\n<p>Une pr\u00e9inscription est requise. Cet atelier est pr\u00e9sent\u00e9 en anglais et est offert en ligne.<\/p>\n<p>Une fois inscrit, vous recevrez un courriel avec les instructions pour vous connecter. Si vous ne recevez pas le courriel une heure avant le d\u00e9but de l\u2019atelier, veuillez v\u00e9rifier votre dossier Spam\/Courrier ind\u00e9sirable.<\/p>\n<\/div>\n","protected":false},"excerpt":{"rendered":"<p>Boostez votre productivit\u00e9 avec la gestion du temps pour artistes. Apprenez \u00e0 \u00e9quilibrer cr\u00e9ativit\u00e9 et obligations professionnelles.<\/p>\n","protected":false},"author":10,"featured_media":0,"template":"","meta":{"_et_pb_use_builder":"","_et_pb_old_content":"","_et_gb_content_width":"","_crdt_document":"","_tribe_events_status":"","_tribe_events_status_reason":"","_tribe_events_is_hybrid":"","_tribe_events_is_virtual":"","_tribe_events_virtual_video_source":"","_tribe_events_virtual_embed_video":"","_tribe_events_virtual_linked_button_text":"","_tribe_events_virtual_linked_button":"","_tribe_events_virtual_show_embed_at":"","_tribe_events_virtual_show_embed_to":[],"_tribe_events_virtual_show_on_event":"","_tribe_events_virtual_show_on_views":"","_tribe_events_virtual_url":"","footnotes":""},"tags":[323,322,546,325,932],"tribe_events_cat":[547,281,284],"class_list":["post-88989","tribe_events","type-tribe_events","status-publish","hentry","tag-artiste","tag-artistes","tag-atelier-dartiste","tag-carriere-artistique","tag-time-management-fr","tribe_events_cat-arts-fr","tribe_events_cat-daytime-fr","tribe_events_cat-virtual-fr","cat_arts-fr","cat_daytime-fr","cat_virtual-fr"],"yoast_head":"<!-- This site is optimized with the Yoast SEO plugin v27.4 - https:\/\/yoast.com\/product\/yoast-seo-wordpress\/ -->\n<title>Boostez votre productivit\u00e9 : Gestion du temps pour artistes<\/title>\n<meta name=\"description\" content=\"Boostez votre productivit\u00e9 avec la gestion du temps pour artistes. Apprenez \u00e0 \u00e9quilibrer cr\u00e9ativit\u00e9 et obligations professionnelles.\" \/>\n<meta name=\"robots\" content=\"index, follow, max-snippet:-1, max-image-preview:large, max-video-preview:-1\" \/>\n<link rel=\"canonical\" href=\"https:\/\/yesmontreal.ca\/fr\/event\/boostez-votre-productivite-gestion-du-temps-pour-artistes\/\" \/>\n<meta property=\"og:locale\" content=\"fr_FR\" \/>\n<meta property=\"og:type\" content=\"article\" \/>\n<meta property=\"og:title\" content=\"Boostez votre productivit\u00e9 : Gestion du temps pour artistes\" \/>\n<meta property=\"og:description\" content=\"Boostez votre productivit\u00e9 avec la gestion du temps pour artistes. Apprenez \u00e0 \u00e9quilibrer cr\u00e9ativit\u00e9 et obligations professionnelles.\" \/>\n<meta property=\"og:url\" content=\"https:\/\/yesmontreal.ca\/fr\/event\/boostez-votre-productivite-gestion-du-temps-pour-artistes\/\" \/>\n<meta property=\"og:site_name\" content=\"YES Employment and Entrepreneurship\" \/>\n<meta property=\"article:publisher\" content=\"https:\/\/www.facebook.com\/yes.montreal\" \/>\n<meta property=\"article:modified_time\" content=\"2025-09-09T19:57:43+00:00\" \/>\n<meta property=\"og:image\" content=\"https:\/\/yesmontreal.ca\/wp-content\/uploads\/time-management-for-artists.jpg\" \/>\n\t<meta property=\"og:image:width\" content=\"940\" \/>\n\t<meta property=\"og:image:height\" content=\"470\" \/>\n\t<meta property=\"og:image:type\" content=\"image\/jpeg\" \/>\n<meta name=\"twitter:card\" content=\"summary_large_image\" \/>\n<meta name=\"twitter:site\" content=\"@YESMontreal\" \/>\n<meta name=\"twitter:label1\" content=\"Dur\u00e9e de lecture estim\u00e9e\" \/>\n\t<meta name=\"twitter:data1\" content=\"2 minutes\" \/>\n<script type=\"application\/ld+json\" class=\"yoast-schema-graph\">{\"@context\":\"https:\\\/\\\/schema.org\",\"@graph\":[{\"@type\":\"WebPage\",\"@id\":\"https:\\\/\\\/yesmontreal.ca\\\/fr\\\/event\\\/boostez-votre-productivite-gestion-du-temps-pour-artistes\\\/\",\"url\":\"https:\\\/\\\/yesmontreal.ca\\\/fr\\\/event\\\/boostez-votre-productivite-gestion-du-temps-pour-artistes\\\/\",\"name\":\"Boostez votre productivit\u00e9 : Gestion du temps pour artistes\",\"isPartOf\":{\"@id\":\"https:\\\/\\\/yesmontreal.ca\\\/#website\"},\"primaryImageOfPage\":{\"@id\":\"https:\\\/\\\/yesmontreal.ca\\\/fr\\\/event\\\/boostez-votre-productivite-gestion-du-temps-pour-artistes\\\/#primaryimage\"},\"image\":{\"@id\":\"https:\\\/\\\/yesmontreal.ca\\\/fr\\\/event\\\/boostez-votre-productivite-gestion-du-temps-pour-artistes\\\/#primaryimage\"},\"thumbnailUrl\":\"https:\\\/\\\/yesmontreal.ca\\\/wp-content\\\/uploads\\\/time-management-for-artists.jpg\",\"datePublished\":\"2025-09-09T19:35:38+00:00\",\"dateModified\":\"2025-09-09T19:57:43+00:00\",\"description\":\"Boostez votre productivit\u00e9 avec la gestion du temps pour artistes. Apprenez \u00e0 \u00e9quilibrer cr\u00e9ativit\u00e9 et obligations professionnelles.\",\"breadcrumb\":{\"@id\":\"https:\\\/\\\/yesmontreal.ca\\\/fr\\\/event\\\/boostez-votre-productivite-gestion-du-temps-pour-artistes\\\/#breadcrumb\"},\"inLanguage\":\"fr-FR\",\"potentialAction\":[{\"@type\":\"ReadAction\",\"target\":[\"https:\\\/\\\/yesmontreal.ca\\\/fr\\\/event\\\/boostez-votre-productivite-gestion-du-temps-pour-artistes\\\/\"]}]},{\"@type\":\"ImageObject\",\"inLanguage\":\"fr-FR\",\"@id\":\"https:\\\/\\\/yesmontreal.ca\\\/fr\\\/event\\\/boostez-votre-productivite-gestion-du-temps-pour-artistes\\\/#primaryimage\",\"url\":\"https:\\\/\\\/yesmontreal.ca\\\/wp-content\\\/uploads\\\/time-management-for-artists.jpg\",\"contentUrl\":\"https:\\\/\\\/yesmontreal.ca\\\/wp-content\\\/uploads\\\/time-management-for-artists.jpg\"},{\"@type\":\"BreadcrumbList\",\"@id\":\"https:\\\/\\\/yesmontreal.ca\\\/fr\\\/event\\\/boostez-votre-productivite-gestion-du-temps-pour-artistes\\\/#breadcrumb\",\"itemListElement\":[{\"@type\":\"ListItem\",\"position\":1,\"name\":\"Home\",\"item\":\"https:\\\/\\\/yesmontreal.ca\\\/fr\\\/\"},{\"@type\":\"ListItem\",\"position\":2,\"name\":\"Events\",\"item\":\"https:\\\/\\\/yesmontreal.ca\\\/events\\\/\"},{\"@type\":\"ListItem\",\"position\":3,\"name\":\"Learn@Lunch : Gestion du temps pour les artistes travailleurs autonomes\"}]},{\"@type\":\"WebSite\",\"@id\":\"https:\\\/\\\/yesmontreal.ca\\\/#website\",\"url\":\"https:\\\/\\\/yesmontreal.ca\\\/\",\"name\":\"YES Employment and Entrepreneurship\",\"description\":\"Free Employment and Entrepreneurship services in Quebec\",\"publisher\":{\"@id\":\"https:\\\/\\\/yesmontreal.ca\\\/#organization\"},\"potentialAction\":[{\"@type\":\"SearchAction\",\"target\":{\"@type\":\"EntryPoint\",\"urlTemplate\":\"https:\\\/\\\/yesmontreal.ca\\\/?s={search_term_string}\"},\"query-input\":{\"@type\":\"PropertyValueSpecification\",\"valueRequired\":true,\"valueName\":\"search_term_string\"}}],\"inLanguage\":\"fr-FR\"},{\"@type\":\"Organization\",\"@id\":\"https:\\\/\\\/yesmontreal.ca\\\/#organization\",\"name\":\"YES Employment + Entrepreneurship\",\"alternateName\":\"YES Montreal\",\"url\":\"https:\\\/\\\/yesmontreal.ca\\\/\",\"logo\":{\"@type\":\"ImageObject\",\"inLanguage\":\"fr-FR\",\"@id\":\"https:\\\/\\\/yesmontreal.ca\\\/#\\\/schema\\\/logo\\\/image\\\/\",\"url\":\"https:\\\/\\\/yesmontreal.ca\\\/wp-content\\\/uploads\\\/Screen-Shot-2021-03-04-at-2.59.30-PM.png\",\"contentUrl\":\"https:\\\/\\\/yesmontreal.ca\\\/wp-content\\\/uploads\\\/Screen-Shot-2021-03-04-at-2.59.30-PM.png\",\"width\":636,\"height\":308,\"caption\":\"YES Employment + Entrepreneurship\"},\"image\":{\"@id\":\"https:\\\/\\\/yesmontreal.ca\\\/#\\\/schema\\\/logo\\\/image\\\/\"},\"sameAs\":[\"https:\\\/\\\/www.facebook.com\\\/yes.montreal\",\"https:\\\/\\\/x.com\\\/YESMontreal\",\"https:\\\/\\\/www.instagram.com\\\/yesmontreal\\\/\",\"http:\\\/\\\/ca.linkedin.com\\\/in\\\/yesmontreal\",\"https:\\\/\\\/www.youtube.com\\\/user\\\/YESMontreal\"]}]}<\/script>\n<!-- \/ Yoast SEO plugin. -->","yoast_head_json":{"title":"Boostez votre productivit\u00e9 : Gestion du temps pour artistes","description":"Boostez votre productivit\u00e9 avec la gestion du temps pour artistes. Apprenez \u00e0 \u00e9quilibrer cr\u00e9ativit\u00e9 et obligations professionnelles.","robots":{"index":"index","follow":"follow","max-snippet":"max-snippet:-1","max-image-preview":"max-image-preview:large","max-video-preview":"max-video-preview:-1"},"canonical":"https:\/\/yesmontreal.ca\/fr\/event\/boostez-votre-productivite-gestion-du-temps-pour-artistes\/","og_locale":"fr_FR","og_type":"article","og_title":"Boostez votre productivit\u00e9 : Gestion du temps pour artistes","og_description":"Boostez votre productivit\u00e9 avec la gestion du temps pour artistes. Apprenez \u00e0 \u00e9quilibrer cr\u00e9ativit\u00e9 et obligations professionnelles.","og_url":"https:\/\/yesmontreal.ca\/fr\/event\/boostez-votre-productivite-gestion-du-temps-pour-artistes\/","og_site_name":"YES Employment and Entrepreneurship","article_publisher":"https:\/\/www.facebook.com\/yes.montreal","article_modified_time":"2025-09-09T19:57:43+00:00","og_image":[{"width":940,"height":470,"url":"https:\/\/yesmontreal.ca\/wp-content\/uploads\/time-management-for-artists.jpg","type":"image\/jpeg"}],"twitter_card":"summary_large_image","twitter_site":"@YESMontreal","twitter_misc":{"Dur\u00e9e de lecture estim\u00e9e":"2 minutes"},"schema":{"@context":"https:\/\/schema.org","@graph":[{"@type":"WebPage","@id":"https:\/\/yesmontreal.ca\/fr\/event\/boostez-votre-productivite-gestion-du-temps-pour-artistes\/","url":"https:\/\/yesmontreal.ca\/fr\/event\/boostez-votre-productivite-gestion-du-temps-pour-artistes\/","name":"Boostez votre productivit\u00e9 : Gestion du temps pour artistes","isPartOf":{"@id":"https:\/\/yesmontreal.ca\/#website"},"primaryImageOfPage":{"@id":"https:\/\/yesmontreal.ca\/fr\/event\/boostez-votre-productivite-gestion-du-temps-pour-artistes\/#primaryimage"},"image":{"@id":"https:\/\/yesmontreal.ca\/fr\/event\/boostez-votre-productivite-gestion-du-temps-pour-artistes\/#primaryimage"},"thumbnailUrl":"https:\/\/yesmontreal.ca\/wp-content\/uploads\/time-management-for-artists.jpg","datePublished":"2025-09-09T19:35:38+00:00","dateModified":"2025-09-09T19:57:43+00:00","description":"Boostez votre productivit\u00e9 avec la gestion du temps pour artistes. Apprenez \u00e0 \u00e9quilibrer cr\u00e9ativit\u00e9 et obligations professionnelles.","breadcrumb":{"@id":"https:\/\/yesmontreal.ca\/fr\/event\/boostez-votre-productivite-gestion-du-temps-pour-artistes\/#breadcrumb"},"inLanguage":"fr-FR","potentialAction":[{"@type":"ReadAction","target":["https:\/\/yesmontreal.ca\/fr\/event\/boostez-votre-productivite-gestion-du-temps-pour-artistes\/"]}]},{"@type":"ImageObject","inLanguage":"fr-FR","@id":"https:\/\/yesmontreal.ca\/fr\/event\/boostez-votre-productivite-gestion-du-temps-pour-artistes\/#primaryimage","url":"https:\/\/yesmontreal.ca\/wp-content\/uploads\/time-management-for-artists.jpg","contentUrl":"https:\/\/yesmontreal.ca\/wp-content\/uploads\/time-management-for-artists.jpg"},{"@type":"BreadcrumbList","@id":"https:\/\/yesmontreal.ca\/fr\/event\/boostez-votre-productivite-gestion-du-temps-pour-artistes\/#breadcrumb","itemListElement":[{"@type":"ListItem","position":1,"name":"Home","item":"https:\/\/yesmontreal.ca\/fr\/"},{"@type":"ListItem","position":2,"name":"Events","item":"https:\/\/yesmontreal.ca\/events\/"},{"@type":"ListItem","position":3,"name":"Learn@Lunch : Gestion du temps pour les artistes travailleurs autonomes"}]},{"@type":"WebSite","@id":"https:\/\/yesmontreal.ca\/#website","url":"https:\/\/yesmontreal.ca\/","name":"YES Employment and Entrepreneurship","description":"Free Employment and Entrepreneurship services in Quebec","publisher":{"@id":"https:\/\/yesmontreal.ca\/#organization"},"potentialAction":[{"@type":"SearchAction","target":{"@type":"EntryPoint","urlTemplate":"https:\/\/yesmontreal.ca\/?s={search_term_string}"},"query-input":{"@type":"PropertyValueSpecification","valueRequired":true,"valueName":"search_term_string"}}],"inLanguage":"fr-FR"},{"@type":"Organization","@id":"https:\/\/yesmontreal.ca\/#organization","name":"YES Employment + Entrepreneurship","alternateName":"YES Montreal","url":"https:\/\/yesmontreal.ca\/","logo":{"@type":"ImageObject","inLanguage":"fr-FR","@id":"https:\/\/yesmontreal.ca\/#\/schema\/logo\/image\/","url":"https:\/\/yesmontreal.ca\/wp-content\/uploads\/Screen-Shot-2021-03-04-at-2.59.30-PM.png","contentUrl":"https:\/\/yesmontreal.ca\/wp-content\/uploads\/Screen-Shot-2021-03-04-at-2.59.30-PM.png","width":636,"height":308,"caption":"YES Employment + Entrepreneurship"},"image":{"@id":"https:\/\/yesmontreal.ca\/#\/schema\/logo\/image\/"},"sameAs":["https:\/\/www.facebook.com\/yes.montreal","https:\/\/x.com\/YESMontreal","https:\/\/www.instagram.com\/yesmontreal\/","http:\/\/ca.linkedin.com\/in\/yesmontreal","https:\/\/www.youtube.com\/user\/YESMontreal"]}]}},"_links":{"self":[{"href":"https:\/\/yesmontreal.ca\/fr\/wp-json\/wp\/v2\/tribe_events\/88989","targetHints":{"allow":["GET"]}}],"collection":[{"href":"https:\/\/yesmontreal.ca\/fr\/wp-json\/wp\/v2\/tribe_events"}],"about":[{"href":"https:\/\/yesmontreal.ca\/fr\/wp-json\/wp\/v2\/types\/tribe_events"}],"author":[{"embeddable":true,"href":"https:\/\/yesmontreal.ca\/fr\/wp-json\/wp\/v2\/users\/10"}],"version-history":[{"count":0,"href":"https:\/\/yesmontreal.ca\/fr\/wp-json\/wp\/v2\/tribe_events\/88989\/revisions"}],"wp:attachment":[{"href":"https:\/\/yesmontreal.ca\/fr\/wp-json\/wp\/v2\/media?parent=88989"}],"wp:term":[{"taxonomy":"post_tag","embeddable":true,"href":"https:\/\/yesmontreal.ca\/fr\/wp-json\/wp\/v2\/tags?post=88989"},{"taxonomy":"tribe_events_cat","embeddable":true,"href":"https:\/\/yesmontreal.ca\/fr\/wp-json\/wp\/v2\/tribe_events_cat?post=88989"}],"curies":[{"name":"wp","href":"https:\/\/api.w.org\/{rel}","templated":true}]}}