{"id":87143,"date":"2025-07-09T13:23:08","date_gmt":"2025-07-09T17:23:08","guid":{"rendered":"https:\/\/yesmontreal.ca\/event\/se-demarquer-tactiques-et-conseils-pour-les-cv\/"},"modified":"2025-07-10T17:12:29","modified_gmt":"2025-07-10T21:12:29","slug":"se-demarquer-tactiques-et-conseils-pour-les-cv","status":"publish","type":"tribe_events","link":"https:\/\/yesmontreal.ca\/fr\/event\/se-demarquer-tactiques-et-conseils-pour-les-cv\/2025-07-22\/","title":{"rendered":"Se d\u00e9marquer : Tactiques et conseils pour les CV"},"content":{"rendered":"<p><img decoding=\"async\" class=\"alignnone wp-image-76732 size-large\" src=\"https:\/\/yesmontreal.ca\/wp-content\/uploads\/\/GroupWorkingAtDesk19-1024x683.jpg\" alt=\"Groupe de demandeurs d'emploi, assis autour d'une table, travaillant sur leur cv\" width=\"1024\" height=\"683\" \/><\/p>\n<h1><strong>Apprenez \u00e0 mettre en valeur vos comp\u00e9tences uniques !<\/strong><\/h1>\n<p><em><strong>*Veuillez noter que cela se d\u00e9roulera en anglais seulement.<\/strong><\/em><\/p>\n<p><span data-contrast=\"auto\">Votre CV joue un r\u00f4le essentiel dans tout processus de candidature \u00e0 un emploi. C&rsquo;est souvent la premi\u00e8re occasion de vous d\u00e9marquer. Il peut \u00e9galement faire une forte premi\u00e8re impression sur les employeurs potentiels. Sur le march\u00e9 du travail comp\u00e9titif d&rsquo;aujourd&rsquo;hui, il est essentiel de trouver le bon \u00e9quilibre entre le contenu, la structure et la narration professionnelle pour se d\u00e9marquer. <\/span><span data-ccp-props=\"{\">Apprenez \u00e0 am\u00e9liorer votre CV ; un CV<\/span><span data-contrast=\"auto\"> qui non seulement mettra en valeur vos comp\u00e9tences et vos r\u00e9alisations distinctives, mais trouvera \u00e9galement un \u00e9cho aupr\u00e8s des responsables du recrutement. <\/span><\/p>\n<p>Au cours de cette session interactive, vous<span data-contrast=\"auto\">d\u00e9couvrirez des strat\u00e9gies concr\u00e8tes pour<\/span><span data-contrast=\"auto\">,<\/span><span data-contrast=\"auto\"> la personnalisation et l&rsquo;optimisation de votre CV pour mettre en valeur vos qualifications. Que vous soyez un jeune dipl\u00f4m\u00e9 entrant sur le march\u00e9 du travail, un professionnel cherchant \u00e0 changer de carri\u00e8re ou quelqu&rsquo;un visant une \u00e9volution de carri\u00e8re, cet atelier est con\u00e7u pour r\u00e9pondre \u00e0 vos besoins. <\/span><\/p>\n<p><span data-contrast=\"auto\">Notre facilitateur expert vous guidera tout au long du processus de cr\u00e9ation de votre CV. Nous irons de l&rsquo;identification de votre public cible \u00e0 l&rsquo;adaptation de votre CV \u00e0 des r\u00f4les sp\u00e9cifiques. Nous nous pencherons \u00e9galement sur l&rsquo;utilisation strat\u00e9gique de mots-cl\u00e9s refl\u00e9tant les tendances du secteur. Vous apprendrez \u00e9galement \u00e0 mettre en valeur vos r\u00e9alisations de mani\u00e8re \u00e0 raconter votre parcours professionnel. <\/span><\/p>\n<h2><strong>Obtenez des conseils \u00e9prouv\u00e9s pour vous d\u00e9marquer et r\u00e9ussir.<\/strong><\/h2>\n<p><span data-contrast=\"auto\">Cet atelier va au-del\u00e0 des principes de base et vous offre un aper\u00e7u pratique de la mise en forme, <\/span><span data-contrast=\"auto\">la structuration<\/span><span data-contrast=\"auto\">et la personnalisation de votre CV pour un impact maximal. En outre, vous obtiendrez des conseils pour \u00e9viter les erreurs courantes qui pourraient vous freiner dans votre recherche d&#8217;emploi. <\/span><\/p>\n<p><span data-contrast=\"auto\">Ne manquez pas cette occasion d&rsquo;am\u00e9liorer votre recherche d&#8217;emploi et de renforcer votre confiance en vous. Rejoignez-nous pour d\u00e9chiffrer le code de la cr\u00e9ation d&rsquo;un CV qui ouvre les portes \u00e0 de nouvelles opportunit\u00e9s passionnantes. <\/span><\/p>\n<h3><b><span data-contrast=\"auto\">Inscrivez-vous d\u00e8s maintenant et faites le premier pas vers votre prochaine carri\u00e8re !<\/span><\/b><\/h3>\n<p>Une inscription pr\u00e9alable est n\u00e9cessaire.<\/p>\n<div class=\"eventRegistration\"><a href=\"https:\/\/www.eventbrite.ca\/e\/set-yourself-apart-tactics-and-tips-for-cvs-tickets-1097385823539\" target=\"_blank\" rel=\"noopener\">S&rsquo;inscrire<\/a><\/div>\n<p>Cet atelier est disponible sous la forme d&rsquo;un webinaire en ligne, diffus\u00e9 en direct.<\/p>\n<p>Une fois inscrit, vous recevrez un courriel contenant les instructions pour vous connecter quelques heures avant le d\u00e9but de l&rsquo;atelier. Veuillez v\u00e9rifier votre dossier Spam\/Junk si vous n&rsquo;avez pas re\u00e7u l&rsquo;e-mail contenant les instructions une heure avant le d\u00e9but de l&rsquo;atelier.<\/p>\n<p>Pour en savoir plus sur nos services de l&#8217;emploi <strong><a href=\"https:\/\/yesmontreal.ca\/fr\/emploi\/\" target=\"_blank\" rel=\"noopener\">ici<\/a><\/strong>.<\/p>\n","protected":false},"excerpt":{"rendered":"<p>Ne manquez pas cette occasion d&rsquo;am\u00e9liorer votre recherche d&#8217;emploi et de renforcer votre confiance en vous. Rejoignez-nous pour d\u00e9couvrir comment am\u00e9liorer votre CV, qui vous ouvrira les portes de nouvelles opportunit\u00e9s passionnantes ! <\/p>\n","protected":false},"author":10,"featured_media":0,"template":"","meta":{"_et_pb_use_builder":"","_et_pb_old_content":"","_et_gb_content_width":"","_crdt_document":"","_tribe_events_status":"","_tribe_events_status_reason":"","_tribe_events_is_hybrid":"","_tribe_events_is_virtual":"","_tribe_events_virtual_video_source":"","_tribe_events_virtual_embed_video":"","_tribe_events_virtual_linked_button_text":"","_tribe_events_virtual_linked_button":"","_tribe_events_virtual_show_embed_at":"","_tribe_events_virtual_show_embed_to":[],"_tribe_events_virtual_show_on_event":"","_tribe_events_virtual_show_on_views":"","_tribe_events_virtual_url":"","footnotes":""},"tags":[341,321,346,326,342,343,345],"tribe_events_cat":[281,344,284],"class_list":["post-87143","tribe_events","type-tribe_events","status-publish","hentry","tag-apply-for-jobs-fr","tag-carriere","tag-cv-fr","tag-developpement-de-carriere","tag-job-search-fr","tag-job-seeker-fr","tag-lettre-de-motivation","tribe_events_cat-daytime-fr","tribe_events_cat-employment-fr","tribe_events_cat-virtual-fr","cat_daytime-fr","cat_employment-fr","cat_virtual-fr","tribe-recurring-event","tribe-recurring-event-parent"],"yoast_head":"<!-- This site is optimized with the Yoast SEO plugin v27.4 - https:\/\/yoast.com\/product\/yoast-seo-wordpress\/ -->\n<title>Comment am\u00e9liorer votre CV<\/title>\n<meta name=\"description\" content=\"Rejoignez-nous pour donner un coup d&#039;acc\u00e9l\u00e9rateur \u00e0 votre recherche d&#039;emploi et d\u00e9couvrir comment am\u00e9liorer votre CV, afin qu&#039;il vous ouvre les portes de nouvelles opportunit\u00e9s passionnantes !\" \/>\n<meta name=\"robots\" content=\"index, follow, max-snippet:-1, max-image-preview:large, max-video-preview:-1\" \/>\n<link rel=\"canonical\" href=\"https:\/\/yesmontreal.ca\/fr\/event\/se-demarquer-tactiques-et-conseils-pour-les-cv\/2025-07-22\/\" \/>\n<meta property=\"og:locale\" content=\"fr_FR\" \/>\n<meta property=\"og:type\" content=\"article\" \/>\n<meta property=\"og:title\" content=\"Comment am\u00e9liorer votre CV\" \/>\n<meta property=\"og:description\" content=\"Rejoignez-nous pour donner un coup d&#039;acc\u00e9l\u00e9rateur \u00e0 votre recherche d&#039;emploi et d\u00e9couvrir comment am\u00e9liorer votre CV, afin qu&#039;il vous ouvre les portes de nouvelles opportunit\u00e9s passionnantes !\" \/>\n<meta property=\"og:url\" content=\"https:\/\/yesmontreal.ca\/fr\/event\/se-demarquer-tactiques-et-conseils-pour-les-cv\/2025-07-22\/\" \/>\n<meta property=\"og:site_name\" content=\"YES Employment and Entrepreneurship\" \/>\n<meta property=\"article:publisher\" content=\"https:\/\/www.facebook.com\/yes.montreal\" \/>\n<meta property=\"article:modified_time\" content=\"2025-07-10T21:12:29+00:00\" \/>\n<meta property=\"og:image\" content=\"https:\/\/yesmontreal.ca\/wp-content\/uploads\/GroupWorkingAtDesk19-scaled.jpg\" \/>\n\t<meta property=\"og:image:width\" content=\"2000\" \/>\n\t<meta property=\"og:image:height\" content=\"1334\" \/>\n\t<meta property=\"og:image:type\" content=\"image\/jpeg\" \/>\n<meta name=\"twitter:card\" content=\"summary_large_image\" \/>\n<meta name=\"twitter:site\" content=\"@YESMontreal\" \/>\n<meta name=\"twitter:label1\" content=\"Dur\u00e9e de lecture estim\u00e9e\" \/>\n\t<meta name=\"twitter:data1\" content=\"2 minutes\" \/>\n<script type=\"application\/ld+json\" class=\"yoast-schema-graph\">{\"@context\":\"https:\\\/\\\/schema.org\",\"@graph\":[{\"@type\":\"WebPage\",\"@id\":\"https:\\\/\\\/yesmontreal.ca\\\/fr\\\/event\\\/se-demarquer-tactiques-et-conseils-pour-les-cv\\\/2025-07-22\\\/\",\"url\":\"https:\\\/\\\/yesmontreal.ca\\\/fr\\\/event\\\/se-demarquer-tactiques-et-conseils-pour-les-cv\\\/2025-07-22\\\/\",\"name\":\"Comment am\u00e9liorer votre CV\",\"isPartOf\":{\"@id\":\"https:\\\/\\\/yesmontreal.ca\\\/#website\"},\"primaryImageOfPage\":{\"@id\":\"https:\\\/\\\/yesmontreal.ca\\\/fr\\\/event\\\/se-demarquer-tactiques-et-conseils-pour-les-cv\\\/2025-07-22\\\/#primaryimage\"},\"image\":{\"@id\":\"https:\\\/\\\/yesmontreal.ca\\\/fr\\\/event\\\/se-demarquer-tactiques-et-conseils-pour-les-cv\\\/2025-07-22\\\/#primaryimage\"},\"thumbnailUrl\":\"https:\\\/\\\/yesmontreal.ca\\\/wp-content\\\/uploads\\\/\\\/GroupWorkingAtDesk19-1024x683.jpg\",\"datePublished\":\"2025-07-09T17:23:08+00:00\",\"dateModified\":\"2025-07-10T21:12:29+00:00\",\"description\":\"Rejoignez-nous pour donner un coup d'acc\u00e9l\u00e9rateur \u00e0 votre recherche d'emploi et d\u00e9couvrir comment am\u00e9liorer votre CV, afin qu'il vous ouvre les portes de nouvelles opportunit\u00e9s passionnantes !\",\"breadcrumb\":{\"@id\":\"https:\\\/\\\/yesmontreal.ca\\\/fr\\\/event\\\/se-demarquer-tactiques-et-conseils-pour-les-cv\\\/2025-07-22\\\/#breadcrumb\"},\"inLanguage\":\"fr-FR\",\"potentialAction\":[{\"@type\":\"ReadAction\",\"target\":[\"https:\\\/\\\/yesmontreal.ca\\\/fr\\\/event\\\/se-demarquer-tactiques-et-conseils-pour-les-cv\\\/2025-07-22\\\/\"]}]},{\"@type\":\"ImageObject\",\"inLanguage\":\"fr-FR\",\"@id\":\"https:\\\/\\\/yesmontreal.ca\\\/fr\\\/event\\\/se-demarquer-tactiques-et-conseils-pour-les-cv\\\/2025-07-22\\\/#primaryimage\",\"url\":\"https:\\\/\\\/yesmontreal.ca\\\/wp-content\\\/uploads\\\/\\\/GroupWorkingAtDesk19-1024x683.jpg\",\"contentUrl\":\"https:\\\/\\\/yesmontreal.ca\\\/wp-content\\\/uploads\\\/\\\/GroupWorkingAtDesk19-1024x683.jpg\"},{\"@type\":\"BreadcrumbList\",\"@id\":\"https:\\\/\\\/yesmontreal.ca\\\/fr\\\/event\\\/se-demarquer-tactiques-et-conseils-pour-les-cv\\\/2025-07-22\\\/#breadcrumb\",\"itemListElement\":[{\"@type\":\"ListItem\",\"position\":1,\"name\":\"Home\",\"item\":\"https:\\\/\\\/yesmontreal.ca\\\/fr\\\/\"},{\"@type\":\"ListItem\",\"position\":2,\"name\":\"Events\",\"item\":\"https:\\\/\\\/yesmontreal.ca\\\/events\\\/\"},{\"@type\":\"ListItem\",\"position\":3,\"name\":\"Se d\u00e9marquer : Tactiques et conseils pour les CV\"}]},{\"@type\":\"WebSite\",\"@id\":\"https:\\\/\\\/yesmontreal.ca\\\/#website\",\"url\":\"https:\\\/\\\/yesmontreal.ca\\\/\",\"name\":\"YES Employment and Entrepreneurship\",\"description\":\"Free Employment and Entrepreneurship services in Quebec\",\"publisher\":{\"@id\":\"https:\\\/\\\/yesmontreal.ca\\\/#organization\"},\"potentialAction\":[{\"@type\":\"SearchAction\",\"target\":{\"@type\":\"EntryPoint\",\"urlTemplate\":\"https:\\\/\\\/yesmontreal.ca\\\/?s={search_term_string}\"},\"query-input\":{\"@type\":\"PropertyValueSpecification\",\"valueRequired\":true,\"valueName\":\"search_term_string\"}}],\"inLanguage\":\"fr-FR\"},{\"@type\":\"Organization\",\"@id\":\"https:\\\/\\\/yesmontreal.ca\\\/#organization\",\"name\":\"YES Employment + Entrepreneurship\",\"alternateName\":\"YES Montreal\",\"url\":\"https:\\\/\\\/yesmontreal.ca\\\/\",\"logo\":{\"@type\":\"ImageObject\",\"inLanguage\":\"fr-FR\",\"@id\":\"https:\\\/\\\/yesmontreal.ca\\\/#\\\/schema\\\/logo\\\/image\\\/\",\"url\":\"https:\\\/\\\/yesmontreal.ca\\\/wp-content\\\/uploads\\\/Screen-Shot-2021-03-04-at-2.59.30-PM.png\",\"contentUrl\":\"https:\\\/\\\/yesmontreal.ca\\\/wp-content\\\/uploads\\\/Screen-Shot-2021-03-04-at-2.59.30-PM.png\",\"width\":636,\"height\":308,\"caption\":\"YES Employment + Entrepreneurship\"},\"image\":{\"@id\":\"https:\\\/\\\/yesmontreal.ca\\\/#\\\/schema\\\/logo\\\/image\\\/\"},\"sameAs\":[\"https:\\\/\\\/www.facebook.com\\\/yes.montreal\",\"https:\\\/\\\/x.com\\\/YESMontreal\",\"https:\\\/\\\/www.instagram.com\\\/yesmontreal\\\/\",\"http:\\\/\\\/ca.linkedin.com\\\/in\\\/yesmontreal\",\"https:\\\/\\\/www.youtube.com\\\/user\\\/YESMontreal\"]}]}<\/script>\n<!-- \/ Yoast SEO plugin. -->","yoast_head_json":{"title":"Comment am\u00e9liorer votre CV","description":"Rejoignez-nous pour donner un coup d'acc\u00e9l\u00e9rateur \u00e0 votre recherche d'emploi et d\u00e9couvrir comment am\u00e9liorer votre CV, afin qu'il vous ouvre les portes de nouvelles opportunit\u00e9s passionnantes !","robots":{"index":"index","follow":"follow","max-snippet":"max-snippet:-1","max-image-preview":"max-image-preview:large","max-video-preview":"max-video-preview:-1"},"canonical":"https:\/\/yesmontreal.ca\/fr\/event\/se-demarquer-tactiques-et-conseils-pour-les-cv\/2025-07-22\/","og_locale":"fr_FR","og_type":"article","og_title":"Comment am\u00e9liorer votre CV","og_description":"Rejoignez-nous pour donner un coup d'acc\u00e9l\u00e9rateur \u00e0 votre recherche d'emploi et d\u00e9couvrir comment am\u00e9liorer votre CV, afin qu'il vous ouvre les portes de nouvelles opportunit\u00e9s passionnantes !","og_url":"https:\/\/yesmontreal.ca\/fr\/event\/se-demarquer-tactiques-et-conseils-pour-les-cv\/2025-07-22\/","og_site_name":"YES Employment and Entrepreneurship","article_publisher":"https:\/\/www.facebook.com\/yes.montreal","article_modified_time":"2025-07-10T21:12:29+00:00","og_image":[{"width":2000,"height":1334,"url":"https:\/\/yesmontreal.ca\/wp-content\/uploads\/GroupWorkingAtDesk19-scaled.jpg","type":"image\/jpeg"}],"twitter_card":"summary_large_image","twitter_site":"@YESMontreal","twitter_misc":{"Dur\u00e9e de lecture estim\u00e9e":"2 minutes"},"schema":{"@context":"https:\/\/schema.org","@graph":[{"@type":"WebPage","@id":"https:\/\/yesmontreal.ca\/fr\/event\/se-demarquer-tactiques-et-conseils-pour-les-cv\/2025-07-22\/","url":"https:\/\/yesmontreal.ca\/fr\/event\/se-demarquer-tactiques-et-conseils-pour-les-cv\/2025-07-22\/","name":"Comment am\u00e9liorer votre CV","isPartOf":{"@id":"https:\/\/yesmontreal.ca\/#website"},"primaryImageOfPage":{"@id":"https:\/\/yesmontreal.ca\/fr\/event\/se-demarquer-tactiques-et-conseils-pour-les-cv\/2025-07-22\/#primaryimage"},"image":{"@id":"https:\/\/yesmontreal.ca\/fr\/event\/se-demarquer-tactiques-et-conseils-pour-les-cv\/2025-07-22\/#primaryimage"},"thumbnailUrl":"https:\/\/yesmontreal.ca\/wp-content\/uploads\/\/GroupWorkingAtDesk19-1024x683.jpg","datePublished":"2025-07-09T17:23:08+00:00","dateModified":"2025-07-10T21:12:29+00:00","description":"Rejoignez-nous pour donner un coup d'acc\u00e9l\u00e9rateur \u00e0 votre recherche d'emploi et d\u00e9couvrir comment am\u00e9liorer votre CV, afin qu'il vous ouvre les portes de nouvelles opportunit\u00e9s passionnantes !","breadcrumb":{"@id":"https:\/\/yesmontreal.ca\/fr\/event\/se-demarquer-tactiques-et-conseils-pour-les-cv\/2025-07-22\/#breadcrumb"},"inLanguage":"fr-FR","potentialAction":[{"@type":"ReadAction","target":["https:\/\/yesmontreal.ca\/fr\/event\/se-demarquer-tactiques-et-conseils-pour-les-cv\/2025-07-22\/"]}]},{"@type":"ImageObject","inLanguage":"fr-FR","@id":"https:\/\/yesmontreal.ca\/fr\/event\/se-demarquer-tactiques-et-conseils-pour-les-cv\/2025-07-22\/#primaryimage","url":"https:\/\/yesmontreal.ca\/wp-content\/uploads\/\/GroupWorkingAtDesk19-1024x683.jpg","contentUrl":"https:\/\/yesmontreal.ca\/wp-content\/uploads\/\/GroupWorkingAtDesk19-1024x683.jpg"},{"@type":"BreadcrumbList","@id":"https:\/\/yesmontreal.ca\/fr\/event\/se-demarquer-tactiques-et-conseils-pour-les-cv\/2025-07-22\/#breadcrumb","itemListElement":[{"@type":"ListItem","position":1,"name":"Home","item":"https:\/\/yesmontreal.ca\/fr\/"},{"@type":"ListItem","position":2,"name":"Events","item":"https:\/\/yesmontreal.ca\/events\/"},{"@type":"ListItem","position":3,"name":"Se d\u00e9marquer : Tactiques et conseils pour les CV"}]},{"@type":"WebSite","@id":"https:\/\/yesmontreal.ca\/#website","url":"https:\/\/yesmontreal.ca\/","name":"YES Employment and Entrepreneurship","description":"Free Employment and Entrepreneurship services in Quebec","publisher":{"@id":"https:\/\/yesmontreal.ca\/#organization"},"potentialAction":[{"@type":"SearchAction","target":{"@type":"EntryPoint","urlTemplate":"https:\/\/yesmontreal.ca\/?s={search_term_string}"},"query-input":{"@type":"PropertyValueSpecification","valueRequired":true,"valueName":"search_term_string"}}],"inLanguage":"fr-FR"},{"@type":"Organization","@id":"https:\/\/yesmontreal.ca\/#organization","name":"YES Employment + Entrepreneurship","alternateName":"YES Montreal","url":"https:\/\/yesmontreal.ca\/","logo":{"@type":"ImageObject","inLanguage":"fr-FR","@id":"https:\/\/yesmontreal.ca\/#\/schema\/logo\/image\/","url":"https:\/\/yesmontreal.ca\/wp-content\/uploads\/Screen-Shot-2021-03-04-at-2.59.30-PM.png","contentUrl":"https:\/\/yesmontreal.ca\/wp-content\/uploads\/Screen-Shot-2021-03-04-at-2.59.30-PM.png","width":636,"height":308,"caption":"YES Employment + Entrepreneurship"},"image":{"@id":"https:\/\/yesmontreal.ca\/#\/schema\/logo\/image\/"},"sameAs":["https:\/\/www.facebook.com\/yes.montreal","https:\/\/x.com\/YESMontreal","https:\/\/www.instagram.com\/yesmontreal\/","http:\/\/ca.linkedin.com\/in\/yesmontreal","https:\/\/www.youtube.com\/user\/YESMontreal"]}]}},"_links":{"self":[{"href":"https:\/\/yesmontreal.ca\/fr\/wp-json\/wp\/v2\/tribe_events\/87143","targetHints":{"allow":["GET"]}}],"collection":[{"href":"https:\/\/yesmontreal.ca\/fr\/wp-json\/wp\/v2\/tribe_events"}],"about":[{"href":"https:\/\/yesmontreal.ca\/fr\/wp-json\/wp\/v2\/types\/tribe_events"}],"author":[{"embeddable":true,"href":"https:\/\/yesmontreal.ca\/fr\/wp-json\/wp\/v2\/users\/10"}],"version-history":[{"count":0,"href":"https:\/\/yesmontreal.ca\/fr\/wp-json\/wp\/v2\/tribe_events\/87143\/revisions"}],"wp:attachment":[{"href":"https:\/\/yesmontreal.ca\/fr\/wp-json\/wp\/v2\/media?parent=87143"}],"wp:term":[{"taxonomy":"post_tag","embeddable":true,"href":"https:\/\/yesmontreal.ca\/fr\/wp-json\/wp\/v2\/tags?post=87143"},{"taxonomy":"tribe_events_cat","embeddable":true,"href":"https:\/\/yesmontreal.ca\/fr\/wp-json\/wp\/v2\/tribe_events_cat?post=87143"}],"curies":[{"name":"wp","href":"https:\/\/api.w.org\/{rel}","templated":true}]}}