{"id":99465,"date":"2026-08-20T11:22:19","date_gmt":"2026-08-20T15:22:19","guid":{"rendered":"https:\/\/yesmontreal.ca\/bureau-yes-de-laval\/"},"modified":"2026-08-20T12:07:12","modified_gmt":"2026-08-20T16:07:12","slug":"bureau-yes-de-laval","status":"publish","type":"page","link":"https:\/\/yesmontreal.ca\/fr\/bureau-yes-de-laval\/","title":{"rendered":"Bureau YES de Laval"},"content":{"rendered":"<p>[et_pb_section fb_built=\u00a0\u00bb1&Prime; next_background_color=\u00a0\u00bb#ffffff\u00a0\u00bb module_class=\u00a0\u00bbno_darkmode\u00a0\u00bb _builder_version=\u00a0\u00bb4.27.7&Prime; background_enable_color=\u00a0\u00bboff\u00a0\u00bb use_background_color_gradient=\u00a0\u00bbon\u00a0\u00bb background_color_gradient_stops=\u00a0\u00bbrgba(11,186,210,0.54) 0%|rgba(90,91,93,0.4) 99%\u00a0\u00bb background_color_gradient_overlays_image=\u00a0\u00bbon\u00a0\u00bb background_image=\u00a0\u00bbhttps:\/\/yesmontreal.ca\/wp-content\/uploads\/amy-hirschi-JaoVGh5aJ3E-unsplash-scaled.jpg\u00a0\u00bb min_height=\u00a0\u00bb492px\u00a0\u00bb min_height_tablet=\u00a0\u00bb457px\u00a0\u00bb min_height_phone=\u00a0\u00bb494px\u00a0\u00bb min_height_last_edited=\u00a0\u00bbon|desktop\u00a0\u00bb height=\u00a0\u00bb467px\u00a0\u00bb max_height=\u00a0\u00bb457px\u00a0\u00bb custom_margin=\u00a0\u00bb||||false|false\u00a0\u00bb custom_padding=\u00a0\u00bb2px||23px|||\u00a0\u00bb bottom_divider_style=\u00a0\u00bbslant\u00a0\u00bb bottom_divider_height=\u00a0\u00bb55px\u00a0\u00bb bottom_divider_flip=\u00a0\u00bbhorizontal\u00a0\u00bb z_index_tablet=\u00a0\u00bb500&Prime; box_shadow_horizontal_tablet=\u00a0\u00bb0px\u00a0\u00bb box_shadow_vertical_tablet=\u00a0\u00bb0px\u00a0\u00bb box_shadow_blur_tablet=\u00a0\u00bb40px\u00a0\u00bb box_shadow_spread_tablet=\u00a0\u00bb0px\u00a0\u00bb locked=\u00a0\u00bboff\u00a0\u00bb global_colors_info=\u00a0\u00bb{%22gcid-91f9459c-2b09-440f-8896-fbb053721c08%22:%91%22colorEnd%22,%22colorStart%22%93}\u00a0\u00bb][et_pb_row custom_padding_last_edited=\u00a0\u00bbon|phone\u00a0\u00bb _builder_version=\u00a0\u00bb4.27.7&Prime; custom_padding=\u00a0\u00bb99px||96px||false|false\u00a0\u00bb custom_padding_tablet=\u00a0\u00bb60px||60px||true|false\u00a0\u00bb custom_padding_phone=\u00a0\u00bb49px||49px||true|false\u00a0\u00bb global_colors_info=\u00a0\u00bb{}\u00a0\u00bb][et_pb_column type=\u00a0\u00bb4_4&Prime; _builder_version=\u00a0\u00bb4.16&Prime; global_colors_info=\u00a0\u00bb{}\u00a0\u00bb][et_pb_text content_tablet=\u00a0\u00bb<\/p>\n<h1>Des services d\u2019emploi et de carri\u00e8re arrivent \u00e0 Laval<\/h1>\n<p style=%22text-align: center; font-size: 20px; line-height: 1.5; max-width: 800px; margin: 20px auto 0 auto; opacity: .9;%22>Bient\u00f4t, un nouveau bureau pour rendre les services d\u2019emploi et de carri\u00e8re en anglais plus accessibles \u00e0 Laval et dans les environs.<\/p>\n<p>\u00a0\u00bb content_phone=\u00a0\u00bb<\/p>\n<h1 style=%22text-align: center;%22> Des services d\u2019emploi et de carri\u00e8re arrivent \u00e0 Laval<\/h1>\n<p style=%22text-align: center; font-size: 18px; line-height: 1.5; max-width: 800px; margin: 20px auto 0 auto; opacity: .9;%22>Bient\u00f4t, un nouveau bureau pour rendre les services d\u2019emploi et de carri\u00e8re en anglais plus accessibles \u00e0 Laval et dans les environs.<\/p>\n<p>\u00a0\u00bb content_last_edited=\u00a0\u00bbon|phone\u00a0\u00bb _builder_version=\u00a0\u00bb4.27.7&Prime; text_font_size=\u00a0\u00bb31px\u00a0\u00bb header_font=\u00a0\u00bb|600|||||||\u00a0\u00bb header_font_size=\u00a0\u00bb52px\u00a0\u00bb header_5_font=\u00a0\u00bb||||||||\u00a0\u00bb text_orientation=\u00a0\u00bbcenter\u00a0\u00bb background_layout=\u00a0\u00bbdark\u00a0\u00bb width=\u00a0\u00bb100%\u00a0\u00bb width_tablet=\u00a0\u00bb100%\u00a0\u00bb width_phone=\u00a0\u00bb100%\u00a0\u00bb width_last_edited=\u00a0\u00bboff|phone\u00a0\u00bb max_width=\u00a0\u00bb100%\u00a0\u00bb module_alignment=\u00a0\u00bbcenter\u00a0\u00bb custom_margin=\u00a0\u00bb||0px||false|false\u00a0\u00bb custom_padding=\u00a0\u00bb28px||22px|||\u00a0\u00bb text_font_size_tablet=\u00a0\u00bb36px\u00a0\u00bb text_font_size_phone=\u00a0\u00bb24px\u00a0\u00bb text_font_size_last_edited=\u00a0\u00bbon|phone\u00a0\u00bb header_font_size_tablet=\u00a0\u00bb44px\u00a0\u00bb header_font_size_phone=\u00a0\u00bb28px\u00a0\u00bb header_font_size_last_edited=\u00a0\u00bbon|phone\u00a0\u00bb global_colors_info=\u00a0\u00bb{}\u00a0\u00bb]<\/p>\n<h1>Des services d\u2019emploi et de carri\u00e8re arrivent \u00e0 Laval<\/h1>\n<p style=\"text-align: center; font-size: 20px; line-height: 1.5; max-width: 800px; margin: 20px auto 0 auto; opacity: .9;\">Bient\u00f4t, un nouveau bureau pour rendre les services d\u2019emploi et de carri\u00e8re en anglais plus accessibles \u00e0 Laval et dans les environs.<\/p>\n<p>[\/et_pb_text][et_pb_button button_url=\u00a0\u00bb#form\u00a0\u00bb button_text=\u00a0\u00bbInscrivez-vous \u00e0 la liste d&rsquo;int\u00e9r\u00eat\u00a0\u00bb button_alignment=\u00a0\u00bbcenter\u00a0\u00bb _builder_version=\u00a0\u00bb4.27.7&Prime; _module_preset=\u00a0\u00bbdefault\u00a0\u00bb custom_button=\u00a0\u00bbon\u00a0\u00bb button_text_size=\u00a0\u00bb16px\u00a0\u00bb button_text_color=\u00a0\u00bb#ffffff\u00a0\u00bb button_bg_color=\u00a0\u00bb#0BBAD2&Prime; button_letter_spacing=\u00a0\u00bb0px\u00a0\u00bb custom_margin=\u00a0\u00bb-3px||||false|false\u00a0\u00bb custom_padding=\u00a0\u00bb13px|45px|13px|45px|true|false\u00a0\u00bb locked=\u00a0\u00bboff\u00a0\u00bb global_colors_info=\u00a0\u00bb{}\u00a0\u00bb][\/et_pb_button][\/et_pb_column][\/et_pb_row][\/et_pb_section][et_pb_section fb_built=\u00a0\u00bb1&Prime; module_class=\u00a0\u00bbsection-intro\u00a0\u00bb _builder_version=\u00a0\u00bb4.27.7&Prime; _module_preset=\u00a0\u00bbdefault\u00a0\u00bb width=\u00a0\u00bb100%\u00a0\u00bb width_tablet=\u00a0\u00bb88%\u00a0\u00bb width_phone=\u00a0\u00bb80%\u00a0\u00bb width_last_edited=\u00a0\u00bbon|phone\u00a0\u00bb module_alignment=\u00a0\u00bbcenter\u00a0\u00bb custom_margin=\u00a0\u00bb0px||||false|false\u00a0\u00bb custom_margin_tablet=\u00a0\u00bb0px||||false|false\u00a0\u00bb custom_margin_phone=\u00a0\u00bb19px|||||\u00a0\u00bb custom_margin_last_edited=\u00a0\u00bbon|desktop\u00a0\u00bb custom_padding=\u00a0\u00bb36px|0px|0px|0px|false|true\u00a0\u00bb custom_css_main_element=\u00a0\u00bbmargin-top:-14px;\u00a0\u00bb custom_css_free_form=\u00a0\u00bbMain statement ||||||supporting line||qualifier line||||CTA button||\u00a0\u00bb locked=\u00a0\u00bboff\u00a0\u00bb global_colors_info=\u00a0\u00bb{}\u00a0\u00bb][et_pb_row _builder_version=\u00a0\u00bb4.27.7&Prime; _module_preset=\u00a0\u00bbdefault\u00a0\u00bb width=\u00a0\u00bb100%\u00a0\u00bb custom_margin=\u00a0\u00bb|auto||auto|false|false\u00a0\u00bb custom_padding=\u00a0\u00bb0px||0px||false|false\u00a0\u00bb custom_css_free_form=\u00a0\u00bbMain statement||||supporting line||qualifier line||||CTA button||\u00a0\u00bb global_colors_info=\u00a0\u00bb{}\u00a0\u00bb][et_pb_column type=\u00a0\u00bb4_4&Prime; _builder_version=\u00a0\u00bb4.27.5&Prime; _module_preset=\u00a0\u00bbdefault\u00a0\u00bb global_colors_info=\u00a0\u00bb{}\u00a0\u00bb][et_pb_text content_tablet=\u00a0\u00bb<\/p>\n<div style=%22max-width: 1100px; margin: 0 auto;%22>\n<h2 style=%22line-height: 1.7; margin: 0 0 18px;%22>Un accompagnement en mati\u00e8re d&apos;emploi et de carri\u00e8re plus pr\u00e8s de chez vous.<\/h2>\n<p style=%22font-size: 18px; line-height: 1.7; margin: 0 0 18px;%22>En rapprochant les services des lieux de vie des habitants, nous facilitons l&apos;acc\u00e8s \u00e0 un accompagnement personnalis\u00e9 et individuel, sans qu&apos;il soit n\u00e9cessaire de se rendre en ville.<\/p>\n<p style=%22font-size: 18px; line-height: 1.7; margin: 0 0 18px;%22>Que vous soyez \u00e0 la recherche d&apos;un emploi, que vous envisagiez une nouvelle orientation professionnelle, que vous planifiiez votre prochaine \u00e9tape professionnelle ou que vous envisagiez de vous lancer \u00e0 votre compte, un accompagnement personnalis\u00e9 en mati\u00e8re d&apos;emploi sera bient\u00f4t disponible dans notre nouveau centre de Laval.<\/p>\n<p style=%22font-size: 18px; line-height: 1.7; margin: 0 0 18px;%22><a href=%22#form%22 style=%22font-size: 17px;%22><strong>Inscrivez-vous \u00e0 la liste d&apos;int\u00e9r\u00eat<\/strong><\/a><strong style=%22font-size: 17px;%22> et soyez parmi les premiers \u00e0 \u00eatre inform\u00e9s d\u00e8s que des cr\u00e9neaux horaires se lib\u00e8rent.<\/strong><\/p>\n<\/div>\n<p>\u00a0\u00bb content_phone=\u00a0\u00bb<\/p>\n<div style=%22max-width: 1100px; margin: 0 auto;%22>\n<h2 style=%22line-height: 1.3; margin-bottom: 18px;%22>Un accompagnement en mati\u00e8re d&#8217;emploi et de carri\u00e8re plus pr\u00e8s de chez vous.<\/h2>\n<p style=%22font-size: 18px; line-height: 1.7; margin: 0 0 18px;%22>En rapprochant les services des lieux de vie des habitants, nous facilitons l&rsquo;acc\u00e8s \u00e0 un accompagnement personnalis\u00e9 et individuel, sans qu&rsquo;il soit n\u00e9cessaire de se rendre en ville.<\/p>\n<p style=%22font-size: 18px; line-height: 1.7; margin: 0 0 18px;%22>Que vous soyez \u00e0 la recherche d&rsquo;un emploi, que vous envisagiez une nouvelle orientation professionnelle, que vous planifiiez votre prochaine \u00e9tape professionnelle ou que vous songiez \u00e0 vous lancer \u00e0 votre compte, un accompagnement personnalis\u00e9 en mati\u00e8re d&#8217;emploi sera bient\u00f4t disponible dans notre nouveau centre de Laval.<\/p>\n<p style=%22font-size: 18px; line-height: 1.7; margin: 0 0 18px;%22><a href=%22#form%22 style=%22font-size: 17px;%22><strong>Inscrivez-vous \u00e0 la liste d&rsquo;int\u00e9r\u00eat<\/strong><\/a><strong style=%22font-size: 17px;%22> et soyez parmi les premiers \u00e0 \u00eatre inform\u00e9s d\u00e8s que des cr\u00e9neaux horaires se lib\u00e8rent.<\/strong><\/p>\n<\/div>\n<p>\u00a0\u00bb content_last_edited=\u00a0\u00bbon|phone\u00a0\u00bb _builder_version=\u00a0\u00bb4.27.7&Prime; _module_preset=\u00a0\u00bbdefault\u00a0\u00bb text_font_size=\u00a0\u00bb23px\u00a0\u00bb header_text_color=\u00a0\u00bb#3a3a3a\u00a0\u00bb header_2_font=\u00a0\u00bb|600|||||||\u00a0\u00bb header_2_text_align=\u00a0\u00bbleft\u00a0\u00bb header_2_text_color=\u00a0\u00bb#353535&Prime; header_2_font_size=\u00a0\u00bb40px\u00a0\u00bb header_2_line_height=\u00a0\u00bb1.3em\u00a0\u00bb width=\u00a0\u00bb100%\u00a0\u00bb module_alignment=\u00a0\u00bbcenter\u00a0\u00bb custom_margin=\u00a0\u00bb||14px||false|false\u00a0\u00bb custom_padding=\u00a0\u00bb0px||0px||false|false\u00a0\u00bb header_2_font_size_tablet=\u00a0\u00bb35px\u00a0\u00bb header_2_font_size_phone=\u00a0\u00bb24px\u00a0\u00bb header_2_font_size_last_edited=\u00a0\u00bbon|phone\u00a0\u00bb custom_css_free_form=\u00a0\u00bbMain statement||||supporting line||qualifier line||||CTA button||\u00a0\u00bb global_colors_info=\u00a0\u00bb{}\u00a0\u00bb]<\/p>\n<div style=\"max-width: 1100px; margin: 0 auto;\">\n<h2 style=\"line-height: 1.7; margin: 0 0 18px;\">Un accompagnement en mati\u00e8re d&#8217;emploi et de carri\u00e8re plus pr\u00e8s de chez vous.<\/h2>\n<p style=\"font-size: 18px; line-height: 1.7; margin: 0 0 18px;\">En rapprochant les services des lieux de vie des habitants, nous facilitons l&rsquo;acc\u00e8s \u00e0 un accompagnement personnalis\u00e9 et individuel, sans qu&rsquo;il soit n\u00e9cessaire de se rendre en ville.<\/p>\n<p style=\"font-size: 18px; line-height: 1.7; margin: 0 0 18px;\">Que vous soyez \u00e0 la recherche d&rsquo;un emploi, que vous envisagiez une nouvelle orientation professionnelle, que vous planifiiez votre prochaine \u00e9tape professionnelle ou que vous envisagiez de vous lancer \u00e0 votre compte, un accompagnement personnalis\u00e9 en mati\u00e8re d&#8217;emploi sera bient\u00f4t disponible dans notre nouveau centre de Laval.<\/p>\n<p style=\"font-size: 18px; line-height: 1.7; margin: 0 0 18px;\"><a href=\"#form\" style=\"font-size: 17px;\"><strong>Inscrivez-vous \u00e0 la liste d&rsquo;int\u00e9r\u00eat<\/strong><\/a><strong style=\"font-size: 17px;\"> et soyez parmi les premiers \u00e0 \u00eatre inform\u00e9s d\u00e8s que des cr\u00e9neaux horaires se lib\u00e8rent.<\/strong><\/p>\n<\/div>\n<p>[\/et_pb_text][\/et_pb_column][\/et_pb_row][\/et_pb_section][et_pb_section fb_built=\u00a0\u00bb1&Prime; _builder_version=\u00a0\u00bb4.27.7&Prime; _module_preset=\u00a0\u00bbdefault\u00a0\u00bb custom_padding=\u00a0\u00bb21px||15px|||\u00a0\u00bb global_colors_info=\u00a0\u00bb{}\u00a0\u00bb][et_pb_row _builder_version=\u00a0\u00bb4.27.7&Prime; _module_preset=\u00a0\u00bbdefault\u00a0\u00bb custom_padding=\u00a0\u00bb13px||9px|||\u00a0\u00bb global_colors_info=\u00a0\u00bb{}\u00a0\u00bb][et_pb_column type=\u00a0\u00bb4_4&Prime; _builder_version=\u00a0\u00bb4.27.7&Prime; _module_preset=\u00a0\u00bbdefault\u00a0\u00bb global_colors_info=\u00a0\u00bb{}\u00a0\u00bb][et_pb_text _builder_version=\u00a0\u00bb4.27.7&Prime; _module_preset=\u00a0\u00bbdefault\u00a0\u00bb header_3_font_size=\u00a0\u00bb31px\u00a0\u00bb header_3_line_height=\u00a0\u00bb1.4em\u00a0\u00bb header_3_font_size_tablet=\u00a0\u00bb31px\u00a0\u00bb header_3_font_size_phone=\u00a0\u00bb27px\u00a0\u00bb header_3_font_size_last_edited=\u00a0\u00bbon|phone\u00a0\u00bb global_colors_info=\u00a0\u00bb{}\u00a0\u00bb]<\/p>\n<h3>\u00c0 qui s&rsquo;adresse le programme YES Laval ?<\/h3>\n<p>[\/et_pb_text][\/et_pb_column][\/et_pb_row][et_pb_row column_structure=\u00a0\u00bb1_3,1_3,1_3&Prime; _builder_version=\u00a0\u00bb4.27.7&Prime; _module_preset=\u00a0\u00bbdefault\u00a0\u00bb custom_padding=\u00a0\u00bb||16px|||\u00a0\u00bb global_colors_info=\u00a0\u00bb{}\u00a0\u00bb][et_pb_column type=\u00a0\u00bb1_3&Prime; _builder_version=\u00a0\u00bb4.27.7&Prime; _module_preset=\u00a0\u00bbdefault\u00a0\u00bb global_colors_info=\u00a0\u00bb{}\u00a0\u00bb][et_pb_text _builder_version=\u00a0\u00bb4.27.7&Prime; _module_preset=\u00a0\u00bbdefault\u00a0\u00bb text_text_color=\u00a0\u00bb#ffffff\u00a0\u00bb header_text_color=\u00a0\u00bb#ffffff\u00a0\u00bb header_3_font=\u00a0\u00bb|600|||||||\u00a0\u00bb header_3_text_color=\u00a0\u00bb#ffffff\u00a0\u00bb background_color=\u00a0\u00bb#0896af\u00a0\u00bb custom_padding=\u00a0\u00bb15px|15px|40px|15px|false|true\u00a0\u00bb border_radii=\u00a0\u00bbon|10px|10px|10px|10px\u00a0\u00bb global_colors_info=\u00a0\u00bb{}\u00a0\u00bb]<\/p>\n<h3 style=\"text-align: left;\">Personnes \u00e0 la recherche d&rsquo;un emploi<\/h3>\n<p style=\"text-align: left;\">\u00c0 la recherche d&rsquo;un emploi ou souhaitant reprendre le travail.<\/p>\n<p>[\/et_pb_text][\/et_pb_column][et_pb_column type=\u00a0\u00bb1_3&Prime; _builder_version=\u00a0\u00bb4.27.7&Prime; _module_preset=\u00a0\u00bbdefault\u00a0\u00bb global_colors_info=\u00a0\u00bb{}\u00a0\u00bb][et_pb_text _builder_version=\u00a0\u00bb4.27.7&Prime; _module_preset=\u00a0\u00bbdefault\u00a0\u00bb text_text_color=\u00a0\u00bb#ffffff\u00a0\u00bb header_text_color=\u00a0\u00bb#ffffff\u00a0\u00bb header_3_font=\u00a0\u00bb|600|||||||\u00a0\u00bb header_3_text_color=\u00a0\u00bb#ffffff\u00a0\u00bb background_color=\u00a0\u00bb#0896af\u00a0\u00bb custom_padding=\u00a0\u00bb15px|15px|39px|15px|false|true\u00a0\u00bb border_radii=\u00a0\u00bbon|10px|10px|10px|10px\u00a0\u00bb global_colors_info=\u00a0\u00bb{}\u00a0\u00bb]<\/p>\n<h3>Personnes en reconversion professionnelle<\/h3>\n<p>Explorer de nouvelles opportunit\u00e9s ou changer de secteur d&rsquo;activit\u00e9.<\/p>\n<p>[\/et_pb_text][\/et_pb_column][et_pb_column type=\u00a0\u00bb1_3&Prime; _builder_version=\u00a0\u00bb4.27.7&Prime; _module_preset=\u00a0\u00bbdefault\u00a0\u00bb global_colors_info=\u00a0\u00bb{}\u00a0\u00bb][et_pb_text _builder_version=\u00a0\u00bb4.27.7&Prime; _module_preset=\u00a0\u00bbdefault\u00a0\u00bb text_text_color=\u00a0\u00bb#ffffff\u00a0\u00bb header_text_color=\u00a0\u00bb#ffffff\u00a0\u00bb header_3_font=\u00a0\u00bb|600|||||||\u00a0\u00bb header_3_text_color=\u00a0\u00bb#ffffff\u00a0\u00bb header_3_font_size=\u00a0\u00bb19px\u00a0\u00bb background_color=\u00a0\u00bb#0896af\u00a0\u00bb custom_padding=\u00a0\u00bb15px|15px|15px|15px|true|true\u00a0\u00bb border_radii=\u00a0\u00bbon|10px|10px|10px|10px\u00a0\u00bb global_colors_info=\u00a0\u00bb{}\u00a0\u00bb]<\/p>\n<h3>Les jeunes qui entrent sur le march\u00e9 du travail<\/h3>\n<p>Renforcer la confiance en soi et se pr\u00e9parer \u00e0 faire ses premiers pas dans la vie professionnelle.<\/p>\n<p>[\/et_pb_text][\/et_pb_column][\/et_pb_row][et_pb_row column_structure=\u00a0\u00bb1_3,1_3,1_3&Prime; _builder_version=\u00a0\u00bb4.27.7&Prime; _module_preset=\u00a0\u00bbdefault\u00a0\u00bb custom_padding=\u00a0\u00bb15px||46px|||\u00a0\u00bb global_colors_info=\u00a0\u00bb{}\u00a0\u00bb][et_pb_column type=\u00a0\u00bb1_3&Prime; _builder_version=\u00a0\u00bb4.27.7&Prime; _module_preset=\u00a0\u00bbdefault\u00a0\u00bb global_colors_info=\u00a0\u00bb{}\u00a0\u00bb][et_pb_text _builder_version=\u00a0\u00bb4.27.7&Prime; _module_preset=\u00a0\u00bbdefault\u00a0\u00bb text_text_color=\u00a0\u00bb#ffffff\u00a0\u00bb header_text_color=\u00a0\u00bb#ffffff\u00a0\u00bb header_3_font=\u00a0\u00bb|600|||||||\u00a0\u00bb header_3_text_color=\u00a0\u00bb#ffffff\u00a0\u00bb background_color=\u00a0\u00bb#0896af\u00a0\u00bb custom_padding=\u00a0\u00bb15px|15px|15px|15px|true|true\u00a0\u00bb border_radii=\u00a0\u00bbon|10px|10px|10px|10px\u00a0\u00bb global_colors_info=\u00a0\u00bb{}\u00a0\u00bb]<\/p>\n<h3 style=\"text-align: left;\">Artistes<\/h3>\n<p>Envisager de se lancer \u00e0 son compte ou de d\u00e9velopper sa carri\u00e8re artistique.[\/et_pb_text][\/et_pb_column][et_pb_column type=\u00a0\u00bb1_3&Prime; _builder_version=\u00a0\u00bb4.27.7&Prime; _module_preset=\u00a0\u00bbdefault\u00a0\u00bb global_colors_info=\u00a0\u00bb{}\u00a0\u00bb][et_pb_text _builder_version=\u00a0\u00bb4.27.7&Prime; _module_preset=\u00a0\u00bbdefault\u00a0\u00bb text_text_color=\u00a0\u00bb#ffffff\u00a0\u00bb header_text_color=\u00a0\u00bb#ffffff\u00a0\u00bb header_3_font=\u00a0\u00bb|600|||||||\u00a0\u00bb header_3_text_color=\u00a0\u00bb#ffffff\u00a0\u00bb background_color=\u00a0\u00bb#0896af\u00a0\u00bb custom_padding=\u00a0\u00bb15px|15px|42px|15px|false|true\u00a0\u00bb border_radii=\u00a0\u00bbon|10px|10px|10px|10px\u00a0\u00bb global_colors_info=\u00a0\u00bb{}\u00a0\u00bb]<\/p>\n<h3>Entrepreneurs cr\u00e9atifs<\/h3>\n<p>Cr\u00e9er une entreprise cr\u00e9ative ou une activit\u00e9 ind\u00e9pendante p\u00e9renne.[\/et_pb_text][\/et_pb_column][et_pb_column type=\u00a0\u00bb1_3&Prime; _builder_version=\u00a0\u00bb4.27.7&Prime; _module_preset=\u00a0\u00bbdefault\u00a0\u00bb global_colors_info=\u00a0\u00bb{}\u00a0\u00bb][et_pb_text _builder_version=\u00a0\u00bb4.27.7&Prime; _module_preset=\u00a0\u00bbdefault\u00a0\u00bb text_text_color=\u00a0\u00bb#ffffff\u00a0\u00bb header_text_color=\u00a0\u00bb#ffffff\u00a0\u00bb header_3_font=\u00a0\u00bb|600|||||||\u00a0\u00bb header_3_text_color=\u00a0\u00bb#ffffff\u00a0\u00bb background_color=\u00a0\u00bb#0896af\u00a0\u00bb custom_padding=\u00a0\u00bb15px|15px|15px|15px|true|true\u00a0\u00bb border_radii=\u00a0\u00bbon|10px|10px|10px|10px\u00a0\u00bb global_colors_info=\u00a0\u00bb{}\u00a0\u00bb]<\/p>\n<h3>Futurs entrepreneurs<\/h3>\n<p>Vous envisagez de vous mettre \u00e0 votre compte et vous cherchez des conseils.  <\/p>\n<p>[\/et_pb_text][\/et_pb_column][\/et_pb_row][\/et_pb_section][et_pb_section fb_built=\u00a0\u00bb1&Prime; _builder_version=\u00a0\u00bb4.27.7&Prime; _module_preset=\u00a0\u00bbdefault\u00a0\u00bb background_enable_color=\u00a0\u00bboff\u00a0\u00bb use_background_color_gradient=\u00a0\u00bbon\u00a0\u00bb background_color_gradient_stops=\u00a0\u00bbrgba(11,186,210,0.58) 0%|rgba(11,186,210,0.16) 40%|rgba(116,216,229,0) 69%|#ffffff 100%\u00a0\u00bb custom_padding=\u00a0\u00bb6px||33px|||\u00a0\u00bb global_colors_info=\u00a0\u00bb{}\u00a0\u00bb][et_pb_row _builder_version=\u00a0\u00bb4.27.7&Prime; _module_preset=\u00a0\u00bbdefault\u00a0\u00bb custom_padding=\u00a0\u00bb17px||22px|||\u00a0\u00bb global_colors_info=\u00a0\u00bb{}\u00a0\u00bb][et_pb_column type=\u00a0\u00bb4_4&Prime; _builder_version=\u00a0\u00bb4.27.7&Prime; _module_preset=\u00a0\u00bbdefault\u00a0\u00bb global_colors_info=\u00a0\u00bb{}\u00a0\u00bb][et_pb_text _builder_version=\u00a0\u00bb4.27.7&Prime; _module_preset=\u00a0\u00bbdefault\u00a0\u00bb header_3_font=\u00a0\u00bb|700|||||||\u00a0\u00bb header_3_text_color=\u00a0\u00bb#ffffff\u00a0\u00bb header_3_font_size=\u00a0\u00bb42px\u00a0\u00bb custom_margin=\u00a0\u00bb||19px|||\u00a0\u00bb header_3_font_size_tablet=\u00a0\u00bb42px\u00a0\u00bb header_3_font_size_phone=\u00a0\u00bb26px\u00a0\u00bb header_3_font_size_last_edited=\u00a0\u00bbon|phone\u00a0\u00bb global_colors_info=\u00a0\u00bb{}\u00a0\u00bb]<\/p>\n<h3>Un accompagnement fiable en mati\u00e8re d&#8217;emploi et de carri\u00e8re depuis plus de 30 ans<\/h3>\n<p>[\/et_pb_text][et_pb_text _builder_version=\u00a0\u00bb4.27.7&Prime; _module_preset=\u00a0\u00bbdefault\u00a0\u00bb global_colors_info=\u00a0\u00bb{}\u00a0\u00bb]<\/p>\n<p>Depuis plus de 30 ans, YES a aid\u00e9 <strong>plus de 70 000<\/strong> Qu\u00e9b\u00e9cois anglophones \u00e0 atteindre leurs objectifs en mati\u00e8re d\u2019emploi, de carri\u00e8re et de travail ind\u00e9pendant gr\u00e2ce \u00e0 un accompagnement personnalis\u00e9, \u00e0 des ressources pratiques et \u00e0 des coachs et conseillers exp\u00e9riment\u00e9s.<\/p>\n<p>Notre nouveau bureau de Laval facilitera l&rsquo;acc\u00e8s aux services d&rsquo;aide \u00e0 l&#8217;emploi et d&rsquo;accompagnement professionnel en anglais au sein de la communaut\u00e9.<\/p>\n<p>[\/et_pb_text][et_pb_button button_url=\u00a0\u00bbhttps:\/\/yesmontreal.ca\/fr\/temoignages-de-clients\/\u00a0\u00bb button_text=\u00a0\u00bbD\u00e9couvrez les t\u00e9moignages de nos clients\u00a0\u00bb button_alignment=\u00a0\u00bbleft\u00a0\u00bb _builder_version=\u00a0\u00bb4.27.7&Prime; _module_preset=\u00a0\u00bbdefault\u00a0\u00bb custom_button=\u00a0\u00bbon\u00a0\u00bb button_text_size=\u00a0\u00bb16px\u00a0\u00bb button_text_color=\u00a0\u00bb#ffffff\u00a0\u00bb button_bg_color=\u00a0\u00bb#0BBAD2&Prime; button_letter_spacing=\u00a0\u00bb0px\u00a0\u00bb custom_margin=\u00a0\u00bb-3px||||false|false\u00a0\u00bb custom_padding=\u00a0\u00bb13px|45px|13px|45px|true|false\u00a0\u00bb global_colors_info=\u00a0\u00bb{}\u00a0\u00bb][\/et_pb_button][\/et_pb_column][\/et_pb_row][\/et_pb_section][et_pb_section fb_built=\u00a0\u00bb1&Prime; module_class=\u00a0\u00bbsection-features\u00a0\u00bb _builder_version=\u00a0\u00bb4.27.7&Prime; background_color=\u00a0\u00bbRGBA(255,255,255,0)\u00a0\u00bb width=\u00a0\u00bb100%\u00a0\u00bb min_height=\u00a0\u00bb455px\u00a0\u00bb custom_margin=\u00a0\u00bb||||false|false\u00a0\u00bb custom_padding=\u00a0\u00bb0px||4px||false|false\u00a0\u00bb hover_enabled=\u00a0\u00bb0&Prime; locked=\u00a0\u00bboff\u00a0\u00bb global_colors_info=\u00a0\u00bb{}\u00a0\u00bb sticky_enabled=\u00a0\u00bb0&Prime;][et_pb_row _builder_version=\u00a0\u00bb4.27.5&Prime; _module_preset=\u00a0\u00bbdefault\u00a0\u00bb width=\u00a0\u00bb100%\u00a0\u00bb max_width_tablet=\u00a0\u00bb95%\u00a0\u00bb max_width_phone=\u00a0\u00bb95%\u00a0\u00bb max_width_last_edited=\u00a0\u00bbon|tablet\u00a0\u00bb custom_padding=\u00a0\u00bb0px||0px||false|false\u00a0\u00bb global_colors_info=\u00a0\u00bb{}\u00a0\u00bb][et_pb_column type=\u00a0\u00bb4_4&Prime; _builder_version=\u00a0\u00bb4.27.5&Prime; _module_preset=\u00a0\u00bbdefault\u00a0\u00bb custom_padding=\u00a0\u00bb36px||16px||false|false\u00a0\u00bb global_colors_info=\u00a0\u00bb{}\u00a0\u00bb][et_pb_text _builder_version=\u00a0\u00bb4.27.7&Prime; _module_preset=\u00a0\u00bbdefault\u00a0\u00bb text_font_size=\u00a0\u00bb20px\u00a0\u00bb custom_margin=\u00a0\u00bb0px||||false|false\u00a0\u00bb custom_padding=\u00a0\u00bb0px||0px||true|false\u00a0\u00bb global_colors_info=\u00a0\u00bb{}\u00a0\u00bb]<\/p>\n<h3 style=\"text-align: center; margin: 0;\">Services d&rsquo;aide \u00e0 l&#8217;emploi disponibles<\/h3>\n<p style=\"text-align: center;\">Que vous soyez \u00e0 la recherche de votre premier emploi, que vous souhaitiez reprendre le travail ou que vous envisagiez une r\u00e9orientation professionnelle, nos conseillers en emploi exp\u00e9riment\u00e9s vous accompagneront pour \u00e9laborer un plan sur mesure, adapt\u00e9 \u00e0 vos besoins.<\/p>\n<p>[\/et_pb_text][\/et_pb_column][\/et_pb_row][et_pb_row column_structure=\u00a0\u00bb1_2,1_2&Prime; custom_padding_last_edited=\u00a0\u00bbon|phone\u00a0\u00bb _builder_version=\u00a0\u00bb4.27.5&Prime; width=\u00a0\u00bb100%\u00a0\u00bb width_tablet=\u00a0\u00bb100%\u00a0\u00bb width_phone=\u00a0\u00bb80%\u00a0\u00bb width_last_edited=\u00a0\u00bbon|phone\u00a0\u00bb max_width=\u00a0\u00bb1100px\u00a0\u00bb custom_padding=\u00a0\u00bb24px||26px||false|false\u00a0\u00bb custom_padding_tablet=\u00a0\u00bb0px||30px||false|false\u00a0\u00bb custom_padding_phone=\u00a0\u00bb|30px|33px|30px|false|true\u00a0\u00bb global_colors_info=\u00a0\u00bb{}\u00a0\u00bb][et_pb_column type=\u00a0\u00bb1_2&Prime; _builder_version=\u00a0\u00bb4.16&Prime; custom_css_main_element=\u00a0\u00bbz-index: 99;\u00a0\u00bb global_colors_info=\u00a0\u00bb{}\u00a0\u00bb][et_pb_blurb title=\u00a0\u00bbAccompagnement \u00e0 l&#8217;emploi\u00a0\u00bb use_icon=\u00a0\u00bbon\u00a0\u00bb font_icon=\u00a0\u00bb&#x77;||divi||400&Prime; icon_color=\u00a0\u00bb#0BBAD2&Prime; image_icon_width=\u00a0\u00bb65px\u00a0\u00bb _builder_version=\u00a0\u00bb4.27.7&Prime; _module_preset=\u00a0\u00bbdefault\u00a0\u00bb header_font=\u00a0\u00bb||||||||\u00a0\u00bb header_text_align=\u00a0\u00bbcenter\u00a0\u00bb header_font_size=\u00a0\u00bb25px\u00a0\u00bb body_font_size=\u00a0\u00bb19px\u00a0\u00bb global_colors_info=\u00a0\u00bb{}\u00a0\u00bb]<\/p>\n<p style=\"text-align: center; color: #2b2b2b; font-weight: 500;\">B\u00e9n\u00e9ficiez d&rsquo;un accompagnement personnalis\u00e9 pour d\u00e9finir vos objectifs, surmonter les difficult\u00e9s et \u00e9laborer une strat\u00e9gie gagnante.<\/p>\n<p>[\/et_pb_blurb][\/et_pb_column][et_pb_column type=\u00a0\u00bb1_2&Prime; _builder_version=\u00a0\u00bb4.16&Prime; custom_css_main_element=\u00a0\u00bbz-index: 99;\u00a0\u00bb global_colors_info=\u00a0\u00bb{}\u00a0\u00bb][et_pb_blurb title=\u00a0\u00bbOrientation professionnelle\u00a0\u00bb use_icon=\u00a0\u00bbon\u00a0\u00bb font_icon=\u00a0\u00bb&#xe0e6;||divi||400&Prime; icon_color=\u00a0\u00bb#0BBAD2&Prime; image_icon_width=\u00a0\u00bb65px\u00a0\u00bb _builder_version=\u00a0\u00bb4.27.7&Prime; _module_preset=\u00a0\u00bbdefault\u00a0\u00bb header_font=\u00a0\u00bb||||||||\u00a0\u00bb header_text_align=\u00a0\u00bbcenter\u00a0\u00bb header_font_size=\u00a0\u00bb25px\u00a0\u00bb body_font_size=\u00a0\u00bb19px\u00a0\u00bb global_colors_info=\u00a0\u00bb{}\u00a0\u00bb]<\/p>\n<p style=\"text-align: center; color: #2b2b2b; font-weight: 500;\">D\u00e9couvrez les diff\u00e9rentes options de carri\u00e8re, d\u00e9finissez clairement votre orientation et \u00e9laborez un plan d&rsquo;action personnalis\u00e9.<\/p>\n<p>[\/et_pb_blurb][\/et_pb_column][\/et_pb_row][et_pb_row column_structure=\u00a0\u00bb1_2,1_2&Prime; _builder_version=\u00a0\u00bb4.27.7&Prime; _module_preset=\u00a0\u00bbdefault\u00a0\u00bb custom_padding=\u00a0\u00bb26px||30px|||\u00a0\u00bb global_colors_info=\u00a0\u00bb{}\u00a0\u00bb][et_pb_column type=\u00a0\u00bb1_2&Prime; _builder_version=\u00a0\u00bb4.27.7&Prime; _module_preset=\u00a0\u00bbdefault\u00a0\u00bb global_colors_info=\u00a0\u00bb{}\u00a0\u00bb][et_pb_blurb title=\u00a0\u00bbConseils pour la recherche d&#8217;emploi\u00a0\u00bb use_icon=\u00a0\u00bbon\u00a0\u00bb font_icon=\u00a0\u00bb&#xf002;||fa||900&Prime; icon_color=\u00a0\u00bb#0BBAD2&Prime; image_icon_width=\u00a0\u00bb65px\u00a0\u00bb _builder_version=\u00a0\u00bb4.27.7&Prime; _module_preset=\u00a0\u00bbdefault\u00a0\u00bb header_font=\u00a0\u00bb||||||||\u00a0\u00bb header_text_align=\u00a0\u00bbcenter\u00a0\u00bb header_font_size=\u00a0\u00bb25px\u00a0\u00bb body_font_size=\u00a0\u00bb19px\u00a0\u00bb global_colors_info=\u00a0\u00bb{}\u00a0\u00bb]<\/p>\n<p style=\"text-align: center; color: #2b2b2b; font-weight: 500;\">Optimisez votre recherche d&#8217;emploi gr\u00e2ce \u00e0 des conseils pratiques, des strat\u00e9gies efficaces et un accompagnement continu.<\/p>\n<p>[\/et_pb_blurb][\/et_pb_column][et_pb_column type=\u00a0\u00bb1_2&Prime; _builder_version=\u00a0\u00bb4.27.7&Prime; _module_preset=\u00a0\u00bbdefault\u00a0\u00bb global_colors_info=\u00a0\u00bb{}\u00a0\u00bb][et_pb_blurb title=\u00a0\u00bbPr\u00e9paration \u00e0 l&#8217;emploi\u00a0\u00bb use_icon=\u00a0\u00bbon\u00a0\u00bb font_icon=\u00a0\u00bb&#xf164;||fa||900&Prime; icon_color=\u00a0\u00bb#0BBAD2&Prime; image_icon_width=\u00a0\u00bb65px\u00a0\u00bb _builder_version=\u00a0\u00bb4.27.7&Prime; _module_preset=\u00a0\u00bbdefault\u00a0\u00bb header_font=\u00a0\u00bb||||||||\u00a0\u00bb header_text_align=\u00a0\u00bbcenter\u00a0\u00bb header_font_size=\u00a0\u00bb25px\u00a0\u00bb body_font_size=\u00a0\u00bb19px\u00a0\u00bb global_colors_info=\u00a0\u00bb{}\u00a0\u00bb]<\/p>\n<p style=\"text-align: center; color: #2b2b2b; font-weight: 500;\">Renforcez votre confiance en vous, pr\u00e9parez-vous aux entretiens d&#8217;embauche, am\u00e9liorez votre CV et d\u00e9veloppez les comp\u00e9tences recherch\u00e9es par les employeurs.<\/p>\n<p>[\/et_pb_blurb][\/et_pb_column][\/et_pb_row][et_pb_row column_structure=\u00a0\u00bb1_2,1_2&Prime; _builder_version=\u00a0\u00bb4.27.7&Prime; _module_preset=\u00a0\u00bbdefault\u00a0\u00bb custom_padding=\u00a0\u00bb30px||16px|||\u00a0\u00bb global_colors_info=\u00a0\u00bb{}\u00a0\u00bb][et_pb_column type=\u00a0\u00bb1_2&Prime; _builder_version=\u00a0\u00bb4.27.7&Prime; _module_preset=\u00a0\u00bbdefault\u00a0\u00bb global_colors_info=\u00a0\u00bb{}\u00a0\u00bb][et_pb_blurb title=\u00a0\u00bbCoaching pour artistes et entrepreneurs cr\u00e9atifs\u00a0\u00bb use_icon=\u00a0\u00bbon\u00a0\u00bb font_icon=\u00a0\u00bb&#xf53f;||fa||900&Prime; icon_color=\u00a0\u00bb#0BBAD2&Prime; image_icon_width=\u00a0\u00bb65px\u00a0\u00bb _builder_version=\u00a0\u00bb4.27.7&Prime; _module_preset=\u00a0\u00bbdefault\u00a0\u00bb header_font=\u00a0\u00bb||||||||\u00a0\u00bb header_text_align=\u00a0\u00bbcenter\u00a0\u00bb header_font_size=\u00a0\u00bb25px\u00a0\u00bb body_font_size=\u00a0\u00bb19px\u00a0\u00bb global_colors_info=\u00a0\u00bb{}\u00a0\u00bb]<\/p>\n<p style=\"text-align: center;\"><span style=\"font-size: 19px;\">Travaillez avec un coach sp\u00e9cialis\u00e9 dans l&rsquo;activit\u00e9 ind\u00e9pendante des artistes, qui comprend les r\u00e9alit\u00e9s de la pratique artistique, du travail en freelance et des carri\u00e8res cr\u00e9atives.<\/span><\/p>\n<p style=\"text-align: center;\">\n<p>[\/et_pb_blurb][\/et_pb_column][et_pb_column type=\u00a0\u00bb1_2&Prime; _builder_version=\u00a0\u00bb4.27.7&Prime; _module_preset=\u00a0\u00bbdefault\u00a0\u00bb global_colors_info=\u00a0\u00bb{}\u00a0\u00bb][et_pb_blurb title=\u00a0\u00bbAide \u00e0 la cr\u00e9ation d&rsquo;activit\u00e9 ind\u00e9pendante\u00a0\u00bb use_icon=\u00a0\u00bbon\u00a0\u00bb font_icon=\u00a0\u00bb&#xf007;||fa||900&Prime; icon_color=\u00a0\u00bb#0BBAD2&Prime; image_icon_width=\u00a0\u00bb65px\u00a0\u00bb _builder_version=\u00a0\u00bb4.27.7&Prime; _module_preset=\u00a0\u00bbdefault\u00a0\u00bb header_font=\u00a0\u00bb||||||||\u00a0\u00bb header_text_align=\u00a0\u00bbcenter\u00a0\u00bb header_font_size=\u00a0\u00bb25px\u00a0\u00bb body_font_size=\u00a0\u00bb19px\u00a0\u00bb global_colors_info=\u00a0\u00bb{}\u00a0\u00bb]<\/p>\n<p style=\"text-align: center;\"><span style=\"font-size: 19px;\">Vous envisagez de vous mettre \u00e0 votre compte ? D\u00e9couvrez les opportunit\u00e9s d\u2019activit\u00e9 ind\u00e9pendante, d\u00e9finissez clairement vos objectifs et acc\u00e9dez \u00e0 un accompagnement professionnel et \u00e0 des ressources gr\u00e2ce \u00e0 YES. <\/span><\/p>\n<p style=\"text-align: center;\">\n<p>[\/et_pb_blurb][\/et_pb_column][\/et_pb_row][et_pb_row _builder_version=\u00a0\u00bb4.27.5&Prime; _module_preset=\u00a0\u00bbdefault\u00a0\u00bb width=\u00a0\u00bb100%\u00a0\u00bb custom_padding=\u00a0\u00bb0px||||false|false\u00a0\u00bb global_colors_info=\u00a0\u00bb{}\u00a0\u00bb][et_pb_column type=\u00a0\u00bb4_4&Prime; _builder_version=\u00a0\u00bb4.27.5&Prime; _module_preset=\u00a0\u00bbdefault\u00a0\u00bb global_colors_info=\u00a0\u00bb{}\u00a0\u00bb][et_pb_button button_url=\u00a0\u00bb#form\u00a0\u00bb button_text=\u00a0\u00bbInscrivez-vous \u00e0 la liste d&rsquo;int\u00e9r\u00eat\u00a0\u00bb button_alignment=\u00a0\u00bbcenter\u00a0\u00bb _builder_version=\u00a0\u00bb4.27.7&Prime; _module_preset=\u00a0\u00bbdefault\u00a0\u00bb custom_button=\u00a0\u00bbon\u00a0\u00bb button_text_size=\u00a0\u00bb17px\u00a0\u00bb button_text_color=\u00a0\u00bb#ffffff\u00a0\u00bb button_bg_color=\u00a0\u00bb#0BBAD2&Prime; button_letter_spacing=\u00a0\u00bb0px\u00a0\u00bb custom_margin=\u00a0\u00bb15px||||false|false\u00a0\u00bb custom_padding=\u00a0\u00bb13px|45px|13px|45px|true|false\u00a0\u00bb locked=\u00a0\u00bboff\u00a0\u00bb global_colors_info=\u00a0\u00bb{}\u00a0\u00bb][\/et_pb_button][\/et_pb_column][\/et_pb_row][\/et_pb_section][et_pb_section fb_built=\u00a0\u00bb1&Prime; _builder_version=\u00a0\u00bb4.27.7&Prime; _module_preset=\u00a0\u00bbdefault\u00a0\u00bb hover_enabled=\u00a0\u00bb0&Prime; global_colors_info=\u00a0\u00bb{}\u00a0\u00bb custom_padding=\u00a0\u00bb32px|||||\u00a0\u00bb sticky_enabled=\u00a0\u00bb0&Prime;][et_pb_row _builder_version=\u00a0\u00bb4.27.7&Prime; _module_preset=\u00a0\u00bbdefault\u00a0\u00bb custom_padding=\u00a0\u00bb17px||4px|||\u00a0\u00bb global_colors_info=\u00a0\u00bb{}\u00a0\u00bb][et_pb_column type=\u00a0\u00bb4_4&Prime; _builder_version=\u00a0\u00bb4.27.7&Prime; _module_preset=\u00a0\u00bbdefault\u00a0\u00bb global_colors_info=\u00a0\u00bb{}\u00a0\u00bb][et_pb_text _builder_version=\u00a0\u00bb4.27.7&Prime; _module_preset=\u00a0\u00bbdefault\u00a0\u00bb global_colors_info=\u00a0\u00bb{}\u00a0\u00bb]<\/p>\n<h3>Foire aux questions<\/h3>\n<p>[\/et_pb_text][\/et_pb_column][\/et_pb_row][et_pb_row _builder_version=\u00a0\u00bb4.27.7&Prime; _module_preset=\u00a0\u00bbdefault\u00a0\u00bb custom_padding=\u00a0\u00bb27px||48px|||\u00a0\u00bb global_colors_info=\u00a0\u00bb{}\u00a0\u00bb][et_pb_column type=\u00a0\u00bb4_4&Prime; _builder_version=\u00a0\u00bb4.27.7&Prime; _module_preset=\u00a0\u00bbdefault\u00a0\u00bb global_colors_info=\u00a0\u00bb{}\u00a0\u00bb][et_pb_accordion closed_toggle_text_color=\u00a0\u00bb#0BBAD2&Prime; closed_toggle_background_color=\u00a0\u00bb#ffffff\u00a0\u00bb icon_color=\u00a0\u00bb#0BBAD2&Prime; use_icon_font_size=\u00a0\u00bbon\u00a0\u00bb icon_font_size=\u00a0\u00bb21px\u00a0\u00bb _builder_version=\u00a0\u00bb4.27.7&Prime; _module_preset=\u00a0\u00bbdefault\u00a0\u00bb db_closeable=\u00a0\u00bbon\u00a0\u00bb db_initial_state=\u00a0\u00bball_closed\u00a0\u00bb border_width_all=\u00a0\u00bb0px\u00a0\u00bb border_width_bottom=\u00a0\u00bb1px\u00a0\u00bb global_colors_info=\u00a0\u00bb{}\u00a0\u00bb][et_pb_accordion_item title=\u00a0\u00bbQui peut b\u00e9n\u00e9ficier de ces services ?\u00a0\u00bb open=\u00a0\u00bbon\u00a0\u00bb _builder_version=\u00a0\u00bb4.27.7&Prime; _module_preset=\u00a0\u00bbdefault\u00a0\u00bb global_colors_info=\u00a0\u00bb{}\u00a0\u00bb]<\/p>\n<p>\u00a0Le bureau de Laval a pour mission d&rsquo;accompagner les r\u00e9sidents anglophones de Laval et des communes environnantes qui sont \u00e0 la recherche d&rsquo;un emploi, envisagent une r\u00e9orientation professionnelle, font leur entr\u00e9e sur le march\u00e9 du travail ou envisagent de se lancer \u00e0 leur compte.<\/p>\n<p>&nbsp;<\/p>\n<p>[\/et_pb_accordion_item][et_pb_accordion_item title=\u00a0\u00bbDois-je habiter \u00e0 Laval ?\u00a0\u00bb _builder_version=\u00a0\u00bb4.27.7&Prime; _module_preset=\u00a0\u00bbdefault\u00a0\u00bb global_colors_info=\u00a0\u00bb{}\u00a0\u00bb open=\u00a0\u00bboff\u00a0\u00bb]<\/p>\n<p>Non. Nous accueillons toutes les personnes qui souhaitent b\u00e9n\u00e9ficier de nos services aupr\u00e8s de notre bureau de Laval. <\/p>\n<p>&nbsp;<\/p>\n<p>[\/et_pb_accordion_item][et_pb_accordion_item title=\u00a0\u00bbQuels services seront disponibles ?\u00a0\u00bb _builder_version=\u00a0\u00bb4.27.7&Prime; _module_preset=\u00a0\u00bbdefault\u00a0\u00bb global_colors_info=\u00a0\u00bb{}\u00a0\u00bb open=\u00a0\u00bboff\u00a0\u00bb]<\/p>\n<p><span style=\"font-size: 17px;\"><\/span><\/p>\n<div>\n<p>Conseils en mati\u00e8re d&#8217;emploi, orientation professionnelle, accompagnement \u00e0 la recherche d&#8217;emploi, services de pr\u00e9paration \u00e0 l&#8217;emploi et accompagnement sp\u00e9cialis\u00e9 \u00e0 la cr\u00e9ation d&rsquo;activit\u00e9 pour les artistes et les entrepreneurs du secteur cr\u00e9atif.<\/p>\n<p>D\u2019autres programmes et ressources YES, notamment des ateliers en ligne, des formations en ligne \u00e0 suivre \u00e0 son propre rythme et des possibilit\u00e9s de mentorat, continueront d\u2019\u00eatre propos\u00e9s en ligne.<\/p>\n<\/div>\n<p>&nbsp;<\/p>\n<p>[\/et_pb_accordion_item][et_pb_accordion_item title=\u00a0\u00bb\u00c0 partir de quand ces services seront-ils disponibles ?\u00a0\u00bb _builder_version=\u00a0\u00bb4.27.7&Prime; _module_preset=\u00a0\u00bbdefault\u00a0\u00bb global_colors_info=\u00a0\u00bb{}\u00a0\u00bb open=\u00a0\u00bboff\u00a0\u00bb]<\/p>\n<p>Notre agence de Laval devrait ouvrir ses portes en septembre 2026 ! Inscrivez-vous \u00e0 notre liste d&rsquo;int\u00e9r\u00eat pour recevoir des informations et \u00eatre parmi les premiers \u00e0 savoir quand les services et les rendez-vous seront disponibles. <\/p>\n<p>&nbsp;<\/p>\n<p>[\/et_pb_accordion_item][et_pb_accordion_item title=\u00a0\u00bbComment prendre rendez-vous ?\u00a0\u00bb _builder_version=\u00a0\u00bb4.27.7&Prime; _module_preset=\u00a0\u00bbdefault\u00a0\u00bb global_colors_info=\u00a0\u00bb{}\u00a0\u00bb open=\u00a0\u00bboff\u00a0\u00bb]<\/p>\n<div>Les rendez-vous ne sont pas encore disponibles. Inscrivez-vous \u00e0 notre <strong>liste d&rsquo;int\u00e9r\u00eat<\/strong> pour recevoir des informations et \u00eatre parmi les premiers inform\u00e9s d\u00e8s que les services et les rendez-vous seront disponibles. <\/div>\n<p>&nbsp;<\/p>\n<p>[\/et_pb_accordion_item][et_pb_accordion_item title=\u00a0\u00bbComment puis-je me tenir inform\u00e9 ?\u00a0\u00bb _builder_version=\u00a0\u00bb4.27.7&Prime; _module_preset=\u00a0\u00bbdefault\u00a0\u00bb global_colors_info=\u00a0\u00bb{}\u00a0\u00bb title__hover_enabled=\u00a0\u00bbon|desktop\u00a0\u00bb title__hover=\u00a0\u00bbHow do I stay informed?\u00a0\u00bb open=\u00a0\u00bboff\u00a0\u00bb]<\/p>\n<div>Il vous suffit de vous inscrire \u00e0 la <strong>liste d&rsquo;int\u00e9r\u00eat de YES Laval<\/strong>, et nous vous tiendrons inform\u00e9s des actualit\u00e9s concernant le lancement, des services disponibles, des rendez-vous et des opportunit\u00e9s \u00e0 venir.<\/div>\n<p>&nbsp;<\/p>\n<p>[\/et_pb_accordion_item][\/et_pb_accordion][\/et_pb_column][\/et_pb_row][\/et_pb_section][et_pb_section fb_built=\u00a0\u00bb1&Prime; module_id=\u00a0\u00bbformulaire\u00a0\u00bb module_class=\u00a0\u00bbsection-form\u00a0\u00bb _builder_version=\u00a0\u00bb4.27.7&Prime; _module_preset=\u00a0\u00bbdefault\u00a0\u00bb background_color=\u00a0\u00bbrgba(3,150,173,0.13)\u00a0\u00bb custom_margin=\u00a0\u00bb||||false|false\u00a0\u00bb custom_padding=\u00a0\u00bb14px||0px||false|false\u00a0\u00bb locked=\u00a0\u00bboff\u00a0\u00bb global_colors_info=\u00a0\u00bb{}\u00a0\u00bb][et_pb_row _builder_version=\u00a0\u00bb4.27.7&Prime; _module_preset=\u00a0\u00bbdefault\u00a0\u00bb custom_padding=\u00a0\u00bb33px||11px|||\u00a0\u00bb global_colors_info=\u00a0\u00bb{}\u00a0\u00bb][et_pb_column type=\u00a0\u00bb4_4&Prime; _builder_version=\u00a0\u00bb4.27.7&Prime; _module_preset=\u00a0\u00bbdefault\u00a0\u00bb global_colors_info=\u00a0\u00bb{}\u00a0\u00bb][et_pb_text _builder_version=\u00a0\u00bb4.27.7&Prime; _module_preset=\u00a0\u00bbdefault\u00a0\u00bb custom_margin=\u00a0\u00bb||15px|||\u00a0\u00bb global_colors_info=\u00a0\u00bb{}\u00a0\u00bb]<\/p>\n<h3>Inscrivez-vous \u00e0 la liste d&rsquo;int\u00e9r\u00eat<\/h3>\n<p>[\/et_pb_text][et_pb_text _builder_version=\u00a0\u00bb4.27.7&Prime; _module_preset=\u00a0\u00bbdefault\u00a0\u00bb global_colors_info=\u00a0\u00bb{}\u00a0\u00bb]<\/p>\n<p>Remplissez le formulaire ci-dessous pour vous inscrire \u00e0 la liste d&rsquo;int\u00e9r\u00eat de YES Laval et faire partie des premiers \u00e0 \u00eatre inform\u00e9s d\u00e8s que des cr\u00e9neaux horaires seront disponibles.<\/p>\n<p>[\/et_pb_text][\/et_pb_column][\/et_pb_row][\/et_pb_section][et_pb_section fb_built=\u00a0\u00bb1&Prime; _builder_version=\u00a0\u00bb4.27.7&Prime; _module_preset=\u00a0\u00bbdefault\u00a0\u00bb background_color=\u00a0\u00bbrgba(3,150,173,0.13)\u00a0\u00bb custom_padding=\u00a0\u00bb0px|||||\u00a0\u00bb global_colors_info=\u00a0\u00bb{}\u00a0\u00bb][et_pb_row _builder_version=\u00a0\u00bb4.27.7&Prime; _module_preset=\u00a0\u00bbdefault\u00a0\u00bb custom_padding=\u00a0\u00bb19px|||||\u00a0\u00bb global_colors_info=\u00a0\u00bb{}\u00a0\u00bb][et_pb_column type=\u00a0\u00bb4_4&Prime; _builder_version=\u00a0\u00bb4.27.7&Prime; _module_preset=\u00a0\u00bbdefault\u00a0\u00bb global_colors_info=\u00a0\u00bb{}\u00a0\u00bb][et_pb_contact_form email=\u00a0\u00bbmargaman@yesmontreal.ca\u00a0\u00bb custom_message=\u00a0\u00bbListe des personnes int\u00e9ress\u00e9es par le bureau de Laval||et_pb_line_break_holder||Pr\u00e9nom : %%First_Name%% ||et_pb_line_break_holder||Nom : %%Last_Name%%||et_pb_line_break_holder||E-mail : %%Email%%||et_pb_line_break_holder||Code postal : %%Postal_Code%%||et_pb_line_break_holder||Domaine d\u2019int\u00e9r\u00eat : %%Area_of_Interest%%||et_pb_line_break_holder||Message : %%Message%%||et_pb_line_break_holder||Consentement : %%Consent%%\u00a0\u00bb success_message=\u00a0\u00bbMerci de nous avoir contact\u00e9s ! Un membre de notre \u00e9quipe vous contactera d\u00e8s que des cr\u00e9neaux seront disponibles. \u00a0\u00bb submit_button_text=\u00a0\u00bbSoumettre\u00a0\u00bb _builder_version=\u00a0\u00bb4.27.7&Prime; _module_preset=\u00a0\u00bbdefault\u00a0\u00bb _unique_id=\u00a0\u00bb2e5775e3-5afc-4ed1-9006-eb5aaec97239&Prime; form_field_background_color=\u00a0\u00bb#ffffff\u00a0\u00bb form_field_focus_text_color=\u00a0\u00bb#262626&Prime; custom_button=\u00a0\u00bbon\u00a0\u00bb button_text_size=\u00a0\u00bb16px\u00a0\u00bb button_text_color=\u00a0\u00bb#ffffff\u00a0\u00bb button_bg_color=\u00a0\u00bb#0BBAD2&Prime; button_letter_spacing=\u00a0\u00bb0px\u00a0\u00bb border_radii=\u00a0\u00bbon|10px|10px|10px|10px\u00a0\u00bb global_colors_info=\u00a0\u00bb{}\u00a0\u00bb][et_pb_contact_field field_id=\u00a0\u00bbFirst_Name\u00a0\u00bb field_title=\u00a0\u00bbPr\u00e9nom\u00a0\u00bb allowed_symbols=\u00a0\u00bbletters\u00a0\u00bb _builder_version=\u00a0\u00bb4.27.7&Prime; global_colors_info=\u00a0\u00bb{}\u00a0\u00bb button_text_size__hover_enabled=\u00a0\u00bboff\u00a0\u00bb button_one_text_size__hover_enabled=\u00a0\u00bboff\u00a0\u00bb button_two_text_size__hover_enabled=\u00a0\u00bboff\u00a0\u00bb button_text_color__hover_enabled=\u00a0\u00bboff\u00a0\u00bb button_one_text_color__hover_enabled=\u00a0\u00bboff\u00a0\u00bb button_two_text_color__hover_enabled=\u00a0\u00bboff\u00a0\u00bb button_border_width__hover_enabled=\u00a0\u00bboff\u00a0\u00bb button_one_border_width__hover_enabled=\u00a0\u00bboff\u00a0\u00bb button_two_border_width__hover_enabled=\u00a0\u00bboff\u00a0\u00bb button_border_color__hover_enabled=\u00a0\u00bboff\u00a0\u00bb button_one_border_color__hover_enabled=\u00a0\u00bboff\u00a0\u00bb button_two_border_color__hover_enabled=\u00a0\u00bboff\u00a0\u00bb button_border_radius__hover_enabled=\u00a0\u00bboff\u00a0\u00bb button_one_border_radius__hover_enabled=\u00a0\u00bboff\u00a0\u00bb button_two_border_radius__hover_enabled=\u00a0\u00bboff\u00a0\u00bb button_letter_spacing__hover_enabled=\u00a0\u00bboff\u00a0\u00bb button_one_letter_spacing__hover_enabled=\u00a0\u00bboff\u00a0\u00bb button_two_letter_spacing__hover_enabled=\u00a0\u00bboff\u00a0\u00bb button_bg_color__hover_enabled=\u00a0\u00bboff\u00a0\u00bb button_one_bg_color__hover_enabled=\u00a0\u00bboff\u00a0\u00bb button_two_bg_color__hover_enabled=\u00a0\u00bboff\u00a0\u00bb][\/et_pb_contact_field][et_pb_contact_field field_id=\u00a0\u00bbLast_Name\u00a0\u00bb field_title=\u00a0\u00bbNom de famille\u00a0\u00bb allowed_symbols=\u00a0\u00bbletters\u00a0\u00bb _builder_version=\u00a0\u00bb4.27.7&Prime; global_colors_info=\u00a0\u00bb{}\u00a0\u00bb button_text_size__hover_enabled=\u00a0\u00bboff\u00a0\u00bb button_one_text_size__hover_enabled=\u00a0\u00bboff\u00a0\u00bb button_two_text_size__hover_enabled=\u00a0\u00bboff\u00a0\u00bb button_text_color__hover_enabled=\u00a0\u00bboff\u00a0\u00bb button_one_text_color__hover_enabled=\u00a0\u00bboff\u00a0\u00bb button_two_text_color__hover_enabled=\u00a0\u00bboff\u00a0\u00bb button_border_width__hover_enabled=\u00a0\u00bboff\u00a0\u00bb button_one_border_width__hover_enabled=\u00a0\u00bboff\u00a0\u00bb button_two_border_width__hover_enabled=\u00a0\u00bboff\u00a0\u00bb button_border_color__hover_enabled=\u00a0\u00bboff\u00a0\u00bb button_one_border_color__hover_enabled=\u00a0\u00bboff\u00a0\u00bb button_two_border_color__hover_enabled=\u00a0\u00bboff\u00a0\u00bb button_border_radius__hover_enabled=\u00a0\u00bboff\u00a0\u00bb button_one_border_radius__hover_enabled=\u00a0\u00bboff\u00a0\u00bb button_two_border_radius__hover_enabled=\u00a0\u00bboff\u00a0\u00bb button_letter_spacing__hover_enabled=\u00a0\u00bboff\u00a0\u00bb button_one_letter_spacing__hover_enabled=\u00a0\u00bboff\u00a0\u00bb button_two_letter_spacing__hover_enabled=\u00a0\u00bboff\u00a0\u00bb button_bg_color__hover_enabled=\u00a0\u00bboff\u00a0\u00bb button_one_bg_color__hover_enabled=\u00a0\u00bboff\u00a0\u00bb button_two_bg_color__hover_enabled=\u00a0\u00bboff\u00a0\u00bb][\/et_pb_contact_field][et_pb_contact_field field_id=\u00a0\u00bbEmail\u00a0\u00bb field_title=\u00a0\u00bbAdresse e-mail\u00a0\u00bb field_type=\u00a0\u00bbemail\u00a0\u00bb _builder_version=\u00a0\u00bb4.27.7&Prime; global_colors_info=\u00a0\u00bb{}\u00a0\u00bb button_text_size__hover_enabled=\u00a0\u00bboff\u00a0\u00bb button_one_text_size__hover_enabled=\u00a0\u00bboff\u00a0\u00bb button_two_text_size__hover_enabled=\u00a0\u00bboff\u00a0\u00bb button_text_color__hover_enabled=\u00a0\u00bboff\u00a0\u00bb button_one_text_color__hover_enabled=\u00a0\u00bboff\u00a0\u00bb button_two_text_color__hover_enabled=\u00a0\u00bboff\u00a0\u00bb button_border_width__hover_enabled=\u00a0\u00bboff\u00a0\u00bb button_one_border_width__hover_enabled=\u00a0\u00bboff\u00a0\u00bb button_two_border_width__hover_enabled=\u00a0\u00bboff\u00a0\u00bb button_border_color__hover_enabled=\u00a0\u00bboff\u00a0\u00bb button_one_border_color__hover_enabled=\u00a0\u00bboff\u00a0\u00bb button_two_border_color__hover_enabled=\u00a0\u00bboff\u00a0\u00bb button_border_radius__hover_enabled=\u00a0\u00bboff\u00a0\u00bb button_one_border_radius__hover_enabled=\u00a0\u00bboff\u00a0\u00bb button_two_border_radius__hover_enabled=\u00a0\u00bboff\u00a0\u00bb button_letter_spacing__hover_enabled=\u00a0\u00bboff\u00a0\u00bb button_one_letter_spacing__hover_enabled=\u00a0\u00bboff\u00a0\u00bb button_two_letter_spacing__hover_enabled=\u00a0\u00bboff\u00a0\u00bb button_bg_color__hover_enabled=\u00a0\u00bboff\u00a0\u00bb button_one_bg_color__hover_enabled=\u00a0\u00bboff\u00a0\u00bb button_two_bg_color__hover_enabled=\u00a0\u00bboff\u00a0\u00bb][\/et_pb_contact_field][et_pb_contact_field field_id=\u00a0\u00bbPostal_Code\u00a0\u00bb field_title=\u00a0\u00bbCode postal\u00a0\u00bb min_length=\u00a0\u00bb6&Prime; allowed_symbols=\u00a0\u00bbalphanumeric\u00a0\u00bb _builder_version=\u00a0\u00bb4.27.7&Prime; global_colors_info=\u00a0\u00bb{}\u00a0\u00bb button_text_size__hover_enabled=\u00a0\u00bboff\u00a0\u00bb button_one_text_size__hover_enabled=\u00a0\u00bboff\u00a0\u00bb button_two_text_size__hover_enabled=\u00a0\u00bboff\u00a0\u00bb button_text_color__hover_enabled=\u00a0\u00bboff\u00a0\u00bb button_one_text_color__hover_enabled=\u00a0\u00bboff\u00a0\u00bb button_two_text_color__hover_enabled=\u00a0\u00bboff\u00a0\u00bb button_border_width__hover_enabled=\u00a0\u00bboff\u00a0\u00bb button_one_border_width__hover_enabled=\u00a0\u00bboff\u00a0\u00bb button_two_border_width__hover_enabled=\u00a0\u00bboff\u00a0\u00bb button_border_color__hover_enabled=\u00a0\u00bboff\u00a0\u00bb button_one_border_color__hover_enabled=\u00a0\u00bboff\u00a0\u00bb button_two_border_color__hover_enabled=\u00a0\u00bboff\u00a0\u00bb button_border_radius__hover_enabled=\u00a0\u00bboff\u00a0\u00bb button_one_border_radius__hover_enabled=\u00a0\u00bboff\u00a0\u00bb button_two_border_radius__hover_enabled=\u00a0\u00bboff\u00a0\u00bb button_letter_spacing__hover_enabled=\u00a0\u00bboff\u00a0\u00bb button_one_letter_spacing__hover_enabled=\u00a0\u00bboff\u00a0\u00bb button_two_letter_spacing__hover_enabled=\u00a0\u00bboff\u00a0\u00bb button_bg_color__hover_enabled=\u00a0\u00bboff\u00a0\u00bb button_one_bg_color__hover_enabled=\u00a0\u00bboff\u00a0\u00bb button_two_bg_color__hover_enabled=\u00a0\u00bboff\u00a0\u00bb][\/et_pb_contact_field][et_pb_contact_field field_id=\u00a0\u00bbArea_of_Interest\u00a0\u00bb field_title=\u00a0\u00bbDomaine d&rsquo;int\u00e9r\u00eat\u00a0\u00bb field_type=\u00a0\u00bbradio\u00a0\u00bb radio_options=\u00a0\u00bb%91{%22value%22:%22Aide \u00e0 l&#8217;emploi%22,%22checked%22:0,%22dragID%22:-1},{%22value%22:%22Aide \u00e0 la cr\u00e9ation d&rsquo;activit\u00e9 ind\u00e9pendante%22,%22checked%22:0,%22dragID%22:0},{%22value%22:%22Les deux%22,%22checked%22:0,%22dragID%22:1}%93&Prime; _builder_version=\u00a0\u00bb4.27.7&Prime; _module_preset=\u00a0\u00bbdefault\u00a0\u00bb global_colors_info=\u00a0\u00bb{}\u00a0\u00bb][\/et_pb_contact_field][et_pb_contact_field field_id=\u00a0\u00bbMessage\u00a0\u00bb field_title=\u00a0\u00bbAutres remarques ou questions\u00a0\u00bb field_type=\u00a0\u00bbtext\u00a0\u00bb required_mark=\u00a0\u00bboff\u00a0\u00bb fullwidth_field=\u00a0\u00bbon\u00a0\u00bb _builder_version=\u00a0\u00bb4.27.7&Prime; global_colors_info=\u00a0\u00bb{}\u00a0\u00bb button_text_size__hover_enabled=\u00a0\u00bboff\u00a0\u00bb button_one_text_size__hover_enabled=\u00a0\u00bboff\u00a0\u00bb button_two_text_size__hover_enabled=\u00a0\u00bboff\u00a0\u00bb button_text_color__hover_enabled=\u00a0\u00bboff\u00a0\u00bb button_one_text_color__hover_enabled=\u00a0\u00bboff\u00a0\u00bb button_two_text_color__hover_enabled=\u00a0\u00bboff\u00a0\u00bb button_border_width__hover_enabled=\u00a0\u00bboff\u00a0\u00bb button_one_border_width__hover_enabled=\u00a0\u00bboff\u00a0\u00bb button_two_border_width__hover_enabled=\u00a0\u00bboff\u00a0\u00bb button_border_color__hover_enabled=\u00a0\u00bboff\u00a0\u00bb button_one_border_color__hover_enabled=\u00a0\u00bboff\u00a0\u00bb button_two_border_color__hover_enabled=\u00a0\u00bboff\u00a0\u00bb button_border_radius__hover_enabled=\u00a0\u00bboff\u00a0\u00bb button_one_border_radius__hover_enabled=\u00a0\u00bboff\u00a0\u00bb button_two_border_radius__hover_enabled=\u00a0\u00bboff\u00a0\u00bb button_letter_spacing__hover_enabled=\u00a0\u00bboff\u00a0\u00bb button_one_letter_spacing__hover_enabled=\u00a0\u00bboff\u00a0\u00bb button_two_letter_spacing__hover_enabled=\u00a0\u00bboff\u00a0\u00bb button_bg_color__hover_enabled=\u00a0\u00bboff\u00a0\u00bb button_one_bg_color__hover_enabled=\u00a0\u00bboff\u00a0\u00bb button_two_bg_color__hover_enabled=\u00a0\u00bboff\u00a0\u00bb][\/et_pb_contact_field][et_pb_contact_field field_id=\u00a0\u00bbConsent\u00a0\u00bb field_title=\u00a0\u00bbRestez inform\u00e9 de l&rsquo;actualit\u00e9 de YES, de sa programmation, de ses nouveaut\u00e9s et de ses \u00e9v\u00e9nements.\u00a0\u00bb field_type=\u00a0\u00bbcheckbox\u00a0\u00bb checkbox_options=\u00a0\u00bb%91{%22value%22:%22En cochant cette case, vous acceptez de recevoir des e-mails ou des communications de la part de YES (lettres d&rsquo;information, actualit\u00e9s sur la programmation, etc.)%22,%22checked%22:0,%22dragID%22:-1}%93&Prime; required_mark=\u00a0\u00bboff\u00a0\u00bb fullwidth_field=\u00a0\u00bbon\u00a0\u00bb _builder_version=\u00a0\u00bb4.27.7&Prime; _module_preset=\u00a0\u00bbdefault\u00a0\u00bb global_colors_info=\u00a0\u00bb{}\u00a0\u00bb][\/et_pb_contact_field][\/et_pb_contact_form][\/et_pb_column][\/et_pb_row][\/et_pb_section]<\/p>\n","protected":false},"excerpt":{"rendered":"<p>Contactez YES \u00e0 Laval pour b\u00e9n\u00e9ficier d\u2019un accompagnement en mati\u00e8re d\u2019emploi, d\u2019entrepreneuriat et de carri\u00e8re. D\u00e9couvrez nos services et b\u00e9n\u00e9ficiez d\u2019un accompagnement personnalis\u00e9 au sein de votre communaut\u00e9. <\/p>\n","protected":false},"author":10,"featured_media":0,"parent":0,"menu_order":0,"comment_status":"closed","ping_status":"closed","template":"","meta":{"_et_pb_use_builder":"on","_et_pb_old_content":"","_et_gb_content_width":"","footnotes":""},"class_list":["post-99465","page","type-page","status-publish","hentry"],"yoast_head":"<!-- This site is optimized with the Yoast SEO plugin v28.4 - https:\/\/yoast.com\/product\/yoast-seo-wordpress\/ -->\n<title>Bureau YES de Laval | Aide \u00e0 l&#039;emploi et \u00e0 l&#039;entrepreneuriat<\/title>\n<meta name=\"description\" content=\"Contactez YES \u00e0 Laval pour b\u00e9n\u00e9ficier d&#039;un accompagnement en mati\u00e8re d&#039;emploi, d&#039;entrepreneuriat et de carri\u00e8re. D\u00e9couvrez nos services et b\u00e9n\u00e9ficiez d&#039;un accompagnement personnalis\u00e9 au sein de votre communaut\u00e9.\" \/>\n<meta name=\"robots\" content=\"index, follow, max-snippet:-1, max-image-preview:large, max-video-preview:-1\" \/>\n<link rel=\"canonical\" href=\"https:\/\/yesmontreal.ca\/fr\/bureau-yes-de-laval\/\" \/>\n<meta property=\"og:locale\" content=\"fr_FR\" \/>\n<meta property=\"og:type\" content=\"article\" \/>\n<meta property=\"og:title\" content=\"Bureau YES de Laval | Aide \u00e0 l&#039;emploi et \u00e0 l&#039;entrepreneuriat\" \/>\n<meta property=\"og:description\" content=\"Contactez YES \u00e0 Laval pour b\u00e9n\u00e9ficier d&#039;un accompagnement en mati\u00e8re d&#039;emploi, d&#039;entrepreneuriat et de carri\u00e8re. D\u00e9couvrez nos services et b\u00e9n\u00e9ficiez d&#039;un accompagnement personnalis\u00e9 au sein de votre communaut\u00e9.\" \/>\n<meta property=\"og:url\" content=\"https:\/\/yesmontreal.ca\/fr\/bureau-yes-de-laval\/\" \/>\n<meta property=\"og:site_name\" content=\"YES Employment and Entrepreneurship\" \/>\n<meta property=\"article:publisher\" content=\"https:\/\/www.facebook.com\/yes.montreal\" \/>\n<meta property=\"article:modified_time\" content=\"2026-08-20T16:07:12+00:00\" \/>\n<meta property=\"og:image\" content=\"https:\/\/yesmontreal.ca\/wp-content\/uploads\/Screen-Shot-2021-03-04-at-2.59.30-PM.png\" \/>\n\t<meta property=\"og:image:width\" content=\"636\" \/>\n\t<meta property=\"og:image:height\" content=\"308\" \/>\n\t<meta property=\"og:image:type\" content=\"image\/png\" \/>\n<meta name=\"twitter:card\" content=\"summary_large_image\" \/>\n<meta name=\"twitter:site\" content=\"@YESMontreal\" \/>\n<meta name=\"twitter:label1\" content=\"Dur\u00e9e de lecture estim\u00e9e\" \/>\n\t<meta name=\"twitter:data1\" content=\"23 minutes\" \/>\n<script type=\"application\/ld+json\" class=\"yoast-schema-graph\">{\"@context\":\"https:\\\/\\\/schema.org\",\"@graph\":[{\"@type\":\"WebPage\",\"@id\":\"https:\\\/\\\/yesmontreal.ca\\\/fr\\\/bureau-yes-de-laval\\\/\",\"url\":\"https:\\\/\\\/yesmontreal.ca\\\/fr\\\/bureau-yes-de-laval\\\/\",\"name\":\"Bureau YES de Laval | Aide \u00e0 l'emploi et \u00e0 l'entrepreneuriat\",\"isPartOf\":{\"@id\":\"https:\\\/\\\/yesmontreal.ca\\\/#website\"},\"datePublished\":\"2026-08-20T15:22:19+00:00\",\"dateModified\":\"2026-08-20T16:07:12+00:00\",\"description\":\"Contactez YES \u00e0 Laval pour b\u00e9n\u00e9ficier d'un accompagnement en mati\u00e8re d'emploi, d'entrepreneuriat et de carri\u00e8re. D\u00e9couvrez nos services et b\u00e9n\u00e9ficiez d'un accompagnement personnalis\u00e9 au sein de votre communaut\u00e9.\",\"breadcrumb\":{\"@id\":\"https:\\\/\\\/yesmontreal.ca\\\/fr\\\/bureau-yes-de-laval\\\/#breadcrumb\"},\"inLanguage\":\"fr-FR\",\"potentialAction\":[{\"@type\":\"ReadAction\",\"target\":[\"https:\\\/\\\/yesmontreal.ca\\\/fr\\\/bureau-yes-de-laval\\\/\"]}]},{\"@type\":\"BreadcrumbList\",\"@id\":\"https:\\\/\\\/yesmontreal.ca\\\/fr\\\/bureau-yes-de-laval\\\/#breadcrumb\",\"itemListElement\":[{\"@type\":\"ListItem\",\"position\":1,\"name\":\"Home\",\"item\":\"https:\\\/\\\/yesmontreal.ca\\\/fr\\\/\"},{\"@type\":\"ListItem\",\"position\":2,\"name\":\"Bureau YES de Laval\"}]},{\"@type\":\"WebSite\",\"@id\":\"https:\\\/\\\/yesmontreal.ca\\\/#website\",\"url\":\"https:\\\/\\\/yesmontreal.ca\\\/\",\"name\":\"YES Employment and Entrepreneurship\",\"description\":\"Free Employment and Entrepreneurship services in Quebec\",\"publisher\":{\"@id\":\"https:\\\/\\\/yesmontreal.ca\\\/#organization\"},\"potentialAction\":[{\"@type\":\"SearchAction\",\"target\":{\"@type\":\"EntryPoint\",\"urlTemplate\":\"https:\\\/\\\/yesmontreal.ca\\\/?s={search_term_string}\"},\"query-input\":{\"@type\":\"PropertyValueSpecification\",\"valueRequired\":true,\"valueName\":\"search_term_string\"}}],\"inLanguage\":\"fr-FR\"},{\"@type\":\"Organization\",\"@id\":\"https:\\\/\\\/yesmontreal.ca\\\/#organization\",\"name\":\"YES Employment + Entrepreneurship\",\"alternateName\":\"YES Montreal\",\"url\":\"https:\\\/\\\/yesmontreal.ca\\\/\",\"logo\":{\"@type\":\"ImageObject\",\"inLanguage\":\"fr-FR\",\"@id\":\"https:\\\/\\\/yesmontreal.ca\\\/#\\\/schema\\\/logo\\\/image\\\/\",\"url\":\"https:\\\/\\\/yesmontreal.ca\\\/wp-content\\\/uploads\\\/Screen-Shot-2021-03-04-at-2.59.30-PM.png\",\"contentUrl\":\"https:\\\/\\\/yesmontreal.ca\\\/wp-content\\\/uploads\\\/Screen-Shot-2021-03-04-at-2.59.30-PM.png\",\"width\":636,\"height\":308,\"caption\":\"YES Employment + Entrepreneurship\"},\"image\":{\"@id\":\"https:\\\/\\\/yesmontreal.ca\\\/#\\\/schema\\\/logo\\\/image\\\/\"},\"sameAs\":[\"https:\\\/\\\/www.facebook.com\\\/yes.montreal\",\"https:\\\/\\\/x.com\\\/YESMontreal\",\"https:\\\/\\\/www.instagram.com\\\/yesmontreal\\\/\",\"http:\\\/\\\/ca.linkedin.com\\\/in\\\/yesmontreal\",\"https:\\\/\\\/www.youtube.com\\\/user\\\/YESMontreal\"]}]}<\/script>\n<!-- \/ Yoast SEO plugin. -->","yoast_head_json":{"title":"Bureau YES de Laval | Aide \u00e0 l'emploi et \u00e0 l'entrepreneuriat","description":"Contactez YES \u00e0 Laval pour b\u00e9n\u00e9ficier d'un accompagnement en mati\u00e8re d'emploi, d'entrepreneuriat et de carri\u00e8re. D\u00e9couvrez nos services et b\u00e9n\u00e9ficiez d'un accompagnement personnalis\u00e9 au sein de votre communaut\u00e9.","robots":{"index":"index","follow":"follow","max-snippet":"max-snippet:-1","max-image-preview":"max-image-preview:large","max-video-preview":"max-video-preview:-1"},"canonical":"https:\/\/yesmontreal.ca\/fr\/bureau-yes-de-laval\/","og_locale":"fr_FR","og_type":"article","og_title":"Bureau YES de Laval | Aide \u00e0 l'emploi et \u00e0 l'entrepreneuriat","og_description":"Contactez YES \u00e0 Laval pour b\u00e9n\u00e9ficier d'un accompagnement en mati\u00e8re d'emploi, d'entrepreneuriat et de carri\u00e8re. D\u00e9couvrez nos services et b\u00e9n\u00e9ficiez d'un accompagnement personnalis\u00e9 au sein de votre communaut\u00e9.","og_url":"https:\/\/yesmontreal.ca\/fr\/bureau-yes-de-laval\/","og_site_name":"YES Employment and Entrepreneurship","article_publisher":"https:\/\/www.facebook.com\/yes.montreal","article_modified_time":"2026-08-20T16:07:12+00:00","og_image":[{"width":636,"height":308,"url":"https:\/\/yesmontreal.ca\/wp-content\/uploads\/Screen-Shot-2021-03-04-at-2.59.30-PM.png","type":"image\/png"}],"twitter_card":"summary_large_image","twitter_site":"@YESMontreal","twitter_misc":{"Dur\u00e9e de lecture estim\u00e9e":"23 minutes"},"schema":{"@context":"https:\/\/schema.org","@graph":[{"@type":"WebPage","@id":"https:\/\/yesmontreal.ca\/fr\/bureau-yes-de-laval\/","url":"https:\/\/yesmontreal.ca\/fr\/bureau-yes-de-laval\/","name":"Bureau YES de Laval | Aide \u00e0 l'emploi et \u00e0 l'entrepreneuriat","isPartOf":{"@id":"https:\/\/yesmontreal.ca\/#website"},"datePublished":"2026-08-20T15:22:19+00:00","dateModified":"2026-08-20T16:07:12+00:00","description":"Contactez YES \u00e0 Laval pour b\u00e9n\u00e9ficier d'un accompagnement en mati\u00e8re d'emploi, d'entrepreneuriat et de carri\u00e8re. D\u00e9couvrez nos services et b\u00e9n\u00e9ficiez d'un accompagnement personnalis\u00e9 au sein de votre communaut\u00e9.","breadcrumb":{"@id":"https:\/\/yesmontreal.ca\/fr\/bureau-yes-de-laval\/#breadcrumb"},"inLanguage":"fr-FR","potentialAction":[{"@type":"ReadAction","target":["https:\/\/yesmontreal.ca\/fr\/bureau-yes-de-laval\/"]}]},{"@type":"BreadcrumbList","@id":"https:\/\/yesmontreal.ca\/fr\/bureau-yes-de-laval\/#breadcrumb","itemListElement":[{"@type":"ListItem","position":1,"name":"Home","item":"https:\/\/yesmontreal.ca\/fr\/"},{"@type":"ListItem","position":2,"name":"Bureau YES de Laval"}]},{"@type":"WebSite","@id":"https:\/\/yesmontreal.ca\/#website","url":"https:\/\/yesmontreal.ca\/","name":"YES Employment and Entrepreneurship","description":"Free Employment and Entrepreneurship services in Quebec","publisher":{"@id":"https:\/\/yesmontreal.ca\/#organization"},"potentialAction":[{"@type":"SearchAction","target":{"@type":"EntryPoint","urlTemplate":"https:\/\/yesmontreal.ca\/?s={search_term_string}"},"query-input":{"@type":"PropertyValueSpecification","valueRequired":true,"valueName":"search_term_string"}}],"inLanguage":"fr-FR"},{"@type":"Organization","@id":"https:\/\/yesmontreal.ca\/#organization","name":"YES Employment + Entrepreneurship","alternateName":"YES Montreal","url":"https:\/\/yesmontreal.ca\/","logo":{"@type":"ImageObject","inLanguage":"fr-FR","@id":"https:\/\/yesmontreal.ca\/#\/schema\/logo\/image\/","url":"https:\/\/yesmontreal.ca\/wp-content\/uploads\/Screen-Shot-2021-03-04-at-2.59.30-PM.png","contentUrl":"https:\/\/yesmontreal.ca\/wp-content\/uploads\/Screen-Shot-2021-03-04-at-2.59.30-PM.png","width":636,"height":308,"caption":"YES Employment + Entrepreneurship"},"image":{"@id":"https:\/\/yesmontreal.ca\/#\/schema\/logo\/image\/"},"sameAs":["https:\/\/www.facebook.com\/yes.montreal","https:\/\/x.com\/YESMontreal","https:\/\/www.instagram.com\/yesmontreal\/","http:\/\/ca.linkedin.com\/in\/yesmontreal","https:\/\/www.youtube.com\/user\/YESMontreal"]}]}},"_links":{"self":[{"href":"https:\/\/yesmontreal.ca\/fr\/wp-json\/wp\/v2\/pages\/99465","targetHints":{"allow":["GET"]}}],"collection":[{"href":"https:\/\/yesmontreal.ca\/fr\/wp-json\/wp\/v2\/pages"}],"about":[{"href":"https:\/\/yesmontreal.ca\/fr\/wp-json\/wp\/v2\/types\/page"}],"author":[{"embeddable":true,"href":"https:\/\/yesmontreal.ca\/fr\/wp-json\/wp\/v2\/users\/10"}],"replies":[{"embeddable":true,"href":"https:\/\/yesmontreal.ca\/fr\/wp-json\/wp\/v2\/comments?post=99465"}],"version-history":[{"count":3,"href":"https:\/\/yesmontreal.ca\/fr\/wp-json\/wp\/v2\/pages\/99465\/revisions"}],"predecessor-version":[{"id":99488,"href":"https:\/\/yesmontreal.ca\/fr\/wp-json\/wp\/v2\/pages\/99465\/revisions\/99488"}],"wp:attachment":[{"href":"https:\/\/yesmontreal.ca\/fr\/wp-json\/wp\/v2\/media?parent=99465"}],"curies":[{"name":"wp","href":"https:\/\/api.w.org\/{rel}","templated":true}]}}