{"id":87583,"date":"2025-07-30T09:56:04","date_gmt":"2025-07-30T13:56:04","guid":{"rendered":"https:\/\/yesmontreal.ca\/meet-the-artists-of-the-2025-edition-of-what-the-pop\/"},"modified":"2025-08-26T13:37:28","modified_gmt":"2025-08-26T17:37:28","slug":"rencontrez-les-artistes-de-l-edition-2025-de-what-the-pop","status":"publish","type":"page","link":"https:\/\/yesmontreal.ca\/fr\/rencontrez-les-artistes-de-l-edition-2025-de-what-the-pop\/","title":{"rendered":"Rencontrez les artistes de l\u2019\u00e9dition 2025 de What the Pop!"},"content":{"rendered":"<p>[et_pb_section fb_built=\u00a0\u00bb1&Prime; admin_label=\u00a0\u00bbsection\u00a0\u00bb _builder_version=\u00a0\u00bb4.27.4&Prime; max_width=\u00a0\u00bb80%\u00a0\u00bb global_colors_info=\u00a0\u00bb{}\u00a0\u00bb][et_pb_row admin_label=\u00a0\u00bbrow\u00a0\u00bb _builder_version=\u00a0\u00bb4.16&Prime; background_size=\u00a0\u00bbinitial\u00a0\u00bb background_position=\u00a0\u00bbtop_left\u00a0\u00bb background_repeat=\u00a0\u00bbrepeat\u00a0\u00bb global_colors_info=\u00a0\u00bb{}\u00a0\u00bb][et_pb_column type=\u00a0\u00bb4_4&Prime; _builder_version=\u00a0\u00bb4.16&Prime; custom_padding=\u00a0\u00bb|||\u00a0\u00bb global_colors_info=\u00a0\u00bb{}\u00a0\u00bb custom_padding__hover=\u00a0\u00bb|||\u00a0\u00bb][et_pb_text admin_label=\u00a0\u00bbText\u00a0\u00bb _builder_version=\u00a0\u00bb4.27.4&Prime; background_size=\u00a0\u00bbinitial\u00a0\u00bb background_position=\u00a0\u00bbtop_left\u00a0\u00bb background_repeat=\u00a0\u00bbrepeat\u00a0\u00bb hover_enabled=\u00a0\u00bb0&Prime; global_colors_info=\u00a0\u00bb{}\u00a0\u00bb sticky_enabled=\u00a0\u00bb0&Prime;]<\/p>\n<h1><img decoding=\"async\" class=\"alignnone wp-image-87579 size-full\" src=\"https:\/\/yesmontreal.ca\/wp-content\/uploads\/516868863_1128629829297356_1326340900439762851_n.jpg\" alt=\"\" width=\"2000\" height=\"768\" \/><\/h1>\n<h1><strong>Rencontrez les artistes de l\u2019\u00e9dition 2025 de What the Pop!<\/strong><\/h1>\n<p>Pr\u00e9parez-vous \u00e0 <strong>rencontrer les artistes de l\u2019\u00e9dition 2025 de What the Pop!<\/strong>, une exposition artistique \u00e9ph\u00e9m\u00e8re haute en couleur qui rassemble plus de 40 artistes \u00e9mergents de partout au Qu\u00e9bec. Cet \u00e9v\u00e9nement gratuit de deux jours aura lieu au Centre St Jax, en plein c\u0153ur du centre-ville de Montr\u00e9al, et mettra \u00e0 l&rsquo;honneur la cr\u00e9ativit\u00e9 locale sous toutes ses formes.<\/p>\n<h2><strong>Qu\u2019est-ce que What the Pop! ?<\/strong><\/h2>\n<p>What the Pop! est une initiative phare de YES Montr\u00e9al qui vise \u00e0 offrir une plateforme de visibilit\u00e9 aux artistes de la rel\u00e8ve. Peinture, photographie, art num\u00e9rique, textiles, illustration, et plus encore \u2014 cette exposition multidisciplinaire permet aux artistes de rencontrer le public, de partager leurs parcours et de faire rayonner leur talent.<\/p>\n<h3><strong>D\u00e9tails de l\u2019\u00e9v\u00e9nement<\/strong><\/h3>\n<ul>\n<li><strong>\ud83d\uddd3\ufe0f Vendredi 12 septembre :<\/strong> de 15h \u00e0 19h<\/li>\n<li><strong>\ud83d\uddd3\ufe0f Samedi 13 septembre :<\/strong> de 12h \u00e0 18h<\/li>\n<li><strong>\ud83d\udccd Centre St Jax :<\/strong> 1439, rue Sainte-Catherine O., Montr\u00e9al, QC H3G 1S6<\/li>\n<\/ul>\n<h2><strong>Pourquoi y assister ?<\/strong><\/h2>\n<p>Vous aimez d\u00e9couvrir de nouveaux talents et soutenir l\u2019art local? Venez <strong>rencontrer les artistes de l\u2019\u00e9dition 2025 de What the Pop!<\/strong> et \u00e9changez directement avec les cr\u00e9ateur\u00b7trice\u00b7s de votre communaut\u00e9. Vous y trouverez des \u0153uvres uniques \u00e0 admirer \u2014 et peut-\u00eatre \u00e0 emporter chez vous!<\/p>\n<h3><strong>Entr\u00e9e gratuite et ambiance conviviale<\/strong><\/h3>\n<p>L\u2019\u00e9v\u00e9nement est gratuit et ouvert \u00e0 tous. Que vous soyez amateur\u00b7trice d\u2019art ou simple curieux\u00b7se, What the Pop! vous invite \u00e0 vivre une exp\u00e9rience culturelle inclusive et inspirante.<\/p>\n<h5><a href=\"https:\/\/yesmontreal.ca\/meet-the-artists-of-the-2025-edition-of-what-the-pop\/\">En savoir plus sur les artistes s\u00e9lectionn\u00e9s ici !<\/a><\/h5>\n<p>Ce projet est financ\u00e9 par :<\/p>\n<p><a href=\"https:\/\/www.canada.ca\/en\/canadian-heritage.html\" target=\"_blank\" rel=\"noopener\"><br \/><img decoding=\"async\" class=\"alignnone size-medium wp-image-53143\" src=\"https:\/\/yesmontreal.ca\/wp-content\/uploads\/Canadian-Heritage-Logo-Colour1-300x38.jpg\" alt=\"Logo Patrimoine canadien\" width=\"300\" height=\"38\" \/><br \/><\/a><\/p>\n<p>Partenaire m\u00e9dia :<\/p>\n<p><a href=\"https:\/\/cultmtl.com\/\" target=\"_blank\" rel=\"noopener\"><br \/><img decoding=\"async\" class=\"alignnone wp-image-52441\" src=\"https:\/\/yesmontreal.ca\/wp-content\/uploads\/CULT-LOGO-HI-RES-WEB-300x219.png\" alt=\"Cult MTL\" width=\"95\" height=\"69\" \/><\/a><\/p>\n<p>Pour en savoir plus sur nos services pour les artistes, cliquez <a href=\"https:\/\/yesmontreal.ca\/fr\/artistes\/\" target=\"_blank\" rel=\"noopener\">ici<\/a>.<\/p>\n<p>[\/et_pb_text][\/et_pb_column][\/et_pb_row][\/et_pb_section]<\/p>\n","protected":false},"excerpt":{"rendered":"<p>Rencontrez les artistes de l\u2019\u00e9dition 2025 de What the Pop! lors de cette exposition gratuite d\u00e9di\u00e9e \u00e0 la rel\u00e8ve artistique du Qu\u00e9bec.<\/p>\n","protected":false},"author":10,"featured_media":0,"parent":0,"menu_order":0,"comment_status":"closed","ping_status":"closed","template":"","meta":{"_et_pb_use_builder":"on","_et_pb_old_content":"","_et_gb_content_width":"","_crdt_document":"","footnotes":""},"class_list":["post-87583","page","type-page","status-publish","hentry"],"yoast_head":"<!-- This site is optimized with the Yoast SEO plugin v27.5 - https:\/\/yoast.com\/product\/yoast-seo-wordpress\/ -->\n<title>Rencontrez les artistes de l\u2019\u00e9dition 2025 de What the Pop!<\/title>\n<meta name=\"description\" content=\"Rencontrez les artistes de l\u2019\u00e9dition 2025 de What the Pop! lors de cette exposition gratuite d\u00e9di\u00e9e \u00e0 la rel\u00e8ve artistique du Qu\u00e9bec.\" \/>\n<meta name=\"robots\" content=\"index, follow, max-snippet:-1, max-image-preview:large, max-video-preview:-1\" \/>\n<link rel=\"canonical\" href=\"https:\/\/yesmontreal.ca\/fr\/rencontrez-les-artistes-de-l-edition-2025-de-what-the-pop\/\" \/>\n<meta property=\"og:locale\" content=\"fr_FR\" \/>\n<meta property=\"og:type\" content=\"article\" \/>\n<meta property=\"og:title\" content=\"Rencontrez les artistes de l\u2019\u00e9dition 2025 de What the Pop!\" \/>\n<meta property=\"og:description\" content=\"Rencontrez les artistes de l\u2019\u00e9dition 2025 de What the Pop! lors de cette exposition gratuite d\u00e9di\u00e9e \u00e0 la rel\u00e8ve artistique du Qu\u00e9bec.\" \/>\n<meta property=\"og:url\" content=\"https:\/\/yesmontreal.ca\/fr\/rencontrez-les-artistes-de-l-edition-2025-de-what-the-pop\/\" \/>\n<meta property=\"og:site_name\" content=\"YES Employment and Entrepreneurship\" \/>\n<meta property=\"article:publisher\" content=\"https:\/\/www.facebook.com\/yes.montreal\" \/>\n<meta property=\"article:modified_time\" content=\"2025-08-26T17:37:28+00:00\" \/>\n<meta property=\"og:image\" content=\"https:\/\/yesmontreal.ca\/wp-content\/uploads\/516868863_1128629829297356_1326340900439762851_n.jpg\" \/>\n\t<meta property=\"og:image:width\" content=\"2000\" \/>\n\t<meta property=\"og:image:height\" content=\"768\" \/>\n\t<meta property=\"og:image:type\" content=\"image\/jpeg\" \/>\n<meta name=\"twitter:card\" content=\"summary_large_image\" \/>\n<meta name=\"twitter:site\" content=\"@YESMontreal\" \/>\n<meta name=\"twitter:label1\" content=\"Dur\u00e9e de lecture estim\u00e9e\" \/>\n\t<meta name=\"twitter:data1\" content=\"2 minutes\" \/>\n<script type=\"application\/ld+json\" class=\"yoast-schema-graph\">{\"@context\":\"https:\\\/\\\/schema.org\",\"@graph\":[{\"@type\":\"WebPage\",\"@id\":\"https:\\\/\\\/yesmontreal.ca\\\/fr\\\/rencontrez-les-artistes-de-l-edition-2025-de-what-the-pop\\\/\",\"url\":\"https:\\\/\\\/yesmontreal.ca\\\/fr\\\/rencontrez-les-artistes-de-l-edition-2025-de-what-the-pop\\\/\",\"name\":\"Rencontrez les artistes de l\u2019\u00e9dition 2025 de What the Pop!\",\"isPartOf\":{\"@id\":\"https:\\\/\\\/yesmontreal.ca\\\/#website\"},\"primaryImageOfPage\":{\"@id\":\"https:\\\/\\\/yesmontreal.ca\\\/fr\\\/rencontrez-les-artistes-de-l-edition-2025-de-what-the-pop\\\/#primaryimage\"},\"image\":{\"@id\":\"https:\\\/\\\/yesmontreal.ca\\\/fr\\\/rencontrez-les-artistes-de-l-edition-2025-de-what-the-pop\\\/#primaryimage\"},\"thumbnailUrl\":\"https:\\\/\\\/yesmontreal.ca\\\/wp-content\\\/uploads\\\/516868863_1128629829297356_1326340900439762851_n.jpg\",\"datePublished\":\"2025-07-30T13:56:04+00:00\",\"dateModified\":\"2025-08-26T17:37:28+00:00\",\"description\":\"Rencontrez les artistes de l\u2019\u00e9dition 2025 de What the Pop! lors de cette exposition gratuite d\u00e9di\u00e9e \u00e0 la rel\u00e8ve artistique du Qu\u00e9bec.\",\"breadcrumb\":{\"@id\":\"https:\\\/\\\/yesmontreal.ca\\\/fr\\\/rencontrez-les-artistes-de-l-edition-2025-de-what-the-pop\\\/#breadcrumb\"},\"inLanguage\":\"fr-FR\",\"potentialAction\":[{\"@type\":\"ReadAction\",\"target\":[\"https:\\\/\\\/yesmontreal.ca\\\/fr\\\/rencontrez-les-artistes-de-l-edition-2025-de-what-the-pop\\\/\"]}]},{\"@type\":\"ImageObject\",\"inLanguage\":\"fr-FR\",\"@id\":\"https:\\\/\\\/yesmontreal.ca\\\/fr\\\/rencontrez-les-artistes-de-l-edition-2025-de-what-the-pop\\\/#primaryimage\",\"url\":\"https:\\\/\\\/yesmontreal.ca\\\/wp-content\\\/uploads\\\/516868863_1128629829297356_1326340900439762851_n.jpg\",\"contentUrl\":\"https:\\\/\\\/yesmontreal.ca\\\/wp-content\\\/uploads\\\/516868863_1128629829297356_1326340900439762851_n.jpg\"},{\"@type\":\"BreadcrumbList\",\"@id\":\"https:\\\/\\\/yesmontreal.ca\\\/fr\\\/rencontrez-les-artistes-de-l-edition-2025-de-what-the-pop\\\/#breadcrumb\",\"itemListElement\":[{\"@type\":\"ListItem\",\"position\":1,\"name\":\"Home\",\"item\":\"https:\\\/\\\/yesmontreal.ca\\\/fr\\\/\"},{\"@type\":\"ListItem\",\"position\":2,\"name\":\"Rencontrez les artistes de l\u2019\u00e9dition 2025 de What the Pop!\"}]},{\"@type\":\"WebSite\",\"@id\":\"https:\\\/\\\/yesmontreal.ca\\\/#website\",\"url\":\"https:\\\/\\\/yesmontreal.ca\\\/\",\"name\":\"YES Employment and Entrepreneurship\",\"description\":\"Free Employment and Entrepreneurship services in Quebec\",\"publisher\":{\"@id\":\"https:\\\/\\\/yesmontreal.ca\\\/#organization\"},\"potentialAction\":[{\"@type\":\"SearchAction\",\"target\":{\"@type\":\"EntryPoint\",\"urlTemplate\":\"https:\\\/\\\/yesmontreal.ca\\\/?s={search_term_string}\"},\"query-input\":{\"@type\":\"PropertyValueSpecification\",\"valueRequired\":true,\"valueName\":\"search_term_string\"}}],\"inLanguage\":\"fr-FR\"},{\"@type\":\"Organization\",\"@id\":\"https:\\\/\\\/yesmontreal.ca\\\/#organization\",\"name\":\"YES Employment + Entrepreneurship\",\"alternateName\":\"YES Montreal\",\"url\":\"https:\\\/\\\/yesmontreal.ca\\\/\",\"logo\":{\"@type\":\"ImageObject\",\"inLanguage\":\"fr-FR\",\"@id\":\"https:\\\/\\\/yesmontreal.ca\\\/#\\\/schema\\\/logo\\\/image\\\/\",\"url\":\"https:\\\/\\\/yesmontreal.ca\\\/wp-content\\\/uploads\\\/Screen-Shot-2021-03-04-at-2.59.30-PM.png\",\"contentUrl\":\"https:\\\/\\\/yesmontreal.ca\\\/wp-content\\\/uploads\\\/Screen-Shot-2021-03-04-at-2.59.30-PM.png\",\"width\":636,\"height\":308,\"caption\":\"YES Employment + Entrepreneurship\"},\"image\":{\"@id\":\"https:\\\/\\\/yesmontreal.ca\\\/#\\\/schema\\\/logo\\\/image\\\/\"},\"sameAs\":[\"https:\\\/\\\/www.facebook.com\\\/yes.montreal\",\"https:\\\/\\\/x.com\\\/YESMontreal\",\"https:\\\/\\\/www.instagram.com\\\/yesmontreal\\\/\",\"http:\\\/\\\/ca.linkedin.com\\\/in\\\/yesmontreal\",\"https:\\\/\\\/www.youtube.com\\\/user\\\/YESMontreal\"]}]}<\/script>\n<!-- \/ Yoast SEO plugin. -->","yoast_head_json":{"title":"Rencontrez les artistes de l\u2019\u00e9dition 2025 de What the Pop!","description":"Rencontrez les artistes de l\u2019\u00e9dition 2025 de What the Pop! lors de cette exposition gratuite d\u00e9di\u00e9e \u00e0 la rel\u00e8ve artistique du Qu\u00e9bec.","robots":{"index":"index","follow":"follow","max-snippet":"max-snippet:-1","max-image-preview":"max-image-preview:large","max-video-preview":"max-video-preview:-1"},"canonical":"https:\/\/yesmontreal.ca\/fr\/rencontrez-les-artistes-de-l-edition-2025-de-what-the-pop\/","og_locale":"fr_FR","og_type":"article","og_title":"Rencontrez les artistes de l\u2019\u00e9dition 2025 de What the Pop!","og_description":"Rencontrez les artistes de l\u2019\u00e9dition 2025 de What the Pop! lors de cette exposition gratuite d\u00e9di\u00e9e \u00e0 la rel\u00e8ve artistique du Qu\u00e9bec.","og_url":"https:\/\/yesmontreal.ca\/fr\/rencontrez-les-artistes-de-l-edition-2025-de-what-the-pop\/","og_site_name":"YES Employment and Entrepreneurship","article_publisher":"https:\/\/www.facebook.com\/yes.montreal","article_modified_time":"2025-08-26T17:37:28+00:00","og_image":[{"width":2000,"height":768,"url":"https:\/\/yesmontreal.ca\/wp-content\/uploads\/516868863_1128629829297356_1326340900439762851_n.jpg","type":"image\/jpeg"}],"twitter_card":"summary_large_image","twitter_site":"@YESMontreal","twitter_misc":{"Dur\u00e9e de lecture estim\u00e9e":"2 minutes"},"schema":{"@context":"https:\/\/schema.org","@graph":[{"@type":"WebPage","@id":"https:\/\/yesmontreal.ca\/fr\/rencontrez-les-artistes-de-l-edition-2025-de-what-the-pop\/","url":"https:\/\/yesmontreal.ca\/fr\/rencontrez-les-artistes-de-l-edition-2025-de-what-the-pop\/","name":"Rencontrez les artistes de l\u2019\u00e9dition 2025 de What the Pop!","isPartOf":{"@id":"https:\/\/yesmontreal.ca\/#website"},"primaryImageOfPage":{"@id":"https:\/\/yesmontreal.ca\/fr\/rencontrez-les-artistes-de-l-edition-2025-de-what-the-pop\/#primaryimage"},"image":{"@id":"https:\/\/yesmontreal.ca\/fr\/rencontrez-les-artistes-de-l-edition-2025-de-what-the-pop\/#primaryimage"},"thumbnailUrl":"https:\/\/yesmontreal.ca\/wp-content\/uploads\/516868863_1128629829297356_1326340900439762851_n.jpg","datePublished":"2025-07-30T13:56:04+00:00","dateModified":"2025-08-26T17:37:28+00:00","description":"Rencontrez les artistes de l\u2019\u00e9dition 2025 de What the Pop! lors de cette exposition gratuite d\u00e9di\u00e9e \u00e0 la rel\u00e8ve artistique du Qu\u00e9bec.","breadcrumb":{"@id":"https:\/\/yesmontreal.ca\/fr\/rencontrez-les-artistes-de-l-edition-2025-de-what-the-pop\/#breadcrumb"},"inLanguage":"fr-FR","potentialAction":[{"@type":"ReadAction","target":["https:\/\/yesmontreal.ca\/fr\/rencontrez-les-artistes-de-l-edition-2025-de-what-the-pop\/"]}]},{"@type":"ImageObject","inLanguage":"fr-FR","@id":"https:\/\/yesmontreal.ca\/fr\/rencontrez-les-artistes-de-l-edition-2025-de-what-the-pop\/#primaryimage","url":"https:\/\/yesmontreal.ca\/wp-content\/uploads\/516868863_1128629829297356_1326340900439762851_n.jpg","contentUrl":"https:\/\/yesmontreal.ca\/wp-content\/uploads\/516868863_1128629829297356_1326340900439762851_n.jpg"},{"@type":"BreadcrumbList","@id":"https:\/\/yesmontreal.ca\/fr\/rencontrez-les-artistes-de-l-edition-2025-de-what-the-pop\/#breadcrumb","itemListElement":[{"@type":"ListItem","position":1,"name":"Home","item":"https:\/\/yesmontreal.ca\/fr\/"},{"@type":"ListItem","position":2,"name":"Rencontrez les artistes de l\u2019\u00e9dition 2025 de What the Pop!"}]},{"@type":"WebSite","@id":"https:\/\/yesmontreal.ca\/#website","url":"https:\/\/yesmontreal.ca\/","name":"YES Employment and Entrepreneurship","description":"Free Employment and Entrepreneurship services in Quebec","publisher":{"@id":"https:\/\/yesmontreal.ca\/#organization"},"potentialAction":[{"@type":"SearchAction","target":{"@type":"EntryPoint","urlTemplate":"https:\/\/yesmontreal.ca\/?s={search_term_string}"},"query-input":{"@type":"PropertyValueSpecification","valueRequired":true,"valueName":"search_term_string"}}],"inLanguage":"fr-FR"},{"@type":"Organization","@id":"https:\/\/yesmontreal.ca\/#organization","name":"YES Employment + Entrepreneurship","alternateName":"YES Montreal","url":"https:\/\/yesmontreal.ca\/","logo":{"@type":"ImageObject","inLanguage":"fr-FR","@id":"https:\/\/yesmontreal.ca\/#\/schema\/logo\/image\/","url":"https:\/\/yesmontreal.ca\/wp-content\/uploads\/Screen-Shot-2021-03-04-at-2.59.30-PM.png","contentUrl":"https:\/\/yesmontreal.ca\/wp-content\/uploads\/Screen-Shot-2021-03-04-at-2.59.30-PM.png","width":636,"height":308,"caption":"YES Employment + Entrepreneurship"},"image":{"@id":"https:\/\/yesmontreal.ca\/#\/schema\/logo\/image\/"},"sameAs":["https:\/\/www.facebook.com\/yes.montreal","https:\/\/x.com\/YESMontreal","https:\/\/www.instagram.com\/yesmontreal\/","http:\/\/ca.linkedin.com\/in\/yesmontreal","https:\/\/www.youtube.com\/user\/YESMontreal"]}]}},"_links":{"self":[{"href":"https:\/\/yesmontreal.ca\/fr\/wp-json\/wp\/v2\/pages\/87583","targetHints":{"allow":["GET"]}}],"collection":[{"href":"https:\/\/yesmontreal.ca\/fr\/wp-json\/wp\/v2\/pages"}],"about":[{"href":"https:\/\/yesmontreal.ca\/fr\/wp-json\/wp\/v2\/types\/page"}],"author":[{"embeddable":true,"href":"https:\/\/yesmontreal.ca\/fr\/wp-json\/wp\/v2\/users\/10"}],"replies":[{"embeddable":true,"href":"https:\/\/yesmontreal.ca\/fr\/wp-json\/wp\/v2\/comments?post=87583"}],"version-history":[{"count":0,"href":"https:\/\/yesmontreal.ca\/fr\/wp-json\/wp\/v2\/pages\/87583\/revisions"}],"wp:attachment":[{"href":"https:\/\/yesmontreal.ca\/fr\/wp-json\/wp\/v2\/media?parent=87583"}],"curies":[{"name":"wp","href":"https:\/\/api.w.org\/{rel}","templated":true}]}}