{"id":86019,"date":"2025-05-30T11:57:23","date_gmt":"2025-05-30T15:57:23","guid":{"rendered":"https:\/\/yesmontreal.ca\/contactez-nous\/"},"modified":"2025-07-02T10:27:40","modified_gmt":"2025-07-02T14:27:40","slug":"contactez-nous","status":"publish","type":"page","link":"https:\/\/yesmontreal.ca\/fr\/contactez-nous\/","title":{"rendered":"Contactez-nous"},"content":{"rendered":"<p>[et_pb_section fb_built=\u00a0\u00bb1&Prime; _builder_version=\u00a0\u00bb4.27.4&Prime; background_color=\u00a0\u00bbRGBA(255,255,255,0)\u00a0\u00bb background_image=\u00a0\u00bbhttps:\/\/yesmontreal.ca\/wp-content\/uploads\/General-CarouselBanner-April2025-General6-scaled.jpg\u00a0\u00bb background_blend=\u00a0\u00bboverlay\u00a0\u00bb bottom_divider_style=\u00a0\u00bbslant\u00a0\u00bb bottom_divider_color=\u00a0\u00bb#ffffff\u00a0\u00bb bottom_divider_height=\u00a0\u00bb55px\u00a0\u00bb bottom_divider_flip=\u00a0\u00bbhorizontal\u00a0\u00bb global_colors_info=\u00a0\u00bb{}\u00a0\u00bb][et_pb_row _builder_version=\u00a0\u00bb4.27.4&Prime; custom_margin=\u00a0\u00bb3vh|auto|0vh|auto|false|false\u00a0\u00bb custom_padding=\u00a0\u00bb100px||110px|||\u00a0\u00bb global_colors_info=\u00a0\u00bb{}\u00a0\u00bb][et_pb_column type=\u00a0\u00bb4_4&Prime; _builder_version=\u00a0\u00bb4.16&Prime; global_colors_info=\u00a0\u00bb{}\u00a0\u00bb][et_pb_text _builder_version=\u00a0\u00bb4.27.4&Prime; text_font=\u00a0\u00bb||||||||\u00a0\u00bb header_font=\u00a0\u00bb|700|||||||\u00a0\u00bb header_5_font=\u00a0\u00bb||||||||\u00a0\u00bb text_orientation=\u00a0\u00bbcenter\u00a0\u00bb background_layout=\u00a0\u00bbdark\u00a0\u00bb width=\u00a0\u00bb85%\u00a0\u00bb width_tablet=\u00a0\u00bb100%\u00a0\u00bb width_phone=\u00a0\u00bb100%\u00a0\u00bb width_last_edited=\u00a0\u00bbon|phone\u00a0\u00bb max_width=\u00a0\u00bb100%\u00a0\u00bb module_alignment=\u00a0\u00bbcenter\u00a0\u00bb global_colors_info=\u00a0\u00bb{}\u00a0\u00bb]<\/p>\n<h1>Contactez YES Emploi + Entrepreneuriat<\/h1>\n<h5>Communiquez avec nous d\u00e8s aujourd\u2019hui pour obtenir du soutien, poser vos questions ou vous impliquer\u202f!<\/h5>\n<p>[\/et_pb_text][\/et_pb_column][\/et_pb_row][\/et_pb_section][et_pb_section fb_built=\u00a0\u00bb1&Prime; module_id=\u00a0\u00bbscroll\u00a0\u00bb _builder_version=\u00a0\u00bb4.16&Prime; z_index=\u00a0\u00bb1&Prime; custom_padding=\u00a0\u00bb50px||0px|||\u00a0\u00bb bottom_divider_style=\u00a0\u00bbcurve\u00a0\u00bb bottom_divider_color=\u00a0\u00bb#ffffff\u00a0\u00bb bottom_divider_height=\u00a0\u00bb175px\u00a0\u00bb global_colors_info=\u00a0\u00bb{}\u00a0\u00bb][et_pb_row _builder_version=\u00a0\u00bb4.27.4&Prime; custom_padding=\u00a0\u00bb1px||0px|||\u00a0\u00bb global_colors_info=\u00a0\u00bb{}\u00a0\u00bb][et_pb_column type=\u00a0\u00bb4_4&Prime; _builder_version=\u00a0\u00bb4.16&Prime; global_colors_info=\u00a0\u00bb{}\u00a0\u00bb][et_pb_text _builder_version=\u00a0\u00bb4.17.4&Prime; text_font=\u00a0\u00bb||||||||\u00a0\u00bb header_font=\u00a0\u00bb||||||||\u00a0\u00bb header_2_font=\u00a0\u00bb||||||||\u00a0\u00bb header_3_font=\u00a0\u00bb|600|||||||\u00a0\u00bb header_5_font=\u00a0\u00bb||||||||\u00a0\u00bb width_tablet=\u00a0\u00bb\u00a0\u00bb width_phone=\u00a0\u00bb100%\u00a0\u00bb width_last_edited=\u00a0\u00bbon|desktop\u00a0\u00bb max_width=\u00a0\u00bb100%\u00a0\u00bb module_alignment=\u00a0\u00bbcenter\u00a0\u00bb custom_margin=\u00a0\u00bb||10px\u00a0\u00bb global_colors_info=\u00a0\u00bb{}\u00a0\u00bb]<\/p>\n<h3>Besoin d\u2019aide pour votre carri\u00e8re ou votre entreprise?<\/h3>\n<p>[\/et_pb_text][et_pb_text _builder_version=\u00a0\u00bb4.27.4&Prime; text_font=\u00a0\u00bb||||||||\u00a0\u00bb text_text_color=\u00a0\u00bb#5A5B5D\u00a0\u00bb module_alignment=\u00a0\u00bbcenter\u00a0\u00bb global_colors_info=\u00a0\u00bb{}\u00a0\u00bb width__hover_enabled=\u00a0\u00bbon\u00a0\u00bb]<\/p>\n<div data-ogsc=\"black\">\n<p data-start=\"348\" data-end=\"513\"><strong data-start=\"348\" data-end=\"393\">Contactez YES Emploi + Entrepreneuriat<\/strong> pour un accompagnement personnalis\u00e9, que vous soyez entrepreneur\u00b7e, artiste ou chercheur\u00b7e d\u2019emploi. Nous sommes l\u00e0 pour vous \u2014 en ligne ou en personne.<\/p>\n<p data-start=\"515\" data-end=\"579\">Vous pouvez aussi explorer nos <a data-start=\"253\" data-end=\"297\" href=\"https:\/\/yesmontreal.ca\/fr\/\">services<\/a>, <a data-start=\"299\" data-end=\"352\" href=\"https:\/\/yesmontreal.ca\/fr\/calendrier\/\">vous inscrire \u00e0 des \u00e9v\u00e9nements<\/a> ou <a data-start=\"357\" data-end=\"422\" href=\"https:\/\/yesmontreal.ca\/newslettersignup\/\">vous abonner \u00e0 notre infolettre<\/a>.<\/p>\n<\/div>\n<p>[\/et_pb_text][\/et_pb_column][\/et_pb_row][\/et_pb_section][et_pb_section fb_built=\u00a0\u00bb1&Prime; _builder_version=\u00a0\u00bb4.16&Prime; _module_preset=\u00a0\u00bbdefault\u00a0\u00bb global_colors_info=\u00a0\u00bb{}\u00a0\u00bb][et_pb_row column_structure=\u00a0\u00bb1_3,1_3,1_3&Prime; _builder_version=\u00a0\u00bb4.16&Prime; _module_preset=\u00a0\u00bbdefault\u00a0\u00bb custom_padding=\u00a0\u00bb4px||6px|||\u00a0\u00bb global_colors_info=\u00a0\u00bb{}\u00a0\u00bb][et_pb_column type=\u00a0\u00bb1_3&Prime; _builder_version=\u00a0\u00bb4.16&Prime; _module_preset=\u00a0\u00bbdefault\u00a0\u00bb global_colors_info=\u00a0\u00bb{}\u00a0\u00bb][et_pb_blurb title=\u00a0\u00bbAdresse\u00a0\u00bb image=\u00a0\u00bbhttps:\/\/yesmontreal.ca\/wp-content\/uploads\/suitcase.png\u00a0\u00bb alt=\u00a0\u00bbVisitez YES Emploi + Entrepreneuriat au centre-ville de Montr\u00e9al\u00a0\u00bb image_icon_width=\u00a0\u00bb75%\u00a0\u00bb _builder_version=\u00a0\u00bb4.27.4&Prime; header_font_size=\u00a0\u00bb20px\u00a0\u00bb body_text_color=\u00a0\u00bb#5A5B5D\u00a0\u00bb body_font_size=\u00a0\u00bb16px\u00a0\u00bb background_color=\u00a0\u00bb#ffffff\u00a0\u00bb text_orientation=\u00a0\u00bbcenter\u00a0\u00bb custom_padding=\u00a0\u00bb40px|25px|40px|25px|true|true\u00a0\u00bb animation=\u00a0\u00bboff\u00a0\u00bb custom_css_blurb_title=\u00a0\u00bbpadding-bottom: 5px;\u00a0\u00bb border_radii=\u00a0\u00bbon|6px|6px|6px|6px\u00a0\u00bb image_max_width=\u00a0\u00bb75%\u00a0\u00bb global_colors_info=\u00a0\u00bb{}\u00a0\u00bb]<\/p>\n<p>666, rue Sherbrooke Ouest, bureau 700<br \/>Montr\u00e9al (Qu\u00e9bec) H3A 1E7<\/p>\n<p>&nbsp;<\/p>\n<p>[\/et_pb_blurb][\/et_pb_column][et_pb_column type=\u00a0\u00bb1_3&Prime; _builder_version=\u00a0\u00bb4.16&Prime; _module_preset=\u00a0\u00bbdefault\u00a0\u00bb global_colors_info=\u00a0\u00bb{}\u00a0\u00bb][et_pb_blurb title=\u00a0\u00bbCoordonn\u00e9es\u00a0\u00bb image=\u00a0\u00bbhttps:\/\/yesmontreal.ca\/wp-content\/uploads\/setting.png\u00a0\u00bb image_icon_width=\u00a0\u00bb75%\u00a0\u00bb _builder_version=\u00a0\u00bb4.23.1&Prime; header_font_size=\u00a0\u00bb20px\u00a0\u00bb body_text_color=\u00a0\u00bb#5A5B5D\u00a0\u00bb body_font_size=\u00a0\u00bb16px\u00a0\u00bb background_color=\u00a0\u00bb#ffffff\u00a0\u00bb text_orientation=\u00a0\u00bbcenter\u00a0\u00bb custom_padding=\u00a0\u00bb40px|25px|40px|25px|true|true\u00a0\u00bb animation=\u00a0\u00bboff\u00a0\u00bb custom_css_blurb_title=\u00a0\u00bbpadding-bottom: 5px;\u00a0\u00bb border_radii=\u00a0\u00bbon|6px|6px|6px|6px\u00a0\u00bb image_max_width=\u00a0\u00bb75%\u00a0\u00bb global_colors_info=\u00a0\u00bb{}\u00a0\u00bb]<\/p>\n<p><strong>T\u00e9l\u00e9phone :<\/strong> (514) 878-9788<br \/><strong>Courriel :<\/strong> <a href=\"mailto:info@yesmontreal.ca\">info@yesmontreal.ca<\/a><\/p>\n<p>[\/et_pb_blurb][\/et_pb_column][et_pb_column type=\u00a0\u00bb1_3&Prime; _builder_version=\u00a0\u00bb4.16&Prime; _module_preset=\u00a0\u00bbdefault\u00a0\u00bb global_colors_info=\u00a0\u00bb{}\u00a0\u00bb][et_pb_blurb title=\u00a0\u00bbHeures d\u2019ouverture\u00a0\u00bb image=\u00a0\u00bbhttps:\/\/yesmontreal.ca\/wp-content\/uploads\/calendar-1.png\u00a0\u00bb alt=\u00a0\u00bbYES Montreal Heures d\u2019ouverture &#8211; icone calendrier\u00a0\u00bb image_icon_width=\u00a0\u00bb75%\u00a0\u00bb _builder_version=\u00a0\u00bb4.27.4&Prime; header_font_size=\u00a0\u00bb20px\u00a0\u00bb body_text_color=\u00a0\u00bb#5A5B5D\u00a0\u00bb body_font_size=\u00a0\u00bb16px\u00a0\u00bb background_color=\u00a0\u00bb#ffffff\u00a0\u00bb text_orientation=\u00a0\u00bbcenter\u00a0\u00bb custom_padding=\u00a0\u00bb36px|25px|36px|25px|true|true\u00a0\u00bb animation=\u00a0\u00bboff\u00a0\u00bb hover_enabled=\u00a0\u00bb0&Prime; custom_css_blurb_title=\u00a0\u00bbpadding-bottom: 5px;\u00a0\u00bb border_radii=\u00a0\u00bbon|6px|6px|6px|6px\u00a0\u00bb image_max_width=\u00a0\u00bb75%\u00a0\u00bb global_colors_info=\u00a0\u00bb{}\u00a0\u00bb sticky_enabled=\u00a0\u00bb0&Prime;]<\/p>\n<p>Lundi au jeudi<br \/>9 h \u00e0 17 h<\/p>\n<p>L&rsquo;horaire d&rsquo;\u00e9t\u00e9 : Vendredi (en ligne seulement)<br \/>9 h \u00e0 15 h<\/p>\n<p>[\/et_pb_blurb][\/et_pb_column][\/et_pb_row][\/et_pb_section][et_pb_section fb_built=\u00a0\u00bb1&Prime; _builder_version=\u00a0\u00bb4.16&Prime; _module_preset=\u00a0\u00bbdefault\u00a0\u00bb global_colors_info=\u00a0\u00bb{}\u00a0\u00bb][et_pb_row column_structure=\u00a0\u00bb1_2,1_2&Prime; _builder_version=\u00a0\u00bb4.27.4&Prime; _module_preset=\u00a0\u00bbdefault\u00a0\u00bb global_colors_info=\u00a0\u00bb{}\u00a0\u00bb][et_pb_column type=\u00a0\u00bb1_2&Prime; _builder_version=\u00a0\u00bb4.25.1&Prime; _module_preset=\u00a0\u00bbdefault\u00a0\u00bb global_colors_info=\u00a0\u00bb{}\u00a0\u00bb][et_pb_code _builder_version=\u00a0\u00bb4.27.4&Prime; _module_preset=\u00a0\u00bbdefault\u00a0\u00bb global_colors_info=\u00a0\u00bb{}\u00a0\u00bb]<iframe src=\"https:\/\/www.google.com\/maps\/embed?pb=!1m18!1m12!1m3!1d5592.502027304541!2d-73.5730739!3d45.505025399999994!2m3!1f0!2f0!3f0!3m2!1i1024!2i768!4f13.1!3m3!1m2!1s0x4cc91a464412bc87%3A0x9a560500adaeae19!2s666%20Rue%20Sherbrooke%20O%2C%20Montr%C3%A9al%2C%20QC!5e0!3m2!1sfr!2sca!4v1748621480274!5m2!1sfr!2sca\" width=\"600\" height=\"300\" allowfullscreen=\"allowfullscreen\"><\/iframe>[\/et_pb_code][\/et_pb_column][et_pb_column type=\u00a0\u00bb1_2&Prime; _builder_version=\u00a0\u00bb4.27.4&Prime; _module_preset=\u00a0\u00bbdefault\u00a0\u00bb global_colors_info=\u00a0\u00bb{}\u00a0\u00bb][et_pb_text _builder_version=\u00a0\u00bb4.27.4&Prime; _module_preset=\u00a0\u00bbdefault\u00a0\u00bb global_colors_info=\u00a0\u00bb{}\u00a0\u00bb]<\/p>\n<h2>Visitez-nous en personne<\/h2>\n<p data-start=\"1346\" data-end=\"1410\">Passez \u00e0 notre bureau du centre-ville de Montr\u00e9al du lundi au jeudi pour\u202f:<\/p>\n<ul data-start=\"1412\" data-end=\"1545\">\n<li data-start=\"1412\" data-end=\"1440\">\n<p data-start=\"1414\" data-end=\"1440\">Parler \u00e0 un membre de notre \u00e9quipe<\/p>\n<\/li>\n<li data-start=\"1441\" data-end=\"1478\">\n<p data-start=\"1443\" data-end=\"1478\">Utiliser notre biblioth\u00e8que de ressources gratuites<\/p>\n<\/li>\n<li data-start=\"1479\" data-end=\"1511\">\n<p data-start=\"1481\" data-end=\"1511\">Acc\u00e9der aux postes informatiques<\/p>\n<\/li>\n<li data-start=\"1512\" data-end=\"1545\">\n<p data-start=\"1514\" data-end=\"1545\">En apprendre davantage sur nos services<\/p>\n<\/li>\n<\/ul>\n<p data-start=\"1547\" data-end=\"1637\"><em data-start=\"1547\" data-end=\"1637\">Note : Nous sommes ferm\u00e9s aux visites en personne le vendredi, mais nous offrons un service complet en ligne et par t\u00e9l\u00e9phone.<\/em><\/p>\n<p>[\/et_pb_text][\/et_pb_column][\/et_pb_row][et_pb_row _builder_version=\u00a0\u00bb4.27.4&Prime; _module_preset=\u00a0\u00bbdefault\u00a0\u00bb module_alignment=\u00a0\u00bbcenter\u00a0\u00bb custom_padding=\u00a0\u00bb2px|||||\u00a0\u00bb global_colors_info=\u00a0\u00bb{}\u00a0\u00bb][et_pb_column type=\u00a0\u00bb4_4&Prime; _builder_version=\u00a0\u00bb4.27.4&Prime; _module_preset=\u00a0\u00bbdefault\u00a0\u00bb global_colors_info=\u00a0\u00bb{}\u00a0\u00bb][et_pb_button button_url=\u00a0\u00bbhttps:\/\/forms.office.com\/pages\/responsepage.aspx?id=qTuzL39FBUypGD4YrNS5W3oDM7q_mb5GktWe_IVZe9FUN1hZSUU4WDBaWEJYOVJEU09UQzNQWks4Mi4u\u00a0\u00bb url_new_window=\u00a0\u00bbon\u00a0\u00bb button_text=\u00a0\u00bbCommuniquez avec nous\u00a0\u00bb button_alignment=\u00a0\u00bbcenter\u00a0\u00bb _builder_version=\u00a0\u00bb4.27.4&Prime; _module_preset=\u00a0\u00bbdefault\u00a0\u00bb custom_button=\u00a0\u00bbon\u00a0\u00bb button_text_size=\u00a0\u00bb14px\u00a0\u00bb button_text_color=\u00a0\u00bb#ffffff\u00a0\u00bb button_bg_color=\u00a0\u00bb#397BA0&Prime; button_letter_spacing=\u00a0\u00bb0px\u00a0\u00bb custom_margin=\u00a0\u00bb23px|0px||0px|false|false\u00a0\u00bb custom_padding=\u00a0\u00bb13px|13px|13px|13px|true|true\u00a0\u00bb global_colors_info=\u00a0\u00bb{}\u00a0\u00bb button_text_color__hover_enabled=\u00a0\u00bbon|desktop\u00a0\u00bb button_text_color__hover=\u00a0\u00bb#ffffff\u00a0\u00bb][\/et_pb_button][\/et_pb_column][\/et_pb_row][\/et_pb_section][et_pb_section fb_built=\u00a0\u00bb1&Prime; _builder_version=\u00a0\u00bb4.27.4&Prime; _module_preset=\u00a0\u00bbdefault\u00a0\u00bb background_color=\u00a0\u00bbRGBA(255,255,255,0)\u00a0\u00bb custom_padding=\u00a0\u00bb||25px||false|false\u00a0\u00bb saved_tabs=\u00a0\u00bball\u00a0\u00bb locked=\u00a0\u00bboff\u00a0\u00bb collapsed=\u00a0\u00bboff\u00a0\u00bb global_colors_info=\u00a0\u00bb{}\u00a0\u00bb][et_pb_row _builder_version=\u00a0\u00bb4.27.4&Prime; _module_preset=\u00a0\u00bbdefault\u00a0\u00bb global_colors_info=\u00a0\u00bb{}\u00a0\u00bb][et_pb_column type=\u00a0\u00bb4_4&Prime; _builder_version=\u00a0\u00bb4.27.4&Prime; _module_preset=\u00a0\u00bbdefault\u00a0\u00bb global_colors_info=\u00a0\u00bb{}\u00a0\u00bb][et_pb_text _builder_version=\u00a0\u00bb4.27.4&Prime; _module_preset=\u00a0\u00bbdefault\u00a0\u00bb global_colors_info=\u00a0\u00bb{}\u00a0\u00bb]<\/p>\n<h3>Impliquez-vous avec YES Emploi + Entrepreneuriat<\/h3>\n<p>Nous travaillons avec plus que des client\u00b7e\u00b7s \u2014 nous collaborons avec des membres de la communaut\u00e9, des bailleurs de fonds et des b\u00e9n\u00e9voles qui souhaitent avoir un impact. Joignez-vous \u00e0 nous et faites partie du changement : <\/p>\n<ul>\n<li data-start=\"318\" data-end=\"403\">\n<p data-start=\"320\" data-end=\"403\"><strong data-start=\"320\" data-end=\"337\">\ud83d\ude4b B\u00e9n\u00e9volat : <\/strong><a data-start=\"338\" data-end=\"401\" href=\"https:\/\/forms.office.com\/r\/Kgnmw96Qpx\">Soumettez votre int\u00e9r\u00eat \u2192<\/a><\/p>\n<\/li>\n<li data-start=\"404\" data-end=\"483\">\n<p data-start=\"406\" data-end=\"483\"><strong data-start=\"406\" data-end=\"420\">\ud83d\udc96 Faites un don :<\/strong> <a data-start=\"421\" data-end=\"481\" class=\"\" rel=\"noopener\" target=\"_new\" href=\"https:\/\/www.canadahelps.org\/en\/dn\/39923\">Effectuez un don \u2192<\/a><\/p>\n<\/li>\n<li data-start=\"484\" data-end=\"552\">\n<p data-start=\"486\" data-end=\"552\"><strong data-start=\"486\" data-end=\"509\">\ud83e\udd1d Devenez partenaire :<\/strong><a data-start=\"510\" data-end=\"552\" href=\"https:\/\/yesmontreal.ca\/fr\/contactez-nous\/\"> Contactez-nous \u2192<\/a><\/p>\n<\/li>\n<\/ul>\n<p>[\/et_pb_text][\/et_pb_column][\/et_pb_row][\/et_pb_section]<\/p>\n","protected":false},"excerpt":{"rendered":"<p>Contactez YES Emploi + Entrepreneuriat Communiquez avec nous d\u00e8s aujourd\u2019hui pour obtenir du soutien, poser vos questions ou vous impliquer\u202f!Besoin d\u2019aide pour votre carri\u00e8re ou votre entreprise? Contactez YES Emploi [&hellip;]<\/p>\n","protected":false},"author":10,"featured_media":0,"parent":0,"menu_order":0,"comment_status":"closed","ping_status":"closed","template":"","meta":{"_et_pb_use_builder":"on","_et_pb_old_content":"","_et_gb_content_width":"","_crdt_document":"","footnotes":""},"class_list":["post-86019","page","type-page","status-publish","hentry"],"yoast_head":"<!-- This site is optimized with the Yoast SEO plugin v27.5 - https:\/\/yoast.com\/product\/yoast-seo-wordpress\/ -->\n<title>Contactez YES Emploi + Entrepreneuriat<\/title>\n<meta name=\"description\" content=\"Besoin d\u2019aide pour votre carri\u00e8re ou entreprise\u202f? Contactez YES pour un accompagnement personnalis\u00e9 en ligne ou en personne \u00e0 Montr\u00e9al.\" \/>\n<meta name=\"robots\" content=\"index, follow, max-snippet:-1, max-image-preview:large, max-video-preview:-1\" \/>\n<link rel=\"canonical\" href=\"https:\/\/yesmontreal.ca\/fr\/contactez-nous\/\" \/>\n<meta property=\"og:locale\" content=\"fr_FR\" \/>\n<meta property=\"og:type\" content=\"article\" \/>\n<meta property=\"og:title\" content=\"Contactez YES Emploi + Entrepreneuriat\" \/>\n<meta property=\"og:description\" content=\"Besoin d\u2019aide pour votre carri\u00e8re ou entreprise\u202f? Contactez YES pour un accompagnement personnalis\u00e9 en ligne ou en personne \u00e0 Montr\u00e9al.\" \/>\n<meta property=\"og:url\" content=\"https:\/\/yesmontreal.ca\/fr\/contactez-nous\/\" \/>\n<meta property=\"og:site_name\" content=\"YES Employment and Entrepreneurship\" \/>\n<meta property=\"article:publisher\" content=\"https:\/\/www.facebook.com\/yes.montreal\" \/>\n<meta property=\"article:modified_time\" content=\"2025-07-02T14:27:40+00:00\" \/>\n<meta property=\"og:image\" content=\"https:\/\/yesmontreal.ca\/wp-content\/uploads\/Screen-Shot-2021-03-04-at-2.59.30-PM.png\" \/>\n\t<meta property=\"og:image:width\" content=\"636\" \/>\n\t<meta property=\"og:image:height\" content=\"308\" \/>\n\t<meta property=\"og:image:type\" content=\"image\/png\" \/>\n<meta name=\"twitter:card\" content=\"summary_large_image\" \/>\n<meta name=\"twitter:site\" content=\"@YESMontreal\" \/>\n<meta name=\"twitter:label1\" content=\"Dur\u00e9e de lecture estim\u00e9e\" \/>\n\t<meta name=\"twitter:data1\" content=\"5 minutes\" \/>\n<script type=\"application\/ld+json\" class=\"yoast-schema-graph\">{\"@context\":\"https:\\\/\\\/schema.org\",\"@graph\":[{\"@type\":\"WebPage\",\"@id\":\"https:\\\/\\\/yesmontreal.ca\\\/fr\\\/contactez-nous\\\/\",\"url\":\"https:\\\/\\\/yesmontreal.ca\\\/fr\\\/contactez-nous\\\/\",\"name\":\"Contactez YES Emploi + Entrepreneuriat\",\"isPartOf\":{\"@id\":\"https:\\\/\\\/yesmontreal.ca\\\/#website\"},\"datePublished\":\"2025-05-30T15:57:23+00:00\",\"dateModified\":\"2025-07-02T14:27:40+00:00\",\"description\":\"Besoin d\u2019aide pour votre carri\u00e8re ou entreprise\u202f? Contactez YES pour un accompagnement personnalis\u00e9 en ligne ou en personne \u00e0 Montr\u00e9al.\",\"breadcrumb\":{\"@id\":\"https:\\\/\\\/yesmontreal.ca\\\/fr\\\/contactez-nous\\\/#breadcrumb\"},\"inLanguage\":\"fr-FR\",\"potentialAction\":[{\"@type\":\"ReadAction\",\"target\":[\"https:\\\/\\\/yesmontreal.ca\\\/fr\\\/contactez-nous\\\/\"]}]},{\"@type\":\"BreadcrumbList\",\"@id\":\"https:\\\/\\\/yesmontreal.ca\\\/fr\\\/contactez-nous\\\/#breadcrumb\",\"itemListElement\":[{\"@type\":\"ListItem\",\"position\":1,\"name\":\"Home\",\"item\":\"https:\\\/\\\/yesmontreal.ca\\\/fr\\\/\"},{\"@type\":\"ListItem\",\"position\":2,\"name\":\"Contactez-nous\"}]},{\"@type\":\"WebSite\",\"@id\":\"https:\\\/\\\/yesmontreal.ca\\\/#website\",\"url\":\"https:\\\/\\\/yesmontreal.ca\\\/\",\"name\":\"YES Employment and Entrepreneurship\",\"description\":\"Free Employment and Entrepreneurship services in Quebec\",\"publisher\":{\"@id\":\"https:\\\/\\\/yesmontreal.ca\\\/#organization\"},\"potentialAction\":[{\"@type\":\"SearchAction\",\"target\":{\"@type\":\"EntryPoint\",\"urlTemplate\":\"https:\\\/\\\/yesmontreal.ca\\\/?s={search_term_string}\"},\"query-input\":{\"@type\":\"PropertyValueSpecification\",\"valueRequired\":true,\"valueName\":\"search_term_string\"}}],\"inLanguage\":\"fr-FR\"},{\"@type\":\"Organization\",\"@id\":\"https:\\\/\\\/yesmontreal.ca\\\/#organization\",\"name\":\"YES Employment + Entrepreneurship\",\"alternateName\":\"YES Montreal\",\"url\":\"https:\\\/\\\/yesmontreal.ca\\\/\",\"logo\":{\"@type\":\"ImageObject\",\"inLanguage\":\"fr-FR\",\"@id\":\"https:\\\/\\\/yesmontreal.ca\\\/#\\\/schema\\\/logo\\\/image\\\/\",\"url\":\"https:\\\/\\\/yesmontreal.ca\\\/wp-content\\\/uploads\\\/Screen-Shot-2021-03-04-at-2.59.30-PM.png\",\"contentUrl\":\"https:\\\/\\\/yesmontreal.ca\\\/wp-content\\\/uploads\\\/Screen-Shot-2021-03-04-at-2.59.30-PM.png\",\"width\":636,\"height\":308,\"caption\":\"YES Employment + Entrepreneurship\"},\"image\":{\"@id\":\"https:\\\/\\\/yesmontreal.ca\\\/#\\\/schema\\\/logo\\\/image\\\/\"},\"sameAs\":[\"https:\\\/\\\/www.facebook.com\\\/yes.montreal\",\"https:\\\/\\\/x.com\\\/YESMontreal\",\"https:\\\/\\\/www.instagram.com\\\/yesmontreal\\\/\",\"http:\\\/\\\/ca.linkedin.com\\\/in\\\/yesmontreal\",\"https:\\\/\\\/www.youtube.com\\\/user\\\/YESMontreal\"]}]}<\/script>\n<!-- \/ Yoast SEO plugin. -->","yoast_head_json":{"title":"Contactez YES Emploi + Entrepreneuriat","description":"Besoin d\u2019aide pour votre carri\u00e8re ou entreprise\u202f? Contactez YES pour un accompagnement personnalis\u00e9 en ligne ou en personne \u00e0 Montr\u00e9al.","robots":{"index":"index","follow":"follow","max-snippet":"max-snippet:-1","max-image-preview":"max-image-preview:large","max-video-preview":"max-video-preview:-1"},"canonical":"https:\/\/yesmontreal.ca\/fr\/contactez-nous\/","og_locale":"fr_FR","og_type":"article","og_title":"Contactez YES Emploi + Entrepreneuriat","og_description":"Besoin d\u2019aide pour votre carri\u00e8re ou entreprise\u202f? Contactez YES pour un accompagnement personnalis\u00e9 en ligne ou en personne \u00e0 Montr\u00e9al.","og_url":"https:\/\/yesmontreal.ca\/fr\/contactez-nous\/","og_site_name":"YES Employment and Entrepreneurship","article_publisher":"https:\/\/www.facebook.com\/yes.montreal","article_modified_time":"2025-07-02T14:27:40+00:00","og_image":[{"width":636,"height":308,"url":"https:\/\/yesmontreal.ca\/wp-content\/uploads\/Screen-Shot-2021-03-04-at-2.59.30-PM.png","type":"image\/png"}],"twitter_card":"summary_large_image","twitter_site":"@YESMontreal","twitter_misc":{"Dur\u00e9e de lecture estim\u00e9e":"5 minutes"},"schema":{"@context":"https:\/\/schema.org","@graph":[{"@type":"WebPage","@id":"https:\/\/yesmontreal.ca\/fr\/contactez-nous\/","url":"https:\/\/yesmontreal.ca\/fr\/contactez-nous\/","name":"Contactez YES Emploi + Entrepreneuriat","isPartOf":{"@id":"https:\/\/yesmontreal.ca\/#website"},"datePublished":"2025-05-30T15:57:23+00:00","dateModified":"2025-07-02T14:27:40+00:00","description":"Besoin d\u2019aide pour votre carri\u00e8re ou entreprise\u202f? Contactez YES pour un accompagnement personnalis\u00e9 en ligne ou en personne \u00e0 Montr\u00e9al.","breadcrumb":{"@id":"https:\/\/yesmontreal.ca\/fr\/contactez-nous\/#breadcrumb"},"inLanguage":"fr-FR","potentialAction":[{"@type":"ReadAction","target":["https:\/\/yesmontreal.ca\/fr\/contactez-nous\/"]}]},{"@type":"BreadcrumbList","@id":"https:\/\/yesmontreal.ca\/fr\/contactez-nous\/#breadcrumb","itemListElement":[{"@type":"ListItem","position":1,"name":"Home","item":"https:\/\/yesmontreal.ca\/fr\/"},{"@type":"ListItem","position":2,"name":"Contactez-nous"}]},{"@type":"WebSite","@id":"https:\/\/yesmontreal.ca\/#website","url":"https:\/\/yesmontreal.ca\/","name":"YES Employment and Entrepreneurship","description":"Free Employment and Entrepreneurship services in Quebec","publisher":{"@id":"https:\/\/yesmontreal.ca\/#organization"},"potentialAction":[{"@type":"SearchAction","target":{"@type":"EntryPoint","urlTemplate":"https:\/\/yesmontreal.ca\/?s={search_term_string}"},"query-input":{"@type":"PropertyValueSpecification","valueRequired":true,"valueName":"search_term_string"}}],"inLanguage":"fr-FR"},{"@type":"Organization","@id":"https:\/\/yesmontreal.ca\/#organization","name":"YES Employment + Entrepreneurship","alternateName":"YES Montreal","url":"https:\/\/yesmontreal.ca\/","logo":{"@type":"ImageObject","inLanguage":"fr-FR","@id":"https:\/\/yesmontreal.ca\/#\/schema\/logo\/image\/","url":"https:\/\/yesmontreal.ca\/wp-content\/uploads\/Screen-Shot-2021-03-04-at-2.59.30-PM.png","contentUrl":"https:\/\/yesmontreal.ca\/wp-content\/uploads\/Screen-Shot-2021-03-04-at-2.59.30-PM.png","width":636,"height":308,"caption":"YES Employment + Entrepreneurship"},"image":{"@id":"https:\/\/yesmontreal.ca\/#\/schema\/logo\/image\/"},"sameAs":["https:\/\/www.facebook.com\/yes.montreal","https:\/\/x.com\/YESMontreal","https:\/\/www.instagram.com\/yesmontreal\/","http:\/\/ca.linkedin.com\/in\/yesmontreal","https:\/\/www.youtube.com\/user\/YESMontreal"]}]}},"_links":{"self":[{"href":"https:\/\/yesmontreal.ca\/fr\/wp-json\/wp\/v2\/pages\/86019","targetHints":{"allow":["GET"]}}],"collection":[{"href":"https:\/\/yesmontreal.ca\/fr\/wp-json\/wp\/v2\/pages"}],"about":[{"href":"https:\/\/yesmontreal.ca\/fr\/wp-json\/wp\/v2\/types\/page"}],"author":[{"embeddable":true,"href":"https:\/\/yesmontreal.ca\/fr\/wp-json\/wp\/v2\/users\/10"}],"replies":[{"embeddable":true,"href":"https:\/\/yesmontreal.ca\/fr\/wp-json\/wp\/v2\/comments?post=86019"}],"version-history":[{"count":0,"href":"https:\/\/yesmontreal.ca\/fr\/wp-json\/wp\/v2\/pages\/86019\/revisions"}],"wp:attachment":[{"href":"https:\/\/yesmontreal.ca\/fr\/wp-json\/wp\/v2\/media?parent=86019"}],"curies":[{"name":"wp","href":"https:\/\/api.w.org\/{rel}","templated":true}]}}