{"id":85761,"date":"2025-05-27T17:22:44","date_gmt":"2025-05-27T21:22:44","guid":{"rendered":"https:\/\/yesmontreal.ca\/business-skills-for-creative-souls-artists-conference\/"},"modified":"2026-04-27T11:34:27","modified_gmt":"2026-04-27T15:34:27","slug":"business-skills-for-creative-souls-artists-conference","status":"publish","type":"page","link":"https:\/\/yesmontreal.ca\/fr\/artistes\/business-skills-for-creative-souls-artists-conference\/","title":{"rendered":"Conf\u00e9rence d&rsquo;artistes sur les comp\u00e9tences commerciales pour les \u00e2mes cr\u00e9atives"},"content":{"rendered":"<p>[et_pb_section fb_built=\u00a0\u00bb1&Prime; _builder_version=\u00a0\u00bb4.27.6&Prime; background_enable_color=\u00a0\u00bboff\u00a0\u00bb background_image=\u00a0\u00bbhttps:\/\/yesmontreal.ca\/wp-content\/uploads\/AConf-Page-Header.png\u00a0\u00bb module_alignment=\u00a0\u00bbcenter\u00a0\u00bb min_height=\u00a0\u00bb379px\u00a0\u00bb height=\u00a0\u00bb470px\u00a0\u00bb max_height=\u00a0\u00bb1000px\u00a0\u00bb custom_margin=\u00a0\u00bb28px||-19px||false|false\u00a0\u00bb custom_padding=\u00a0\u00bb26px||0px||false|false\u00a0\u00bb filter_saturate=\u00a0\u00bb101%\u00a0\u00bb mix_blend_mode=\u00a0\u00bboverlay\u00a0\u00bb bottom_divider_style=\u00a0\u00bbslant\u00a0\u00bb bottom_divider_color=\u00a0\u00bb#ffffff\u00a0\u00bb bottom_divider_height=\u00a0\u00bb55px\u00a0\u00bb bottom_divider_flip=\u00a0\u00bbhorizontal\u00a0\u00bb background_last_edited=\u00a0\u00bbon|phone\u00a0\u00bb use_background_color_gradient_phone=\u00a0\u00bbon\u00a0\u00bb background_color_gradient_direction_phone=\u00a0\u00bb109deg\u00a0\u00bb background_color_gradient_stops_phone=\u00a0\u00bbrgba(37,38,40,0.6) 0%|rgba(90,91,93,0.27) 100%\u00a0\u00bb background_color_gradient_overlays_image_phone=\u00a0\u00bbon\u00a0\u00bb background_image_phone=\u00a0\u00bbhttps:\/\/yesmontreal.ca\/wp-content\/uploads\/Yes-MTL-Arts-Confrence-2024-9436.jpg\u00a0\u00bb background_enable_image_phone=\u00a0\u00bbon\u00a0\u00bb background_blend_phone=\u00a0\u00bbnormal\u00a0\u00bb global_colors_info=\u00a0\u00bb{}\u00a0\u00bb][et_pb_row custom_padding_last_edited=\u00a0\u00bbon|phone\u00a0\u00bb _builder_version=\u00a0\u00bb4.27.6&Prime; custom_margin=\u00a0\u00bb3vh|auto|0vh|auto|false|false\u00a0\u00bb custom_padding=\u00a0\u00bb61px||61px||true|\u00a0\u00bb custom_padding_tablet=\u00a0\u00bb103px||103px||true|\u00a0\u00bb custom_padding_phone=\u00a0\u00bb46px||46px||true|false\u00a0\u00bb global_colors_info=\u00a0\u00bb{}\u00a0\u00bb][et_pb_column type=\u00a0\u00bb4_4&Prime; _builder_version=\u00a0\u00bb4.23&Prime; global_colors_info=\u00a0\u00bb{}\u00a0\u00bb][et_pb_text _builder_version=\u00a0\u00bb4.27.6&Prime; text_font=\u00a0\u00bb||||||||\u00a0\u00bb text_font_size=\u00a0\u00bb28px\u00a0\u00bb header_font=\u00a0\u00bb|600|||||||\u00a0\u00bb header_font_size=\u00a0\u00bb48px\u00a0\u00bb header_2_font_size=\u00a0\u00bb29px\u00a0\u00bb header_5_font=\u00a0\u00bb||||||||\u00a0\u00bb text_orientation=\u00a0\u00bbcenter\u00a0\u00bb background_layout=\u00a0\u00bbdark\u00a0\u00bb width=\u00a0\u00bb85%\u00a0\u00bb width_tablet=\u00a0\u00bb100%\u00a0\u00bb width_phone=\u00a0\u00bb100%\u00a0\u00bb width_last_edited=\u00a0\u00bbon|phone\u00a0\u00bb max_width=\u00a0\u00bb100%\u00a0\u00bb module_alignment=\u00a0\u00bbcenter\u00a0\u00bb hover_enabled=\u00a0\u00bb0&Prime; header_font_size_tablet=\u00a0\u00bb48px\u00a0\u00bb header_font_size_phone=\u00a0\u00bb36px\u00a0\u00bb header_font_size_last_edited=\u00a0\u00bbon|phone\u00a0\u00bb global_colors_info=\u00a0\u00bb{}\u00a0\u00bb sticky_enabled=\u00a0\u00bb0&Prime;]<\/p>\n<h1><strong>\u00ab <\/strong>Business Skills for Creative Souls <strong>\u00bb<\/strong><\/h1>\n<h2>Conf\u00e9rence des artistes<\/h2>\n<p>[\/et_pb_text][\/et_pb_column][\/et_pb_row][\/et_pb_section][et_pb_section fb_built=\u00a0\u00bb1&Prime; _builder_version=\u00a0\u00bb4.27.4&Prime; _module_preset=\u00a0\u00bbdefault\u00a0\u00bb width=\u00a0\u00bb100%\u00a0\u00bb max_width=\u00a0\u00bb100%\u00a0\u00bb module_alignment=\u00a0\u00bbcenter\u00a0\u00bb top_divider_color=\u00a0\u00bb#F28321&Prime; top_divider_height=\u00a0\u00bb97px\u00a0\u00bb top_divider_repeat=\u00a0\u00bb1x\u00a0\u00bb top_divider_flip=\u00a0\u00bbhorizontal\u00a0\u00bb top_divider_arrangement=\u00a0\u00bbabove_content\u00a0\u00bb global_colors_info=\u00a0\u00bb{}\u00a0\u00bb][et_pb_row _builder_version=\u00a0\u00bb4.27.4&Prime; _module_preset=\u00a0\u00bbdefault\u00a0\u00bb custom_padding=\u00a0\u00bb||8px|||\u00a0\u00bb locked=\u00a0\u00bboff\u00a0\u00bb global_colors_info=\u00a0\u00bb{}\u00a0\u00bb][et_pb_column type=\u00a0\u00bb4_4&Prime; _builder_version=\u00a0\u00bb4.25.1&Prime; _module_preset=\u00a0\u00bbdefault\u00a0\u00bb global_colors_info=\u00a0\u00bb{}\u00a0\u00bb][et_pb_heading title=\u00a0\u00bbTransformez votre passion artistique en une carri\u00e8re durable\u00a0\u00bb _builder_version=\u00a0\u00bb4.27.6&Prime; _module_preset=\u00a0\u00bbdefault\u00a0\u00bb title_level=\u00a0\u00bbh2&Prime; title_font=\u00a0\u00bb||||||||\u00a0\u00bb title_text_color=\u00a0\u00bb#262626&Prime; width=\u00a0\u00bb100%\u00a0\u00bb custom_margin=\u00a0\u00bb||13px|||\u00a0\u00bb title_font_size_tablet=\u00a0\u00bb\u00a0\u00bb title_font_size_phone=\u00a0\u00bb28px\u00a0\u00bb title_font_size_last_edited=\u00a0\u00bbon|phone\u00a0\u00bb global_colors_info=\u00a0\u00bb{}\u00a0\u00bb][\/et_pb_heading][et_pb_text _builder_version=\u00a0\u00bb4.27.6&Prime; _module_preset=\u00a0\u00bbdefault\u00a0\u00bb text_text_color=\u00a0\u00bb#5A5B5D\u00a0\u00bb text_font_size=\u00a0\u00bb19px\u00a0\u00bb min_height_tablet=\u00a0\u00bb\u00a0\u00bb min_height_phone=\u00a0\u00bb\u00a0\u00bb min_height_last_edited=\u00a0\u00bbon|desktop\u00a0\u00bb custom_padding=\u00a0\u00bb0px||5px|||\u00a0\u00bb global_colors_info=\u00a0\u00bb{}\u00a0\u00bb]<\/p>\n<p>YES est l\u00e0 pour aider les artistes du Qu\u00e9bec \u00e0 s&rsquo;\u00e9panouir ! Que vous commenciez votre parcours cr\u00e9atif ou que vous cherchiez \u00e0 \u00e9lever votre carri\u00e8re, notre coaching expert, nos ateliers th\u00e9matiques, nos \u00e9v\u00e9nements et nos ressources sont con\u00e7us pour vous guider \u00e0 chaque \u00e9tape. <\/p>\n<p>[\/et_pb_text][et_pb_text _builder_version=\u00a0\u00bb4.27.6&Prime; _module_preset=\u00a0\u00bbdefault\u00a0\u00bb text_text_color=\u00a0\u00bb#5A5B5D\u00a0\u00bb text_font_size=\u00a0\u00bb19px\u00a0\u00bb custom_padding=\u00a0\u00bb0px||0px|||\u00a0\u00bb global_colors_info=\u00a0\u00bb{}\u00a0\u00bb]<\/p>\n<h3>Pourquoi participer \u00e0 la conf\u00e9rence \u00a0\u00bb <em>Business Skills for Creative Souls<\/em>\u00a0\u00bb ?<\/h3>\n<p data-start=\"692\" data-end=\"895\" class=\"\">La conf\u00e9rence des artistes YES est notre <strong data-start=\"727\" data-end=\"752\">\u00e9v\u00e9nement phare annuel<\/strong>, con\u00e7u pour fournir aux artistes et aux professionnels de la cr\u00e9ation les outils, les connaissances et le soutien dont ils ont besoin pour construire des carri\u00e8res prosp\u00e8res et durables.<\/p>\n<p data-start=\"902\" data-end=\"1063\" class=\"\">Que vous soyez artiste visuel, interpr\u00e8te, \u00e9crivain ou cr\u00e9ateur pluridisciplinaire, cette conf\u00e9rence vous permettra d&rsquo;<strong data-start=\"1008\" data-end=\"1060\">acqu\u00e9rir des comp\u00e9tences commerciales concr\u00e8tes adapt\u00e9es aux arts.<\/strong><\/p>\n<p>[\/et_pb_text][\/et_pb_column][\/et_pb_row][et_pb_row _builder_version=\u00a0\u00bb4.27.6&Prime; _module_preset=\u00a0\u00bbdefault\u00a0\u00bb global_colors_info=\u00a0\u00bb{}\u00a0\u00bb][et_pb_column type=\u00a0\u00bb4_4&Prime; _builder_version=\u00a0\u00bb4.27.6&Prime; _module_preset=\u00a0\u00bbdefault\u00a0\u00bb global_colors_info=\u00a0\u00bb{}\u00a0\u00bb][et_pb_text _builder_version=\u00a0\u00bb4.27.6&Prime; _module_preset=\u00a0\u00bbdefault\u00a0\u00bb custom_margin=\u00a0\u00bb||22px|||\u00a0\u00bb global_colors_info=\u00a0\u00bb{}\u00a0\u00bb]<\/p>\n<h3 style=\"text-align: center;\">\u00c0 quoi s&rsquo;attendre ?<\/h3>\n<p>[\/et_pb_text][et_pb_text _builder_version=\u00a0\u00bb4.27.6&Prime; _module_preset=\u00a0\u00bbdefault\u00a0\u00bb text_font_size=\u00a0\u00bb21px\u00a0\u00bb width=\u00a0\u00bb57%\u00a0\u00bb module_alignment=\u00a0\u00bbcenter\u00a0\u00bb global_colors_info=\u00a0\u00bb{}\u00a0\u00bb]<\/p>\n<p><span><strong>\u2713 Discussions approfondies<\/strong> avec des leaders de l&rsquo;industrie<\/span><\/p>\n<p><span><strong>\u2713 Des conf\u00e9renciers inspirants<\/strong> qui racontent leurs r\u00e9ussites<\/span><\/p>\n<p><span>\u2713 <strong>Opportunit\u00e9s de r\u00e9seautage<\/strong> avec des professionnels et des organisations cr\u00e9atives<\/span><\/p>\n<p><span><strong>Acc\u00e8s direct aux partenaires financiers et aux organisations artistiques<\/strong><\/span><\/p>\n<p>[\/et_pb_text][et_pb_text _builder_version=\u00a0\u00bb4.27.6&Prime; _module_preset=\u00a0\u00bbdefault\u00a0\u00bb text_font_size=\u00a0\u00bb19px\u00a0\u00bb width=\u00a0\u00bb85%\u00a0\u00bb module_alignment=\u00a0\u00bbcenter\u00a0\u00bb global_colors_info=\u00a0\u00bb{}\u00a0\u00bb]<\/p>\n<p>Depuis 1999, cet \u00e9v\u00e9nement est la pierre angulaire de notre <a href=\"https:\/\/yesmontreal.ca\/fr\/artistes\/\">programme d&rsquo; aide aux artistes<\/a>, qui a permis \u00e0 de nombreux artistes d&rsquo;atteindre leurs objectifs professionnels et cr\u00e9atifs.<\/p>\n<p>[\/et_pb_text][\/et_pb_column][\/et_pb_row][et_pb_row _builder_version=\u00a0\u00bb4.27.6&Prime; _module_preset=\u00a0\u00bbdefault\u00a0\u00bb custom_padding=\u00a0\u00bb||14px|||\u00a0\u00bb global_colors_info=\u00a0\u00bb{}\u00a0\u00bb][et_pb_column type=\u00a0\u00bb4_4&Prime; _builder_version=\u00a0\u00bb4.27.6&Prime; _module_preset=\u00a0\u00bbdefault\u00a0\u00bb global_colors_info=\u00a0\u00bb{}\u00a0\u00bb][et_pb_divider color=\u00a0\u00bb#5A5B5D\u00a0\u00bb _builder_version=\u00a0\u00bb4.27.6&Prime; _module_preset=\u00a0\u00bbdefault\u00a0\u00bb width=\u00a0\u00bb68%\u00a0\u00bb module_alignment=\u00a0\u00bbcenter\u00a0\u00bb global_colors_info=\u00a0\u00bb{}\u00a0\u00bb][\/et_pb_divider][\/et_pb_column][\/et_pb_row][et_pb_row _builder_version=\u00a0\u00bb4.27.6&Prime; _module_preset=\u00a0\u00bbdefault\u00a0\u00bb module_alignment=\u00a0\u00bbcenter\u00a0\u00bb custom_padding=\u00a0\u00bb4px||6px|||\u00a0\u00bb global_colors_info=\u00a0\u00bb{}\u00a0\u00bb][et_pb_column type=\u00a0\u00bb4_4&Prime; _builder_version=\u00a0\u00bb4.27.6&Prime; _module_preset=\u00a0\u00bbdefault\u00a0\u00bb global_colors_info=\u00a0\u00bb{}\u00a0\u00bb][et_pb_image src=\u00a0\u00bbhttps:\/\/yesmontreal.ca\/wp-content\/uploads\/ArtistsConference2026-Banner-EventBrite.jpg\u00a0\u00bb title_text=\u00a0\u00bb~ai-f71301da-20fa-4b04-8a95-c9594775f970_\u00a0\u00bb url=\u00a0\u00bbhttps:\/\/www.eventbrite.ca\/e\/art-in-the-face-of-adversity-tickets-1985736252586&Prime; url_new_window=\u00a0\u00bbon\u00a0\u00bb _builder_version=\u00a0\u00bb4.27.6&Prime; _module_preset=\u00a0\u00bbdefault\u00a0\u00bb global_colors_info=\u00a0\u00bb{}\u00a0\u00bb][\/et_pb_image][et_pb_text _builder_version=\u00a0\u00bb4.27.6&Prime; _module_preset=\u00a0\u00bbdefault\u00a0\u00bb header_3_font=\u00a0\u00bb|600|||||||\u00a0\u00bb custom_margin=\u00a0\u00bb||20px|||\u00a0\u00bb hover_enabled=\u00a0\u00bb0&Prime; global_colors_info=\u00a0\u00bb{}\u00a0\u00bb sticky_enabled=\u00a0\u00bb0&Prime;]<\/p>\n<h3>Comp\u00e9tences commerciales pour les \u00e2mes cr\u00e9atives : L&rsquo;art face \u00e0 l&rsquo;adversit\u00e9<\/h3>\n<div>\n<p><strong>24 avril 2026 \u2022 Anim\u00e9 par <a href=\"https:\/\/www.cbc.ca\/mediacentre\/sonali-karnick-1.html\" target=\"_blank\" rel=\"noopener\">Sonali Karnick de CBC<\/a><\/strong><\/p>\n<p>Cette conf\u00e9rence d\u2019une journ\u00e9e \u00e9tait destin\u00e9e aux artistes qui souhaitaient s\u2019adapter, se d\u00e9velopper et construire une vie cr\u00e9ative durable dans un monde en mutation rapide.<\/p>\n<div>\n<p>Au travers de panels, de conf\u00e9rences et de conversations authentiques, les participant\u00b7es ont explor\u00e9 les d\u00e9fis auxquels les artistes sont confront\u00e9s aujourd\u2019hui \u2014 et, surtout, les pistes pour aller de l\u2019avant avec clart\u00e9 et confiance.<\/p>\n<\/div>\n<p>&nbsp;<\/p>\n<p>&nbsp;<\/p>\n<\/div>\n<p>&nbsp;<\/p>\n<p>[\/et_pb_text][\/et_pb_column][\/et_pb_row][et_pb_row column_structure=\u00a0\u00bb1_2,1_2&Prime; _builder_version=\u00a0\u00bb4.27.6&Prime; _module_preset=\u00a0\u00bbdefault\u00a0\u00bb custom_margin=\u00a0\u00bb31px|auto||auto|false|false\u00a0\u00bb custom_padding=\u00a0\u00bb24px||8px|||\u00a0\u00bb global_colors_info=\u00a0\u00bb{}\u00a0\u00bb][et_pb_column type=\u00a0\u00bb1_2&Prime; _builder_version=\u00a0\u00bb4.27.6&Prime; _module_preset=\u00a0\u00bbdefault\u00a0\u00bb global_colors_info=\u00a0\u00bb{}\u00a0\u00bb][et_pb_text _builder_version=\u00a0\u00bb4.27.6&Prime; _module_preset=\u00a0\u00bbdefault\u00a0\u00bb text_font_size=\u00a0\u00bb19px\u00a0\u00bb text_line_height=\u00a0\u00bb1.3em\u00a0\u00bb header_4_line_height=\u00a0\u00bb1.8em\u00a0\u00bb hover_enabled=\u00a0\u00bb0&Prime; global_colors_info=\u00a0\u00bb{}\u00a0\u00bb sticky_enabled=\u00a0\u00bb0&Prime;]<\/p>\n<h4>Ce que les participant\u00b7es ont obtenu<\/h4>\n<div>\n<p>\u2022\u00a0Des outils pratiques pour adapter leur pratique cr\u00e9ative dans un paysage pilot\u00e9 par l\u2019IA<\/p>\n<p>\u2022\u00a0Des conseils clairs sur les subventions, les programmes de financement et les fa\u00e7ons d\u2019aborder le CALQ<\/p>\n<p>\u2022\u00a0Des strat\u00e9gies pour d\u00e9velopper leur visibilit\u00e9, \u00e9largir leur audience et cesser d\u2019attendre d\u2019\u00eatre d\u00e9couvert\u00b7e<\/p>\n<p>\u2022\u00a0Des informations sur la sant\u00e9 mentale sp\u00e9cifiquement adapt\u00e9es au travail cr\u00e9atif<\/p>\n<p>\u2022\u00a0Une meilleure compr\u00e9hension de la mani\u00e8re dont la migration fa\u00e7onne l\u2019identit\u00e9 artistique et les parcours professionnels<\/p>\n<p>\u2022\u00a0L\u2019occasion d\u2019apprendre aupr\u00e8s d\u2019artistes et de leaders de l\u2019industrie<\/p>\n<\/div>\n<p>&nbsp;<\/p>\n<p>[\/et_pb_text][\/et_pb_column][et_pb_column type=\u00a0\u00bb1_2&Prime; _builder_version=\u00a0\u00bb4.27.6&Prime; _module_preset=\u00a0\u00bbdefault\u00a0\u00bb global_colors_info=\u00a0\u00bb{}\u00a0\u00bb][et_pb_text _builder_version=\u00a0\u00bb4.27.6&Prime; _module_preset=\u00a0\u00bbdefault\u00a0\u00bb text_font_size=\u00a0\u00bb19px\u00a0\u00bb text_line_height=\u00a0\u00bb1.3em\u00a0\u00bb header_4_line_height=\u00a0\u00bb1.5em\u00a0\u00bb hover_enabled=\u00a0\u00bb0&Prime; global_colors_info=\u00a0\u00bb{}\u00a0\u00bb sticky_enabled=\u00a0\u00bb0&Prime;]<\/p>\n<h4>Apprendre aupr\u00e8s d\u2019artistes et de leaders de l\u2019industrie<\/h4>\n<div>\n<p>Des artistes, des travailleur\u00b7euses culturels et des expert\u00b7es de diverses disciplines ont partag\u00e9 leurs points de vue dans le cadre de panels et de conf\u00e9rences portant sur\u202f:<\/p>\n<p>\u2022\u00a0La vie cr\u00e9ative apr\u00e8s la migration<br \/>\u2022\u00a0Des mod\u00e8les financiers durables pour les cin\u00e9astes<br \/>\u2022\u00a0La sant\u00e9 mentale et le travail cr\u00e9atif<br \/>\u2022\u00a0La pratique artistique \u00e0 l\u2019\u00e8re de l\u2019IA<br \/>\u2022\u00a0La visibilit\u00e9, la cr\u00e9ation d\u2019un public et la strat\u00e9gie de carri\u00e8re<br \/>\u2022\u00a0Le r\u00e9seautage, la collaboration et le ressourcement<\/p>\n<\/div>\n<p>&nbsp;<\/p>\n<p>[\/et_pb_text][\/et_pb_column][\/et_pb_row][et_pb_row _builder_version=\u00a0\u00bb4.27.6&Prime; _module_preset=\u00a0\u00bbdefault\u00a0\u00bb][et_pb_column _builder_version=\u00a0\u00bb4.27.6&Prime; _module_preset=\u00a0\u00bbdefault\u00a0\u00bb type=\u00a0\u00bb4_4&Prime;][et_pb_text _builder_version=\u00a0\u00bb4.27.6&Prime; _module_preset=\u00a0\u00bbdefault\u00a0\u00bb hover_enabled=\u00a0\u00bb0&Prime; sticky_enabled=\u00a0\u00bb0&Prime;]<\/p>\n<p>&nbsp;<\/p>\n<div>Restez \u00e0 l\u2019aff\u00fbt des photos r\u00e9capitulatives de l\u2019\u00e9v\u00e9nement\u202f! Continuez \u00e9galement \u00e0 nous suivre sur nos r\u00e9seaux sociaux ou inscrivez\u2011vous \u00e0 notre infolettre pour recevoir des nouvelles concernant l\u2019\u00e9dition de l\u2019an prochain.<\/div>\n<p>&nbsp;<\/p>\n<p>&nbsp;<\/p>\n<p>[\/et_pb_text][\/et_pb_column][\/et_pb_row][et_pb_row _builder_version=\u00a0\u00bb4.27.6&Prime; _module_preset=\u00a0\u00bbdefault\u00a0\u00bb global_colors_info=\u00a0\u00bb{}\u00a0\u00bb][et_pb_column type=\u00a0\u00bb4_4&Prime; _builder_version=\u00a0\u00bb4.27.6&Prime; _module_preset=\u00a0\u00bbdefault\u00a0\u00bb global_colors_info=\u00a0\u00bb{}\u00a0\u00bb][et_pb_divider color=\u00a0\u00bb#5A5B5D\u00a0\u00bb _builder_version=\u00a0\u00bb4.27.6&Prime; _module_preset=\u00a0\u00bbdefault\u00a0\u00bb width=\u00a0\u00bb68%\u00a0\u00bb module_alignment=\u00a0\u00bbcenter\u00a0\u00bb global_colors_info=\u00a0\u00bb{}\u00a0\u00bb][\/et_pb_divider][\/et_pb_column][\/et_pb_row][\/et_pb_section][et_pb_section fb_built=\u00a0\u00bb1&Prime; module_id=\u00a0\u00bbscroll\u00a0\u00bb _builder_version=\u00a0\u00bb4.16&Prime; z_index=\u00a0\u00bb1&Prime; custom_padding=\u00a0\u00bb0px||0px|||\u00a0\u00bb bottom_divider_style=\u00a0\u00bbcurve\u00a0\u00bb bottom_divider_color=\u00a0\u00bb#ffffff\u00a0\u00bb bottom_divider_height=\u00a0\u00bb175px\u00a0\u00bb global_colors_info=\u00a0\u00bb{}\u00a0\u00bb][et_pb_row column_structure=\u00a0\u00bb2_5,3_5&Prime; _builder_version=\u00a0\u00bb4.27.4&Prime; min_height=\u00a0\u00bb320.8px\u00a0\u00bb custom_margin=\u00a0\u00bb44px|auto|4px|auto|false|true\u00a0\u00bb custom_padding=\u00a0\u00bb0px||0px||false|false\u00a0\u00bb global_colors_info=\u00a0\u00bb{}\u00a0\u00bb][et_pb_column type=\u00a0\u00bb2_5&Prime; _builder_version=\u00a0\u00bb4.16&Prime; global_colors_info=\u00a0\u00bb{}\u00a0\u00bb][et_pb_image src=\u00a0\u00bbhttps:\/\/yesmontreal.ca\/wp-content\/uploads\/Yes-MTL-Arts-Confrence-2024-9345-1.jpg\u00a0\u00bb title_text=\u00a0\u00bbYes-MTL-Arts-Confrence-2024-9345&Prime; _builder_version=\u00a0\u00bb4.27.6&Prime; _module_preset=\u00a0\u00bbdefault\u00a0\u00bb custom_margin=\u00a0\u00bb||32px|||\u00a0\u00bb custom_padding=\u00a0\u00bb|||0px||\u00a0\u00bb border_radii=\u00a0\u00bbon|20px|20px|20px|20px\u00a0\u00bb global_colors_info=\u00a0\u00bb{}\u00a0\u00bb][\/et_pb_image][\/et_pb_column][et_pb_column type=\u00a0\u00bb3_5&Prime; _builder_version=\u00a0\u00bb4.16&Prime; custom_css_main_element=\u00a0\u00bbmargin: auto;\u00a0\u00bb global_colors_info=\u00a0\u00bb{}\u00a0\u00bb][et_pb_text _builder_version=\u00a0\u00bb4.26.0&Prime; text_font=\u00a0\u00bb||||||||\u00a0\u00bb header_font=\u00a0\u00bb||||||||\u00a0\u00bb header_2_font=\u00a0\u00bb||||||||\u00a0\u00bb header_3_font=\u00a0\u00bb||||||||\u00a0\u00bb header_3_font_size=\u00a0\u00bb40px\u00a0\u00bb header_5_font=\u00a0\u00bb||||||||\u00a0\u00bb width_tablet=\u00a0\u00bb\u00a0\u00bb width_phone=\u00a0\u00bb100%\u00a0\u00bb width_last_edited=\u00a0\u00bbon|desktop\u00a0\u00bb max_width=\u00a0\u00bb100%\u00a0\u00bb module_alignment=\u00a0\u00bbcenter\u00a0\u00bb custom_margin=\u00a0\u00bb||10px\u00a0\u00bb custom_padding=\u00a0\u00bb19px|||||\u00a0\u00bb global_colors_info=\u00a0\u00bb{}\u00a0\u00bb]<\/p>\n<h3>Faits et chiffres cl\u00e9s<\/h3>\n<p>[\/et_pb_text][et_pb_text _builder_version=\u00a0\u00bb4.25.2&Prime; text_font=\u00a0\u00bb||||||||\u00a0\u00bb text_text_color=\u00a0\u00bb#262626&Prime; header_6_font_size=\u00a0\u00bb12px\u00a0\u00bb module_alignment=\u00a0\u00bbcenter\u00a0\u00bb custom_margin=\u00a0\u00bb||23px|||\u00a0\u00bb custom_padding=\u00a0\u00bb2px||0px|||\u00a0\u00bb global_colors_info=\u00a0\u00bb{}\u00a0\u00bb width__hover_enabled=\u00a0\u00bbon\u00a0\u00bb]<\/p>\n<p>Nous sommes fiers d&rsquo;offrir un lieu dynamique o\u00f9 les artistes en devenir et les artistes confirm\u00e9s se rencontrent, partagent leurs exp\u00e9riences et, surtout, s&rsquo;inspirent. Au fil des ans&#8230; <\/p>\n<ul>\n<li>Plus de <strong>3 700<\/strong> personnes ont particip\u00e9 \u00e0 plus de <strong>22<\/strong> conf\u00e9rences couronn\u00e9es de succ\u00e8s.<\/li>\n<li><strong>329<\/strong> orateurs ont particip\u00e9 et ont partag\u00e9 leurs histoires, leurs exp\u00e9riences et leurs conseils<\/li>\n<li>D&rsquo;innombrables liens ont \u00e9t\u00e9 \u00e9tablis entre les artistes qu\u00e9b\u00e9cois<\/li>\n<\/ul>\n<p><span data-contrast=\"auto\" xml:lang=\"EN-US\" lang=\"EN-US\" class=\"TextRun SCXW191522138 BCX0\"><span class=\"NormalTextRun SCXW191522138 BCX0\"><\/span><\/span><\/p>\n<p>[\/et_pb_text][\/et_pb_column][\/et_pb_row][et_pb_row column_structure=\u00a0\u00bb3_5,2_5&Prime; _builder_version=\u00a0\u00bb4.25.2&Prime; _module_preset=\u00a0\u00bbdefault\u00a0\u00bb global_colors_info=\u00a0\u00bb{}\u00a0\u00bb][et_pb_column type=\u00a0\u00bb3_5&Prime; _builder_version=\u00a0\u00bb4.25.2&Prime; _module_preset=\u00a0\u00bbdefault\u00a0\u00bb global_colors_info=\u00a0\u00bb{}\u00a0\u00bb][et_pb_heading title=\u00a0\u00bbCe que vous gagnerez en participant\u00a0\u00bb _builder_version=\u00a0\u00bb4.27.6&Prime; _module_preset=\u00a0\u00bbdefault\u00a0\u00bb title_font=\u00a0\u00bb||||||||\u00a0\u00bb title_font_size=\u00a0\u00bb40px\u00a0\u00bb custom_margin=\u00a0\u00bb-1px||10px||false|false\u00a0\u00bb custom_padding=\u00a0\u00bb5px||0px||false|false\u00a0\u00bb global_colors_info=\u00a0\u00bb{}\u00a0\u00bb][\/et_pb_heading][et_pb_text _builder_version=\u00a0\u00bb4.25.2&Prime; _module_preset=\u00a0\u00bbdefault\u00a0\u00bb global_colors_info=\u00a0\u00bb{}\u00a0\u00bb]<\/p>\n<ul data-editing-info=\"{\"orderedStyleType\":1,\"unorderedStyleType\":1}\">\n<li data-ogsc=\"black\">\n<div data-ogsc=\"black\"><span style=\"color: #262626;\">Rencontrez <b>d <\/b>&lsquo;autres artistes dans l&rsquo;\u00e9cosyst\u00e8me artistique dynamique du Qu\u00e9bec gr\u00e2ce \u00e0 des activit\u00e9s de r\u00e9seautage interactives !<\/span><\/div>\n<\/li>\n<li data-ogsc=\"black\">\n<div data-ogsc=\"black\"><span style=\"color: #262626;\"><b>\u00c9coutez les <\/b>id\u00e9es pr\u00e9cieuses d&rsquo;artistes qu\u00e9b\u00e9cois gr\u00e2ce \u00e0 des tables rondes et \u00e0 un conf\u00e9rencier d&rsquo;honneur !<\/span><\/div>\n<\/li>\n<li data-ogsc=\"black\">\n<div data-ogsc=\"black\"><span style=\"color: #262626;\"><b>Apprenez des<\/b> trucs et astuces essentiels pour d\u00e9velopper vos comp\u00e9tences entrepreneuriales en tant qu&rsquo;artiste !<\/span><\/div>\n<\/li>\n<li data-ogsc=\"black\">\n<div data-ogsc=\"black\"><span style=\"color: #262626;\"><b>Faites<\/b> partie d&rsquo;une communaut\u00e9 de soutien qui se consacre \u00e0 l&rsquo;\u00e9panouissement artistique.<\/span><\/div>\n<\/li>\n<\/ul>\n<p>[\/et_pb_text][\/et_pb_column][et_pb_column type=\u00a0\u00bb2_5&Prime; _builder_version=\u00a0\u00bb4.25.2&Prime; _module_preset=\u00a0\u00bbdefault\u00a0\u00bb global_colors_info=\u00a0\u00bb{}\u00a0\u00bb][et_pb_image src=\u00a0\u00bbhttps:\/\/yesmontreal.ca\/wp-content\/uploads\/TheSelfie_TamPhotgraphy-1-scaled.jpeg\u00a0\u00bb title_text=\u00a0\u00bbTheSelfie_TamPhotgraphy (1)\u00a0\u00bb _builder_version=\u00a0\u00bb4.27.6&Prime; _module_preset=\u00a0\u00bbdefault\u00a0\u00bb custom_margin=\u00a0\u00bb10px||-53px|||\u00a0\u00bb custom_padding=\u00a0\u00bb0px||0px|||\u00a0\u00bb border_radii=\u00a0\u00bbon|20px|20px|20px|20px\u00a0\u00bb global_colors_info=\u00a0\u00bb{}\u00a0\u00bb][\/et_pb_image][\/et_pb_column][\/et_pb_row][et_pb_row column_structure=\u00a0\u00bb1_2,1_2&Prime; _builder_version=\u00a0\u00bb4.25.2&Prime; _module_preset=\u00a0\u00bbdefault\u00a0\u00bb background_color=\u00a0\u00bb#f2f2f2&Prime; width=\u00a0\u00bb100%\u00a0\u00bb max_width=\u00a0\u00bb2560px\u00a0\u00bb module_alignment=\u00a0\u00bbcenter\u00a0\u00bb custom_margin=\u00a0\u00bb44px|0px|44px|0px|false|false\u00a0\u00bb custom_padding=\u00a0\u00bb44px|95px|44px|95px|true|true\u00a0\u00bb global_colors_info=\u00a0\u00bb{}\u00a0\u00bb][et_pb_column type=\u00a0\u00bb1_2&Prime; _builder_version=\u00a0\u00bb4.25.1&Prime; _module_preset=\u00a0\u00bbdefault\u00a0\u00bb global_colors_info=\u00a0\u00bb{}\u00a0\u00bb][et_pb_testimonial author=\u00a0\u00bbVictoria Sanchez\u00a0\u00bb job_title=\u00a0\u00bb Actrice\/cin\u00e9aste et conf\u00e9renci\u00e8re d\u2019honneur\u00a0\u00bb portrait_url=\u00a0\u00bbhttps:\/\/yesmontreal.ca\/wp-content\/uploads\/Cropped_Image-1.png\u00a0\u00bb quote_icon_color=\u00a0\u00bb#262626&Prime; _builder_version=\u00a0\u00bb4.25.2&Prime; _module_preset=\u00a0\u00bbdefault\u00a0\u00bb body_text_color=\u00a0\u00bb#262626&Prime; author_text_color=\u00a0\u00bb#262626&Prime; position_text_color=\u00a0\u00bb#262626&Prime; box_shadow_style=\u00a0\u00bbpreset2&Prime; box_shadow_blur=\u00a0\u00bb15px\u00a0\u00bb box_shadow_spread=\u00a0\u00bb-5px\u00a0\u00bb global_colors_info=\u00a0\u00bb{}\u00a0\u00bb]<\/p>\n<p>J&rsquo;ai beaucoup appr\u00e9ci\u00e9 cette exp\u00e9rience et j&rsquo;ai \u00e9cout\u00e9 tous les autres merveilleux pan\u00e9listes. Nous avons une merveilleuse communaut\u00e9 d&rsquo;artistes ici, et c&rsquo;est merveilleux ce que fait toute l&rsquo;\u00e9quipe de YES Montreal. <\/p>\n<p>[\/et_pb_testimonial][et_pb_testimonial author=\u00a0\u00bbCara Carmina \u00a0\u00bb job_title=\u00a0\u00bbIllustratrice et pan\u00e9liste\u00a0\u00bb portrait_url=\u00a0\u00bbhttps:\/\/yesmontreal.ca\/wp-content\/uploads\/Cropped_Image-1-1.png\u00a0\u00bb quote_icon_color=\u00a0\u00bb#262626&Prime; _builder_version=\u00a0\u00bb4.25.1&Prime; _module_preset=\u00a0\u00bbdefault\u00a0\u00bb body_text_color=\u00a0\u00bb#262626&Prime; author_text_color=\u00a0\u00bb#262626&Prime; position_text_color=\u00a0\u00bb#262626&Prime; box_shadow_style=\u00a0\u00bbpreset2&Prime; box_shadow_blur=\u00a0\u00bb15px\u00a0\u00bb box_shadow_spread=\u00a0\u00bb-5px\u00a0\u00bb global_colors_info=\u00a0\u00bb{}\u00a0\u00bb]<\/p>\n<p><span class=\"NormalTextRun SCXW12015618 BCX0\">Je tenais \u00e0 vous remercier de m&rsquo;avoir invit\u00e9e \u00e0 participer \u00e0 votre conf\u00e9rence aujourd&rsquo;hui ! It was <\/span><span class=\"NormalTextRun SCXW12015618 BCX0\">un grand plaisir<\/span><span class=\"NormalTextRun SCXW12015618 BCX0\"> et je me sens privil\u00e9gi\u00e9e de pouvoir rendre la pareille \u00e0 <\/span><span class=\"NormalTextRun SCXW12015618 BCX0\">vous<\/span><span class=\"NormalTextRun SCXW12015618 BCX0\"> car vous m&rsquo;avez beaucoup apport\u00e9 au d\u00e9but de mon parcours \u00e0 Montr\u00e9al. J&rsquo;ai ador\u00e9 y participer !<\/span><\/p>\n<p>[\/et_pb_testimonial][\/et_pb_column][et_pb_column type=\u00a0\u00bb1_2&Prime; _builder_version=\u00a0\u00bb4.25.1&Prime; _module_preset=\u00a0\u00bbdefault\u00a0\u00bb global_colors_info=\u00a0\u00bb{}\u00a0\u00bb][et_pb_testimonial author=\u00a0\u00bbStephen Voyce \u00a0\u00bb job_title=\u00a0\u00bbArtiste interpr\u00e8te et pan\u00e9liste\u00a0\u00bb portrait_url=\u00a0\u00bbhttps:\/\/yesmontreal.ca\/wp-content\/uploads\/Cropped_Image-2.png\u00a0\u00bb quote_icon_color=\u00a0\u00bb#262626&Prime; _builder_version=\u00a0\u00bb4.25.2&Prime; _module_preset=\u00a0\u00bbdefault\u00a0\u00bb body_text_color=\u00a0\u00bb#262626&Prime; author_text_color=\u00a0\u00bb#262626&Prime; position_text_color=\u00a0\u00bb#262626&Prime; box_shadow_style=\u00a0\u00bbpreset2&Prime; box_shadow_blur=\u00a0\u00bb15px\u00a0\u00bb box_shadow_spread=\u00a0\u00bb-5px\u00a0\u00bb global_colors_info=\u00a0\u00bb{}\u00a0\u00bb]<\/p>\n<p><span class=\"NormalTextRun SCXW232810816 BCX0\">Merci encore de m&rsquo;avoir invit\u00e9e aujourd&rsquo;hui \u00e0 participer au panel. <\/span><span class=\"NormalTextRun AdvancedProofingIssueV2Themed SCXW232810816 BCX0\">tr\u00e8s amusant<\/span><span class=\"NormalTextRun SCXW232810816 BCX0\">. C&rsquo;\u00e9tait merveilleux d&rsquo;\u00eatre entour\u00e9 de tant d&rsquo;\u00eatres merveilleux.<\/span><\/p>\n<p>[\/et_pb_testimonial][et_pb_testimonial author=\u00a0\u00bbLuis Valoyes\u00a0\u00bb job_title=\u00a0\u00bbClient artiste de YES et b\u00e9n\u00e9vole \u00e0 la conf\u00e9rence\u00a0\u00bb portrait_url=\u00a0\u00bbhttps:\/\/yesmontreal.ca\/wp-content\/uploads\/Yes-MTL-Arts-Confrence-2024-9463-1.jpg\u00a0\u00bb quote_icon_color=\u00a0\u00bb#262626&Prime; _builder_version=\u00a0\u00bb4.25.2&Prime; _module_preset=\u00a0\u00bbdefault\u00a0\u00bb body_text_color=\u00a0\u00bb#262626&Prime; author_text_color=\u00a0\u00bb#262626&Prime; position_text_color=\u00a0\u00bb#262626&Prime; box_shadow_style=\u00a0\u00bbpreset2&Prime; box_shadow_blur=\u00a0\u00bb15px\u00a0\u00bb box_shadow_spread=\u00a0\u00bb-5px\u00a0\u00bb global_colors_info=\u00a0\u00bb{}\u00a0\u00bb]<\/p>\n<p><span class=\"NormalTextRun SCXW150606310 BCX0\">La conf\u00e9rence \u00e9tait formidable, tr\u00e8s inspirante, et il est incroyable de voir combien de vies de personnes cr\u00e9atives ont \u00e9t\u00e9 touch\u00e9es par le travail de YES. M\u00eame si <\/span><span class=\"NormalTextRun SCXW150606310 BCX0\">Je ne suis pas encore tr\u00e8s dou\u00e9e pour le r\u00e9seautage.<\/span><span class=\"NormalTextRun SCXW150606310 BCX0\"> pas encore tr\u00e8s dou\u00e9e pour le r\u00e9seautage, j&rsquo;ai rencontr\u00e9 quelques personnes sympathiques, j&rsquo;ai distribu\u00e9 quelques cartes de visite et je suis repartie avec le sentiment de faire partie d&rsquo;une communaut\u00e9. <\/span><span class=\"NormalTextRun AdvancedProofingIssueV2Themed SCXW150606310 BCX0\">Je suis vraiment heureuse d&rsquo;avoir \u00e9t\u00e9 l\u00e0.<\/span><\/p>\n<p>[\/et_pb_testimonial][\/et_pb_column][\/et_pb_row][et_pb_row column_structure=\u00a0\u00bb2_5,3_5&Prime; _builder_version=\u00a0\u00bb4.25.1&Prime; min_height=\u00a0\u00bb320.8px\u00a0\u00bb custom_margin=\u00a0\u00bb0px|auto||auto|false|false\u00a0\u00bb custom_padding=\u00a0\u00bb0px||44px||false|false\u00a0\u00bb global_colors_info=\u00a0\u00bb{}\u00a0\u00bb][et_pb_column type=\u00a0\u00bb2_5&Prime; _builder_version=\u00a0\u00bb4.16&Prime; global_colors_info=\u00a0\u00bb{}\u00a0\u00bb][et_pb_image src=\u00a0\u00bbhttps:\/\/yesmontreal.ca\/wp-content\/uploads\/Yes-MTL-Arts-Confrence-2024-9394.jpg\u00a0\u00bb title_text=\u00a0\u00bbYes-MTL-Arts-Confrence-2024-9394&Prime; _builder_version=\u00a0\u00bb4.27.6&Prime; _module_preset=\u00a0\u00bbdefault\u00a0\u00bb border_radii=\u00a0\u00bbon|20px|20px|20px|20px\u00a0\u00bb global_colors_info=\u00a0\u00bb{}\u00a0\u00bb][\/et_pb_image][\/et_pb_column][et_pb_column type=\u00a0\u00bb3_5&Prime; _builder_version=\u00a0\u00bb4.16&Prime; custom_css_main_element=\u00a0\u00bbmargin: auto;\u00a0\u00bb global_colors_info=\u00a0\u00bb{}\u00a0\u00bb][et_pb_text _builder_version=\u00a0\u00bb4.27.6&Prime; text_font=\u00a0\u00bb||||||||\u00a0\u00bb header_font=\u00a0\u00bb||||||||\u00a0\u00bb header_2_font=\u00a0\u00bb||||||||\u00a0\u00bb header_3_font=\u00a0\u00bb||||||||\u00a0\u00bb header_3_font_size=\u00a0\u00bb40px\u00a0\u00bb header_5_font=\u00a0\u00bb||||||||\u00a0\u00bb width_tablet=\u00a0\u00bb\u00a0\u00bb width_phone=\u00a0\u00bb100%\u00a0\u00bb width_last_edited=\u00a0\u00bbon|desktop\u00a0\u00bb max_width=\u00a0\u00bb100%\u00a0\u00bb module_alignment=\u00a0\u00bbcenter\u00a0\u00bb custom_margin=\u00a0\u00bb||10px\u00a0\u00bb custom_padding=\u00a0\u00bb24px|||||\u00a0\u00bb global_colors_info=\u00a0\u00bb{}\u00a0\u00bb]<\/p>\n<h3>Anciens orateurs invit\u00e9s<\/h3>\n<p>[\/et_pb_text][et_pb_text _builder_version=\u00a0\u00bb4.26.0&Prime; text_font=\u00a0\u00bb||||||||\u00a0\u00bb text_text_color=\u00a0\u00bb#262626&Prime; header_text_color=\u00a0\u00bb#262626&Prime; header_6_font_size=\u00a0\u00bb12px\u00a0\u00bb module_alignment=\u00a0\u00bbcenter\u00a0\u00bb custom_margin=\u00a0\u00bb||23px|||\u00a0\u00bb custom_padding=\u00a0\u00bb0px||0px|||\u00a0\u00bb global_colors_info=\u00a0\u00bb{}\u00a0\u00bb width__hover_enabled=\u00a0\u00bbon\u00a0\u00bb]<\/p>\n<p><span style=\"font-size: 17px;\">Nous nous effor\u00e7ons de pr\u00e9senter un large \u00e9ventail d&rsquo;orateurs exp\u00e9riment\u00e9s afin d&rsquo;offrir \u00e0 nos invit\u00e9s une exp\u00e9rience riche et diversifi\u00e9e. Parmi les conf\u00e9renciers les plus connus, citons <\/span><span style=\"font-size: 17px;\"><\/span><\/p>\n<p><span style=\"font-size: 17px;\"><\/span><\/p>\n<ul>\n<li data-leveltext=\"\uf0b7\" data-font=\"Symbol\" data-listid=\"3\" data-list-defn-props=\"{\"335552541\":1,\"335559685\":720,\"335559991\":360,\"469769226\":\"Symbol\",\"469769242\":[8226],\"469777803\":\"left\",\"469777804\":\"\uf0b7\",\"469777815\":\"hybridMultilevel\"}\" aria-setsize=\"-1\" data-aria-posinset=\"7\" data-aria-level=\"1\"><span style=\"color: #262626;\"><span style=\"color: #3366ff;\"><a href=\"https:\/\/www.davidusher.com\/\" style=\"color: #3366ff;\" target=\"_blank\" rel=\"noopener\">David Usher<\/a><\/span> (artist, bestselling author, and founder of Reimagine AI) <\/span><\/li>\n<li data-leveltext=\"\uf0b7\" data-font=\"Symbol\" data-listid=\"3\" data-list-defn-props=\"{\"335552541\":1,\"335559685\":720,\"335559991\":360,\"469769226\":\"Symbol\",\"469769242\":[8226],\"469777803\":\"left\",\"469777804\":\"\uf0b7\",\"469777815\":\"hybridMultilevel\"}\" aria-setsize=\"-1\" data-aria-posinset=\"8\" data-aria-level=\"1\"><span style=\"color: #262626;\"><a href=\"https:\/\/kidkoala.com\/\" style=\"color: #262626;\" target=\"_blank\" rel=\"noopener\"><span style=\"color: #3366ff;\">Kid Koala<\/span><\/a> (scratch DJ, music producer, theatre producer, film composer) <\/span><\/li>\n<li data-leveltext=\"\uf0b7\" data-font=\"Symbol\" data-listid=\"3\" data-list-defn-props=\"{\"335552541\":1,\"335559685\":720,\"335559991\":360,\"469769226\":\"Symbol\",\"469769242\":[8226],\"469777803\":\"left\",\"469777804\":\"\uf0b7\",\"469777815\":\"hybridMultilevel\"}\" aria-setsize=\"-1\" data-aria-posinset=\"9\" data-aria-level=\"1\"><span style=\"color: #262626;\"><a href=\"https:\/\/www.thecanadianencyclopedia.ca\/en\/article\/kevin-tierney\" style=\"color: #262626;\" target=\"_blank\" rel=\"noopener\"><span style=\"color: #3366ff;\">Kevin Tierney<\/span><\/a> (film producer) <\/span><\/li>\n<li data-leveltext=\"\uf0b7\" data-font=\"Symbol\" data-listid=\"3\" data-list-defn-props=\"{\"335552541\":1,\"335559685\":720,\"335559991\":360,\"469769226\":\"Symbol\",\"469769242\":[8226],\"469777803\":\"left\",\"469777804\":\"\uf0b7\",\"469777815\":\"hybridMultilevel\"}\" aria-setsize=\"-1\" data-aria-posinset=\"10\" data-aria-level=\"1\"><span style=\"color: #262626;\"><a href=\"https:\/\/en.wikipedia.org\/wiki\/Steve_Galluccio\" style=\"color: #262626;\" target=\"_blank\" rel=\"noopener\"><span style=\"color: #3366ff;\">Steve Galluccio<\/span><\/a> (sc\u00e9nariste et dramaturge)<\/span><\/li>\n<li data-leveltext=\"\uf0b7\" data-font=\"Symbol\" data-listid=\"4\" data-list-defn-props=\"{\"335552541\":1,\"335559685\":720,\"335559991\":360,\"469769226\":\"Symbol\",\"469769242\":[8226],\"469777803\":\"left\",\"469777804\":\"\uf0b7\",\"469777815\":\"hybridMultilevel\"}\" aria-setsize=\"-1\" data-aria-posinset=\"1\" data-aria-level=\"1\"><span data-contrast=\"none\" style=\"color: #262626;\"><span style=\"color: #3366ff;\"><a href=\"https:\/\/en.wikipedia.org\/wiki\/Yann_Martel\" style=\"color: #3366ff;\" target=\"_blank\" rel=\"noopener\">Yann Martel<\/a><\/span> (auteur du roman Life of Pi, laur\u00e9at du Man Booker Prize)<\/span><\/li>\n<li data-leveltext=\"\uf0b7\" data-font=\"Symbol\" data-listid=\"4\" data-list-defn-props=\"{\"335552541\":1,\"335559685\":720,\"335559991\":360,\"469769226\":\"Symbol\",\"469769242\":[8226],\"469777803\":\"left\",\"469777804\":\"\uf0b7\",\"469777815\":\"hybridMultilevel\"}\" aria-setsize=\"-1\" data-aria-posinset=\"2\" data-aria-level=\"1\"><span style=\"color: #262626;\"><span style=\"color: #3366ff;\"><a href=\"https:\/\/www.lorraineklaasen.com\/\" style=\"color: #3366ff;\" target=\"_blank\" rel=\"noopener\">Lorraine Klaasen<\/a><\/span> (world music singer) <\/span><\/li>\n<li data-leveltext=\"\uf0b7\" data-font=\"Symbol\" data-listid=\"4\" data-list-defn-props=\"{\"335552541\":1,\"335559685\":720,\"335559991\":360,\"469769226\":\"Symbol\",\"469769242\":[8226],\"469777803\":\"left\",\"469777804\":\"\uf0b7\",\"469777815\":\"hybridMultilevel\"}\" aria-setsize=\"-1\" data-aria-posinset=\"3\" data-aria-level=\"1\"><span style=\"color: #262626;\"><a href=\"https:\/\/canadianmusichalloffame.ca\/inductee\/oliver-jones\/\" style=\"color: #262626;\" target=\"_blank\" rel=\"noopener\"><span style=\"color: #3366ff;\">Oliver Jones<\/span><\/a><\/span><span data-contrast=\"none\"><span> (pianiste de jazz, organiste, compositeur et arrangeur)<\/span><\/span><a href=\"http:\/\/www.nativeimmigrant.com\/about\"><span data-contrast=\"none\"><span data-ccp-charstyle=\"Hyperlink\">)<\/span><\/span><\/a><span data-contrast=\"none\"><span>  <\/span><\/span><span data-ccp-props=\"{\"134233117\":false,\"134233118\":false,\"201341983\":1,\"335551550\":1,\"335551620\":1,\"335559737\":-20,\"335559738\":0,\"335559739\":0,\"335559740\":314}\"> <\/span><\/li>\n<li data-leveltext=\"\uf0b7\" data-font=\"Symbol\" data-listid=\"4\" data-list-defn-props=\"{\"335552541\":1,\"335559685\":720,\"335559991\":360,\"469769226\":\"Symbol\",\"469769242\":[8226],\"469777803\":\"left\",\"469777804\":\"\uf0b7\",\"469777815\":\"hybridMultilevel\"}\" aria-setsize=\"-1\" data-aria-posinset=\"4\" data-aria-level=\"1\"><span style=\"color: #0a0000;\"><a href=\"https:\/\/en.wikipedia.org\/wiki\/Andy_Nulman\" style=\"color: #0a0000;\" target=\"_blank\" rel=\"noopener\"><span style=\"color: #3366ff;\">Andy Nulman<\/span><\/a><\/span><span data-contrast=\"none\"><span> (cofondateur du festival Juste pour rire)<\/span><\/span><\/li>\n<\/ul>\n<p>[\/et_pb_text][\/et_pb_column][\/et_pb_row][et_pb_row _builder_version=\u00a0\u00bb4.25.2&Prime; _module_preset=\u00a0\u00bbdefault\u00a0\u00bb custom_margin=\u00a0\u00bb63px|auto||auto||\u00a0\u00bb custom_padding=\u00a0\u00bb0px||2px|||\u00a0\u00bb global_colors_info=\u00a0\u00bb{}\u00a0\u00bb][et_pb_column type=\u00a0\u00bb4_4&Prime; _builder_version=\u00a0\u00bb4.25.2&Prime; _module_preset=\u00a0\u00bbdefault\u00a0\u00bb global_colors_info=\u00a0\u00bb{}\u00a0\u00bb][et_pb_text _builder_version=\u00a0\u00bb4.27.6&Prime; _module_preset=\u00a0\u00bbdefault\u00a0\u00bb text_font_size=\u00a0\u00bb22px\u00a0\u00bb text_orientation=\u00a0\u00bbcenter\u00a0\u00bb global_colors_info=\u00a0\u00bb{}\u00a0\u00bb]<\/p>\n<p>Photos de <span style=\"color: #262626;\"><a href=\"https:\/\/eceestyle.com\/\" style=\"color: #262626;\" target=\"_blank\" rel=\"noopener\">Erica Steeves<\/a><\/span><\/p>\n<p>[\/et_pb_text][\/et_pb_column][\/et_pb_row][et_pb_row _builder_version=\u00a0\u00bb4.27.6&Prime; _module_preset=\u00a0\u00bbdefault\u00a0\u00bb min_height=\u00a0\u00bb67.9px\u00a0\u00bb global_colors_info=\u00a0\u00bb{}\u00a0\u00bb][et_pb_column type=\u00a0\u00bb4_4&Prime; _builder_version=\u00a0\u00bb4.27.6&Prime; _module_preset=\u00a0\u00bbdefault\u00a0\u00bb global_colors_info=\u00a0\u00bb{}\u00a0\u00bb][\/et_pb_column][\/et_pb_row][et_pb_row column_structure=\u00a0\u00bb1_2,1_2&Prime; _builder_version=\u00a0\u00bb4.27.6&Prime; _module_preset=\u00a0\u00bbdefault\u00a0\u00bb custom_padding=\u00a0\u00bb||0px|||\u00a0\u00bb global_colors_info=\u00a0\u00bb{}\u00a0\u00bb][et_pb_column type=\u00a0\u00bb1_2&Prime; _builder_version=\u00a0\u00bb4.27.6&Prime; _module_preset=\u00a0\u00bbdefault\u00a0\u00bb global_colors_info=\u00a0\u00bb{}\u00a0\u00bb][et_pb_text _builder_version=\u00a0\u00bb4.27.6&Prime; _module_preset=\u00a0\u00bbdefault\u00a0\u00bb global_colors_info=\u00a0\u00bb{}\u00a0\u00bb]<\/p>\n<p>\u00a0Avec le soutien de:<\/p>\n<p>&nbsp;<\/p>\n<p>&nbsp;<\/p>\n<p>[\/et_pb_text][\/et_pb_column][et_pb_column type=\u00a0\u00bb1_2&Prime; _builder_version=\u00a0\u00bb4.27.6&Prime; _module_preset=\u00a0\u00bbdefault\u00a0\u00bb global_colors_info=\u00a0\u00bb{}\u00a0\u00bb][et_pb_text _builder_version=\u00a0\u00bb4.27.6&Prime; _module_preset=\u00a0\u00bbdefault\u00a0\u00bb global_colors_info=\u00a0\u00bb{}\u00a0\u00bb]<\/p>\n<p><span>Partenaires m\u00e9dias:<\/span><\/p>\n<p>[\/et_pb_text][\/et_pb_column][\/et_pb_row][\/et_pb_section][et_pb_section fb_built=\u00a0\u00bb1&Prime; disabled_on=\u00a0\u00bbon|on|on\u00a0\u00bb _builder_version=\u00a0\u00bb4.16&Prime; use_background_color_gradient=\u00a0\u00bbon\u00a0\u00bb background_color_gradient_stops=\u00a0\u00bb#5a5b5d 45%|#ffffff 45%\u00a0\u00bb background_color_gradient_start=\u00a0\u00bb#5a5b5d\u00a0\u00bb background_color_gradient_start_position=\u00a0\u00bb45%\u00a0\u00bb background_color_gradient_end=\u00a0\u00bb#ffffff\u00a0\u00bb background_color_gradient_end_position=\u00a0\u00bb45%\u00a0\u00bb custom_padding=\u00a0\u00bb0px|||||\u00a0\u00bb background_last_edited=\u00a0\u00bbon|tablet\u00a0\u00bb background_color_gradient_start_position_tablet=\u00a0\u00bb25%\u00a0\u00bb background_color_gradient_end_position_tablet=\u00a0\u00bb25%\u00a0\u00bb disabled=\u00a0\u00bbon\u00a0\u00bb locked=\u00a0\u00bboff\u00a0\u00bb global_colors_info=\u00a0\u00bb{}\u00a0\u00bb][et_pb_row column_structure=\u00a0\u00bb3_5,2_5&Prime; _builder_version=\u00a0\u00bb4.16&Prime; custom_padding=\u00a0\u00bb70px|||||\u00a0\u00bb locked=\u00a0\u00bboff\u00a0\u00bb global_colors_info=\u00a0\u00bb{}\u00a0\u00bb][et_pb_column type=\u00a0\u00bb3_5&Prime; _builder_version=\u00a0\u00bb4.16&Prime; global_colors_info=\u00a0\u00bb{}\u00a0\u00bb][et_pb_text _builder_version=\u00a0\u00bb4.16&Prime; text_font=\u00a0\u00bb||||||||\u00a0\u00bb header_font=\u00a0\u00bb||||||||\u00a0\u00bb header_2_font=\u00a0\u00bb||||||||\u00a0\u00bb header_3_font=\u00a0\u00bb|600|||||||\u00a0\u00bb header_5_font=\u00a0\u00bb||||||||\u00a0\u00bb background_layout=\u00a0\u00bbdark\u00a0\u00bb width_tablet=\u00a0\u00bb100%\u00a0\u00bb width_phone=\u00a0\u00bb100%\u00a0\u00bb width_last_edited=\u00a0\u00bbon|phone\u00a0\u00bb module_alignment=\u00a0\u00bbcenter\u00a0\u00bb custom_margin=\u00a0\u00bb||10px\u00a0\u00bb custom_margin_tablet=\u00a0\u00bb||0px|\u00a0\u00bb custom_margin_phone=\u00a0\u00bb||0px|\u00a0\u00bb custom_margin_last_edited=\u00a0\u00bbon|phone\u00a0\u00bb text_orientation_tablet=\u00a0\u00bbcenter\u00a0\u00bb text_orientation_phone=\u00a0\u00bb\u00a0\u00bb text_orientation_last_edited=\u00a0\u00bbon|tablet\u00a0\u00bb global_colors_info=\u00a0\u00bb{}\u00a0\u00bb]<\/p>\n<h3>Ateliers en vedette<\/h3>\n<p>[\/et_pb_text][\/et_pb_column][et_pb_column type=\u00a0\u00bb2_5&Prime; _builder_version=\u00a0\u00bb4.16&Prime; global_colors_info=\u00a0\u00bb{}\u00a0\u00bb][et_pb_button button_url=\u00a0\u00bbhttps:\/\/yesmontreal.ca\/fr\/artistes\/calendrier\/\u00a0\u00bb button_text=\u00a0\u00bbInscrivez-vous d\u00e8s aujourd&apos;hui !\u00a0\u00bb button_alignment=\u00a0\u00bbright\u00a0\u00bb button_alignment_tablet=\u00a0\u00bbcenter\u00a0\u00bb button_alignment_phone=\u00a0\u00bbcenter\u00a0\u00bb button_alignment_last_edited=\u00a0\u00bbon|phone\u00a0\u00bb _builder_version=\u00a0\u00bb4.16&Prime; custom_button=\u00a0\u00bbon\u00a0\u00bb button_text_color=\u00a0\u00bb#5A5B5D\u00a0\u00bb button_bg_color=\u00a0\u00bb#ffffff\u00a0\u00bb button_border_color=\u00a0\u00bb#4885ff\u00a0\u00bb button_font=\u00a0\u00bb||||||||\u00a0\u00bb button_use_icon=\u00a0\u00bboff\u00a0\u00bb custom_margin=\u00a0\u00bb1px|||||\u00a0\u00bb custom_margin_tablet=\u00a0\u00bb0px||\u00a0\u00bb custom_margin_phone=\u00a0\u00bb0px|||\u00a0\u00bb custom_margin_last_edited=\u00a0\u00bbon|phone\u00a0\u00bb custom_padding=\u00a0\u00bb13px|45px|13px|45px|true|true\u00a0\u00bb global_colors_info=\u00a0\u00bb{}\u00a0\u00bb][\/et_pb_button][\/et_pb_column][\/et_pb_row][et_pb_row column_structure=\u00a0\u00bb1_3,1_3,1_3&Prime; use_custom_gutter=\u00a0\u00bbon\u00a0\u00bb gutter_width=\u00a0\u00bb2&Prime; _builder_version=\u00a0\u00bb4.16&Prime; custom_padding=\u00a0\u00bb0%||60px||false|false\u00a0\u00bb global_colors_info=\u00a0\u00bb{}\u00a0\u00bb][et_pb_column type=\u00a0\u00bb1_3&Prime; _builder_version=\u00a0\u00bb4.16&Prime; global_colors_info=\u00a0\u00bb{}\u00a0\u00bb][et_pb_image src=\u00a0\u00bbhttp:\/\/yesmontreal.ca\/wp-content\/uploads\/Artists-JumpstartArt.jpg\u00a0\u00bb title_text=\u00a0\u00bbArtistes-JumpstartArt\u00a0\u00bb _builder_version=\u00a0\u00bb4.16&Prime; custom_margin_tablet=\u00a0\u00bb\u00a0\u00bb custom_margin_phone=\u00a0\u00bb20px||||false|false\u00a0\u00bb custom_margin_last_edited=\u00a0\u00bbon|phone\u00a0\u00bb border_radii=\u00a0\u00bbon|8px|8px|8px|8px\u00a0\u00bb box_shadow_style=\u00a0\u00bbpreset3&Prime; box_shadow_vertical=\u00a0\u00bb18px\u00a0\u00bb box_shadow_blur=\u00a0\u00bb70px\u00a0\u00bb box_shadow_color=\u00a0\u00bbrgba(0,0,0,0.2)\u00a0\u00bb global_colors_info=\u00a0\u00bb{}\u00a0\u00bb][\/et_pb_image][et_pb_text _builder_version=\u00a0\u00bb4.16&Prime; header_5_font=\u00a0\u00bb|700|||||||\u00a0\u00bb header_5_font_size=\u00a0\u00bb22px\u00a0\u00bb custom_margin=\u00a0\u00bb||0px\u00a0\u00bb custom_margin_tablet=\u00a0\u00bb\u00a0\u00bb custom_margin_phone=\u00a0\u00bb40px||||false|false\u00a0\u00bb custom_margin_last_edited=\u00a0\u00bbon|phone\u00a0\u00bb global_colors_info=\u00a0\u00bb{}\u00a0\u00bb]<\/p>\n<h5>D\u00e9marrage de votre art et options de financement<\/h5>\n<p>[\/et_pb_text][et_pb_text _builder_version=\u00a0\u00bb4.16&Prime; text_text_color=\u00a0\u00bb#5A5B5D\u00a0\u00bb custom_margin=\u00a0\u00bb||0px\u00a0\u00bb global_colors_info=\u00a0\u00bb{}\u00a0\u00bb]<\/p>\n<p>Cette s\u00e9ance d&rsquo;orientation pr\u00e9sente les services et les ressources disponibles pour les artistes \u00e0 YES et dans d&rsquo;autres organisations artistiques de la communaut\u00e9. Apprenez les \u00e9l\u00e9ments cl\u00e9s \u00e0 prendre en compte lors de la construction d&rsquo;une carri\u00e8re ou d&rsquo;une entreprise dans le domaine des arts. <\/p>\n<p>[\/et_pb_text][\/et_pb_column][et_pb_column type=\u00a0\u00bb1_3&Prime; _builder_version=\u00a0\u00bb4.16&Prime; global_colors_info=\u00a0\u00bb{}\u00a0\u00bb][et_pb_image src=\u00a0\u00bbhttp:\/\/yesmontreal.ca\/wp-content\/uploads\/Artists-PayYourBills-scaled.jpg\u00a0\u00bb title_text=\u00a0\u00bbArtistes-Payezvosfactures\u00a0\u00bb _builder_version=\u00a0\u00bb4.16&Prime; border_radii=\u00a0\u00bbon|8px|8px|8px|8px\u00a0\u00bb box_shadow_style=\u00a0\u00bbpreset3&Prime; box_shadow_vertical=\u00a0\u00bb18px\u00a0\u00bb box_shadow_blur=\u00a0\u00bb70px\u00a0\u00bb box_shadow_color=\u00a0\u00bbrgba(0,0,0,0.2)\u00a0\u00bb global_colors_info=\u00a0\u00bb{}\u00a0\u00bb][\/et_pb_image][et_pb_text _builder_version=\u00a0\u00bb4.16&Prime; header_5_font=\u00a0\u00bb|700|||||||\u00a0\u00bb header_5_font_size=\u00a0\u00bb22px\u00a0\u00bb custom_margin=\u00a0\u00bb||0px\u00a0\u00bb global_colors_info=\u00a0\u00bb{}\u00a0\u00bb]<\/p>\n<h5>Payez vos factures avec votre art !<\/h5>\n<p>[\/et_pb_text][et_pb_text _builder_version=\u00a0\u00bb4.16&Prime; text_text_color=\u00a0\u00bb#5A5B5D\u00a0\u00bb custom_margin=\u00a0\u00bb||0px\u00a0\u00bb global_colors_info=\u00a0\u00bb{}\u00a0\u00bb]<\/p>\n<p>Rejoignez-nous pour d\u00e9couvrir des strat\u00e9gies et des tactiques \u00e9prouv\u00e9es pour construire une marque et gagner un revenu en vendant votre art. Apprenez \u00e0 exploiter les m\u00e9dias sociaux, les galeries, les marchands d&rsquo;art et plus encore pour trouver un public plus large et d\u00e9velopper votre pratique. <\/p>\n<p>[\/et_pb_text][\/et_pb_column][et_pb_column type=\u00a0\u00bb1_3&Prime; _builder_version=\u00a0\u00bb4.16&Prime; global_colors_info=\u00a0\u00bb{}\u00a0\u00bb][et_pb_image src=\u00a0\u00bbhttp:\/\/yesmontreal.ca\/wp-content\/uploads\/Artists-FreelancingintheArtWorld.jpg\u00a0\u00bb title_text=\u00a0\u00bbArtistes-FreelancingintheArtWorld\u00a0\u00bb _builder_version=\u00a0\u00bb4.16&Prime; border_radii=\u00a0\u00bbon|8px|8px|8px|8px\u00a0\u00bb box_shadow_style=\u00a0\u00bbpreset3&Prime; box_shadow_vertical=\u00a0\u00bb18px\u00a0\u00bb box_shadow_blur=\u00a0\u00bb70px\u00a0\u00bb box_shadow_color=\u00a0\u00bbrgba(0,0,0,0.2)\u00a0\u00bb global_colors_info=\u00a0\u00bb{}\u00a0\u00bb][\/et_pb_image][et_pb_text _builder_version=\u00a0\u00bb4.16&Prime; header_5_font=\u00a0\u00bb|700|||||||\u00a0\u00bb header_5_font_size=\u00a0\u00bb22px\u00a0\u00bb custom_margin=\u00a0\u00bb||0px\u00a0\u00bb global_colors_info=\u00a0\u00bb{}\u00a0\u00bb]<\/p>\n<h5>Le freelancing dans le monde de l&rsquo;art : O\u00f9 et comment commencer<\/h5>\n<p>[\/et_pb_text][et_pb_text _builder_version=\u00a0\u00bb4.16&Prime; text_text_color=\u00a0\u00bb#5A5B5D\u00a0\u00bb custom_margin=\u00a0\u00bb||0px\u00a0\u00bb global_colors_info=\u00a0\u00bb{}\u00a0\u00bb]<\/p>\n<p>Cet atelier couvrira tous les aspects, depuis les \u00e9tapes de planification jusqu&rsquo;\u00e0 l&rsquo;obtention de votre premier contrat. Vous repartirez avec une compr\u00e9hension claire de la mani\u00e8re de construire des relations de r\u00e9seau, d&rsquo;approcher des clients potentiels et de remporter le contrat. <\/p>\n<p>[\/et_pb_text][\/et_pb_column][\/et_pb_row][\/et_pb_section][et_pb_section fb_built=\u00a0\u00bb1&Prime; _builder_version=\u00a0\u00bb4.16&Prime; _module_preset=\u00a0\u00bbdefault\u00a0\u00bb locked=\u00a0\u00bboff\u00a0\u00bb global_colors_info=\u00a0\u00bb{}\u00a0\u00bb][et_pb_row column_structure=\u00a0\u00bb1_3,1_3,1_3&Prime; _builder_version=\u00a0\u00bb4.27.6&Prime; _module_preset=\u00a0\u00bbdefault\u00a0\u00bb global_colors_info=\u00a0\u00bb{}\u00a0\u00bb][et_pb_column type=\u00a0\u00bb1_3&Prime; _builder_version=\u00a0\u00bb4.27.6&Prime; _module_preset=\u00a0\u00bbdefault\u00a0\u00bb global_colors_info=\u00a0\u00bb{}\u00a0\u00bb][et_pb_image src=\u00a0\u00bbhttps:\/\/yesmontreal.ca\/wp-content\/uploads\/Canada-logo.jpg\u00a0\u00bb title_text=\u00a0\u00bbCanada-logo\u00a0\u00bb url=\u00a0\u00bbhttps:\/\/www.canada.ca\/fr.html\u00a0\u00bb url_new_window=\u00a0\u00bbon\u00a0\u00bb _builder_version=\u00a0\u00bb4.27.6&Prime; _module_preset=\u00a0\u00bbdefault\u00a0\u00bb global_colors_info=\u00a0\u00bb{}\u00a0\u00bb][\/et_pb_image][\/et_pb_column][et_pb_column type=\u00a0\u00bb1_3&Prime; _builder_version=\u00a0\u00bb4.27.6&Prime; _module_preset=\u00a0\u00bbdefault\u00a0\u00bb global_colors_info=\u00a0\u00bb{}\u00a0\u00bb][et_pb_image src=\u00a0\u00bbhttps:\/\/yesmontreal.ca\/wp-content\/uploads\/Cult_MTL_logo.png\u00a0\u00bb title_text=\u00a0\u00bbCult_MTL_logo\u00a0\u00bb url=\u00a0\u00bbhttps:\/\/cultmtl.com\/\u00a0\u00bb url_new_window=\u00a0\u00bbon\u00a0\u00bb align=\u00a0\u00bbcenter\u00a0\u00bb _builder_version=\u00a0\u00bb4.27.6&Prime; _module_preset=\u00a0\u00bbdefault\u00a0\u00bb width=\u00a0\u00bb58%\u00a0\u00bb global_colors_info=\u00a0\u00bb{}\u00a0\u00bb][\/et_pb_image][\/et_pb_column][et_pb_column type=\u00a0\u00bb1_3&Prime; _builder_version=\u00a0\u00bb4.27.6&Prime; _module_preset=\u00a0\u00bbdefault\u00a0\u00bb global_colors_info=\u00a0\u00bb{}\u00a0\u00bb][et_pb_image src=\u00a0\u00bbhttps:\/\/yesmontreal.ca\/wp-content\/uploads\/GemCBCnews.png\u00a0\u00bb title_text=\u00a0\u00bbGemCBCnews\u00a0\u00bb url=\u00a0\u00bbhttps:\/\/www.cbc.ca\/\u00a0\u00bb url_new_window=\u00a0\u00bbon\u00a0\u00bb _builder_version=\u00a0\u00bb4.27.6&Prime; _module_preset=\u00a0\u00bbdefault\u00a0\u00bb global_colors_info=\u00a0\u00bb{}\u00a0\u00bb][\/et_pb_image][\/et_pb_column][\/et_pb_row][\/et_pb_section]<\/p>\n","protected":false},"excerpt":{"rendered":"<p>\u00ab Business Skills for Creative Souls \u00bb Conf\u00e9rence des artistesYES est l\u00e0 pour aider les artistes du Qu\u00e9bec \u00e0 s&rsquo;\u00e9panouir ! Que vous commenciez votre parcours cr\u00e9atif ou que vous [&hellip;]<\/p>\n","protected":false},"author":10,"featured_media":73545,"parent":86112,"menu_order":1,"comment_status":"closed","ping_status":"closed","template":"","meta":{"_et_pb_use_builder":"on","_et_pb_old_content":"","_et_gb_content_width":"","footnotes":""},"class_list":["post-85761","page","type-page","status-publish","has-post-thumbnail","hentry"],"yoast_head":"<!-- This site is optimized with the Yoast SEO plugin v28.4 - https:\/\/yoast.com\/product\/yoast-seo-wordpress\/ -->\n<title>Conf\u00e9rence des artistes YES : Business Skills for Creative Souls<\/title>\n<meta name=\"description\" content=\"Ne manquez pas la conf\u00e9rence Business Skills for Creative Souls Artists ! Cet \u00e9v\u00e9nement annuel permet aux artistes de tout le Qu\u00e9bec d&#039;acqu\u00e9rir les comp\u00e9tences entrepreneuriales essentielles \u00e0 une carri\u00e8re durable. Explorez les faits saillants des ann\u00e9es pr\u00e9c\u00e9dentes et restez au courant de l&#039;\u00e9v\u00e9nement de l&#039;ann\u00e9e prochaine !\" \/>\n<meta name=\"robots\" content=\"index, follow, max-snippet:-1, max-image-preview:large, max-video-preview:-1\" \/>\n<link rel=\"canonical\" href=\"https:\/\/yesmontreal.ca\/artists\/business-skills-for-creative-souls-artists-conference\/\" \/>\n<meta property=\"og:locale\" content=\"fr_FR\" \/>\n<meta property=\"og:type\" content=\"article\" \/>\n<meta property=\"og:title\" content=\"Conf\u00e9rence des artistes YES : Business Skills for Creative Souls\" \/>\n<meta property=\"og:description\" content=\"Ne manquez pas la conf\u00e9rence Business Skills for Creative Souls Artists ! Cet \u00e9v\u00e9nement annuel permet aux artistes de tout le Qu\u00e9bec d&#039;acqu\u00e9rir les comp\u00e9tences entrepreneuriales essentielles \u00e0 une carri\u00e8re durable. Explorez les faits saillants des ann\u00e9es pr\u00e9c\u00e9dentes et restez au courant de l&#039;\u00e9v\u00e9nement de l&#039;ann\u00e9e prochaine !\" \/>\n<meta property=\"og:url\" content=\"https:\/\/yesmontreal.ca\/artists\/business-skills-for-creative-souls-artists-conference\/\" \/>\n<meta property=\"og:site_name\" content=\"YES Employment and Entrepreneurship\" \/>\n<meta property=\"article:publisher\" content=\"https:\/\/www.facebook.com\/yes.montreal\" \/>\n<meta property=\"article:modified_time\" content=\"2026-04-27T15:34:27+00:00\" \/>\n<meta property=\"og:image\" content=\"https:\/\/yesmontreal.ca\/wp-content\/uploads\/Yes-MTL-Arts-Confrence-2024-9436.jpg\" \/>\n\t<meta property=\"og:image:width\" content=\"1024\" \/>\n\t<meta property=\"og:image:height\" content=\"682\" \/>\n\t<meta property=\"og:image:type\" content=\"image\/jpeg\" \/>\n<meta name=\"twitter:card\" content=\"summary_large_image\" \/>\n<meta name=\"twitter:site\" content=\"@YESMontreal\" \/>\n<meta name=\"twitter:label1\" content=\"Dur\u00e9e de lecture estim\u00e9e\" \/>\n\t<meta name=\"twitter:data1\" content=\"20 minutes\" \/>\n<script type=\"application\/ld+json\" class=\"yoast-schema-graph\">{\"@context\":\"https:\\\/\\\/schema.org\",\"@graph\":[{\"@type\":\"WebPage\",\"@id\":\"https:\\\/\\\/yesmontreal.ca\\\/artists\\\/business-skills-for-creative-souls-artists-conference\\\/\",\"url\":\"https:\\\/\\\/yesmontreal.ca\\\/artists\\\/business-skills-for-creative-souls-artists-conference\\\/\",\"name\":\"Conf\u00e9rence des artistes YES : Business Skills for Creative Souls\",\"isPartOf\":{\"@id\":\"https:\\\/\\\/yesmontreal.ca\\\/#website\"},\"primaryImageOfPage\":{\"@id\":\"https:\\\/\\\/yesmontreal.ca\\\/artists\\\/business-skills-for-creative-souls-artists-conference\\\/#primaryimage\"},\"image\":{\"@id\":\"https:\\\/\\\/yesmontreal.ca\\\/artists\\\/business-skills-for-creative-souls-artists-conference\\\/#primaryimage\"},\"thumbnailUrl\":\"https:\\\/\\\/yesmontreal.ca\\\/wp-content\\\/uploads\\\/Yes-MTL-Arts-Confrence-2024-9436.jpg\",\"datePublished\":\"2025-05-27T21:22:44+00:00\",\"dateModified\":\"2026-04-27T15:34:27+00:00\",\"description\":\"Ne manquez pas la conf\u00e9rence Business Skills for Creative Souls Artists ! Cet \u00e9v\u00e9nement annuel permet aux artistes de tout le Qu\u00e9bec d'acqu\u00e9rir les comp\u00e9tences entrepreneuriales essentielles \u00e0 une carri\u00e8re durable. Explorez les faits saillants des ann\u00e9es pr\u00e9c\u00e9dentes et restez au courant de l'\u00e9v\u00e9nement de l'ann\u00e9e prochaine !\",\"breadcrumb\":{\"@id\":\"https:\\\/\\\/yesmontreal.ca\\\/artists\\\/business-skills-for-creative-souls-artists-conference\\\/#breadcrumb\"},\"inLanguage\":\"fr-FR\",\"potentialAction\":[{\"@type\":\"ReadAction\",\"target\":[\"https:\\\/\\\/yesmontreal.ca\\\/artists\\\/business-skills-for-creative-souls-artists-conference\\\/\"]}]},{\"@type\":\"ImageObject\",\"inLanguage\":\"fr-FR\",\"@id\":\"https:\\\/\\\/yesmontreal.ca\\\/artists\\\/business-skills-for-creative-souls-artists-conference\\\/#primaryimage\",\"url\":\"https:\\\/\\\/yesmontreal.ca\\\/wp-content\\\/uploads\\\/Yes-MTL-Arts-Confrence-2024-9436.jpg\",\"contentUrl\":\"https:\\\/\\\/yesmontreal.ca\\\/wp-content\\\/uploads\\\/Yes-MTL-Arts-Confrence-2024-9436.jpg\",\"width\":1024,\"height\":682,\"caption\":\"artist conference Montreal, entrepreneurship for artists or creative professionals.\"},{\"@type\":\"BreadcrumbList\",\"@id\":\"https:\\\/\\\/yesmontreal.ca\\\/artists\\\/business-skills-for-creative-souls-artists-conference\\\/#breadcrumb\",\"itemListElement\":[{\"@type\":\"ListItem\",\"position\":1,\"name\":\"Home\",\"item\":\"https:\\\/\\\/yesmontreal.ca\\\/fr\\\/\"},{\"@type\":\"ListItem\",\"position\":2,\"name\":\"Artistes\",\"item\":\"https:\\\/\\\/yesmontreal.ca\\\/fr\\\/artistes\\\/\"},{\"@type\":\"ListItem\",\"position\":3,\"name\":\"Conf\u00e9rence d&#8217;artistes sur les comp\u00e9tences commerciales pour les \u00e2mes cr\u00e9atives\"}]},{\"@type\":\"WebSite\",\"@id\":\"https:\\\/\\\/yesmontreal.ca\\\/#website\",\"url\":\"https:\\\/\\\/yesmontreal.ca\\\/\",\"name\":\"YES Employment and Entrepreneurship\",\"description\":\"Free Employment and Entrepreneurship services in Quebec\",\"publisher\":{\"@id\":\"https:\\\/\\\/yesmontreal.ca\\\/#organization\"},\"potentialAction\":[{\"@type\":\"SearchAction\",\"target\":{\"@type\":\"EntryPoint\",\"urlTemplate\":\"https:\\\/\\\/yesmontreal.ca\\\/?s={search_term_string}\"},\"query-input\":{\"@type\":\"PropertyValueSpecification\",\"valueRequired\":true,\"valueName\":\"search_term_string\"}}],\"inLanguage\":\"fr-FR\"},{\"@type\":\"Organization\",\"@id\":\"https:\\\/\\\/yesmontreal.ca\\\/#organization\",\"name\":\"YES Employment + Entrepreneurship\",\"alternateName\":\"YES Montreal\",\"url\":\"https:\\\/\\\/yesmontreal.ca\\\/\",\"logo\":{\"@type\":\"ImageObject\",\"inLanguage\":\"fr-FR\",\"@id\":\"https:\\\/\\\/yesmontreal.ca\\\/#\\\/schema\\\/logo\\\/image\\\/\",\"url\":\"https:\\\/\\\/yesmontreal.ca\\\/wp-content\\\/uploads\\\/Screen-Shot-2021-03-04-at-2.59.30-PM.png\",\"contentUrl\":\"https:\\\/\\\/yesmontreal.ca\\\/wp-content\\\/uploads\\\/Screen-Shot-2021-03-04-at-2.59.30-PM.png\",\"width\":636,\"height\":308,\"caption\":\"YES Employment + Entrepreneurship\"},\"image\":{\"@id\":\"https:\\\/\\\/yesmontreal.ca\\\/#\\\/schema\\\/logo\\\/image\\\/\"},\"sameAs\":[\"https:\\\/\\\/www.facebook.com\\\/yes.montreal\",\"https:\\\/\\\/x.com\\\/YESMontreal\",\"https:\\\/\\\/www.instagram.com\\\/yesmontreal\\\/\",\"http:\\\/\\\/ca.linkedin.com\\\/in\\\/yesmontreal\",\"https:\\\/\\\/www.youtube.com\\\/user\\\/YESMontreal\"]}]}<\/script>\n<!-- \/ Yoast SEO plugin. -->","yoast_head_json":{"title":"Conf\u00e9rence des artistes YES : Business Skills for Creative Souls","description":"Ne manquez pas la conf\u00e9rence Business Skills for Creative Souls Artists ! Cet \u00e9v\u00e9nement annuel permet aux artistes de tout le Qu\u00e9bec d'acqu\u00e9rir les comp\u00e9tences entrepreneuriales essentielles \u00e0 une carri\u00e8re durable. Explorez les faits saillants des ann\u00e9es pr\u00e9c\u00e9dentes et restez au courant de l'\u00e9v\u00e9nement de l'ann\u00e9e prochaine !","robots":{"index":"index","follow":"follow","max-snippet":"max-snippet:-1","max-image-preview":"max-image-preview:large","max-video-preview":"max-video-preview:-1"},"canonical":"https:\/\/yesmontreal.ca\/artists\/business-skills-for-creative-souls-artists-conference\/","og_locale":"fr_FR","og_type":"article","og_title":"Conf\u00e9rence des artistes YES : Business Skills for Creative Souls","og_description":"Ne manquez pas la conf\u00e9rence Business Skills for Creative Souls Artists ! Cet \u00e9v\u00e9nement annuel permet aux artistes de tout le Qu\u00e9bec d'acqu\u00e9rir les comp\u00e9tences entrepreneuriales essentielles \u00e0 une carri\u00e8re durable. Explorez les faits saillants des ann\u00e9es pr\u00e9c\u00e9dentes et restez au courant de l'\u00e9v\u00e9nement de l'ann\u00e9e prochaine !","og_url":"https:\/\/yesmontreal.ca\/artists\/business-skills-for-creative-souls-artists-conference\/","og_site_name":"YES Employment and Entrepreneurship","article_publisher":"https:\/\/www.facebook.com\/yes.montreal","article_modified_time":"2026-04-27T15:34:27+00:00","og_image":[{"width":1024,"height":682,"url":"https:\/\/yesmontreal.ca\/wp-content\/uploads\/Yes-MTL-Arts-Confrence-2024-9436.jpg","type":"image\/jpeg"}],"twitter_card":"summary_large_image","twitter_site":"@YESMontreal","twitter_misc":{"Dur\u00e9e de lecture estim\u00e9e":"20 minutes"},"schema":{"@context":"https:\/\/schema.org","@graph":[{"@type":"WebPage","@id":"https:\/\/yesmontreal.ca\/artists\/business-skills-for-creative-souls-artists-conference\/","url":"https:\/\/yesmontreal.ca\/artists\/business-skills-for-creative-souls-artists-conference\/","name":"Conf\u00e9rence des artistes YES : Business Skills for Creative Souls","isPartOf":{"@id":"https:\/\/yesmontreal.ca\/#website"},"primaryImageOfPage":{"@id":"https:\/\/yesmontreal.ca\/artists\/business-skills-for-creative-souls-artists-conference\/#primaryimage"},"image":{"@id":"https:\/\/yesmontreal.ca\/artists\/business-skills-for-creative-souls-artists-conference\/#primaryimage"},"thumbnailUrl":"https:\/\/yesmontreal.ca\/wp-content\/uploads\/Yes-MTL-Arts-Confrence-2024-9436.jpg","datePublished":"2025-05-27T21:22:44+00:00","dateModified":"2026-04-27T15:34:27+00:00","description":"Ne manquez pas la conf\u00e9rence Business Skills for Creative Souls Artists ! Cet \u00e9v\u00e9nement annuel permet aux artistes de tout le Qu\u00e9bec d'acqu\u00e9rir les comp\u00e9tences entrepreneuriales essentielles \u00e0 une carri\u00e8re durable. Explorez les faits saillants des ann\u00e9es pr\u00e9c\u00e9dentes et restez au courant de l'\u00e9v\u00e9nement de l'ann\u00e9e prochaine !","breadcrumb":{"@id":"https:\/\/yesmontreal.ca\/artists\/business-skills-for-creative-souls-artists-conference\/#breadcrumb"},"inLanguage":"fr-FR","potentialAction":[{"@type":"ReadAction","target":["https:\/\/yesmontreal.ca\/artists\/business-skills-for-creative-souls-artists-conference\/"]}]},{"@type":"ImageObject","inLanguage":"fr-FR","@id":"https:\/\/yesmontreal.ca\/artists\/business-skills-for-creative-souls-artists-conference\/#primaryimage","url":"https:\/\/yesmontreal.ca\/wp-content\/uploads\/Yes-MTL-Arts-Confrence-2024-9436.jpg","contentUrl":"https:\/\/yesmontreal.ca\/wp-content\/uploads\/Yes-MTL-Arts-Confrence-2024-9436.jpg","width":1024,"height":682,"caption":"artist conference Montreal, entrepreneurship for artists or creative professionals."},{"@type":"BreadcrumbList","@id":"https:\/\/yesmontreal.ca\/artists\/business-skills-for-creative-souls-artists-conference\/#breadcrumb","itemListElement":[{"@type":"ListItem","position":1,"name":"Home","item":"https:\/\/yesmontreal.ca\/fr\/"},{"@type":"ListItem","position":2,"name":"Artistes","item":"https:\/\/yesmontreal.ca\/fr\/artistes\/"},{"@type":"ListItem","position":3,"name":"Conf\u00e9rence d&#8217;artistes sur les comp\u00e9tences commerciales pour les \u00e2mes cr\u00e9atives"}]},{"@type":"WebSite","@id":"https:\/\/yesmontreal.ca\/#website","url":"https:\/\/yesmontreal.ca\/","name":"YES Employment and Entrepreneurship","description":"Free Employment and Entrepreneurship services in Quebec","publisher":{"@id":"https:\/\/yesmontreal.ca\/#organization"},"potentialAction":[{"@type":"SearchAction","target":{"@type":"EntryPoint","urlTemplate":"https:\/\/yesmontreal.ca\/?s={search_term_string}"},"query-input":{"@type":"PropertyValueSpecification","valueRequired":true,"valueName":"search_term_string"}}],"inLanguage":"fr-FR"},{"@type":"Organization","@id":"https:\/\/yesmontreal.ca\/#organization","name":"YES Employment + Entrepreneurship","alternateName":"YES Montreal","url":"https:\/\/yesmontreal.ca\/","logo":{"@type":"ImageObject","inLanguage":"fr-FR","@id":"https:\/\/yesmontreal.ca\/#\/schema\/logo\/image\/","url":"https:\/\/yesmontreal.ca\/wp-content\/uploads\/Screen-Shot-2021-03-04-at-2.59.30-PM.png","contentUrl":"https:\/\/yesmontreal.ca\/wp-content\/uploads\/Screen-Shot-2021-03-04-at-2.59.30-PM.png","width":636,"height":308,"caption":"YES Employment + Entrepreneurship"},"image":{"@id":"https:\/\/yesmontreal.ca\/#\/schema\/logo\/image\/"},"sameAs":["https:\/\/www.facebook.com\/yes.montreal","https:\/\/x.com\/YESMontreal","https:\/\/www.instagram.com\/yesmontreal\/","http:\/\/ca.linkedin.com\/in\/yesmontreal","https:\/\/www.youtube.com\/user\/YESMontreal"]}]}},"_links":{"self":[{"href":"https:\/\/yesmontreal.ca\/fr\/wp-json\/wp\/v2\/pages\/85761","targetHints":{"allow":["GET"]}}],"collection":[{"href":"https:\/\/yesmontreal.ca\/fr\/wp-json\/wp\/v2\/pages"}],"about":[{"href":"https:\/\/yesmontreal.ca\/fr\/wp-json\/wp\/v2\/types\/page"}],"author":[{"embeddable":true,"href":"https:\/\/yesmontreal.ca\/fr\/wp-json\/wp\/v2\/users\/10"}],"replies":[{"embeddable":true,"href":"https:\/\/yesmontreal.ca\/fr\/wp-json\/wp\/v2\/comments?post=85761"}],"version-history":[{"count":0,"href":"https:\/\/yesmontreal.ca\/fr\/wp-json\/wp\/v2\/pages\/85761\/revisions"}],"up":[{"embeddable":true,"href":"https:\/\/yesmontreal.ca\/fr\/wp-json\/wp\/v2\/pages\/86112"}],"wp:featuredmedia":[{"embeddable":true,"href":"https:\/\/yesmontreal.ca\/fr\/wp-json\/wp\/v2\/media\/73545"}],"wp:attachment":[{"href":"https:\/\/yesmontreal.ca\/fr\/wp-json\/wp\/v2\/media?parent=85761"}],"curies":[{"name":"wp","href":"https:\/\/api.w.org\/{rel}","templated":true}]}}